
{"id":74577,"date":"2020-08-24T13:44:39","date_gmt":"2020-08-24T12:44:39","guid":{"rendered":"https:\/\/smeclimatehub.org\/politica-de-privacidad\/"},"modified":"2025-09-15T09:37:00","modified_gmt":"2025-09-15T08:37:00","slug":"politica-de-privacidad","status":"publish","type":"page","link":"https:\/\/smeclimatehub.org\/es\/politica-de-privacidad\/","title":{"rendered":"Pol\u00edtica de privacidad"},"content":{"rendered":"<section id=\"block-6513dd211eb9f\"  class=\"hero-section align-content-center bg-image default center-text\">\n\t<div class=\"container\">\n\t\t<div class=\"content\">\n\t\t\t<div class=\"text\">\n\t\t\t\t<div class=\"acf-innerblocks-container\">\n\n<h1 class=\"wp-block-heading\">Pol\u00edtica de privacidad<\/h1>\n\n\n\n<p>\u00daltima revisi\u00f3n: 15 de septiembre de 2025<\/p>\n\n<\/div>\t\t\t\t\t\t\t\t\t\t\t\t\t\t\t\t\t\t\t<\/div>\n\t\t\t\t\t\t\t\t\t\t\t\t\t<div class=\"background-image\">\n\t\t\t\t\t<img fetchpriority=\"high\" decoding=\"async\" width=\"2560\" height=\"747\" src=\"https:\/\/smeclimatehub.org\/wp-content\/uploads\/2024\/07\/Banner-tree-scaled.jpg\" class=\"attachment-full size-full\" alt=\"\" loading=\"eager\" srcset=\"https:\/\/smeclimatehub.org\/wp-content\/uploads\/2024\/07\/Banner-tree-scaled.jpg 2560w, https:\/\/smeclimatehub.org\/wp-content\/uploads\/2024\/07\/Banner-tree-300x88.jpg 300w, https:\/\/smeclimatehub.org\/wp-content\/uploads\/2024\/07\/Banner-tree-1024x299.jpg 1024w, https:\/\/smeclimatehub.org\/wp-content\/uploads\/2024\/07\/Banner-tree-768x224.jpg 768w, https:\/\/smeclimatehub.org\/wp-content\/uploads\/2024\/07\/Banner-tree-1536x448.jpg 1536w, https:\/\/smeclimatehub.org\/wp-content\/uploads\/2024\/07\/Banner-tree-2048x597.jpg 2048w\" sizes=\"(max-width: 2560px) 100vw, 2560px\" \/>\t\t\t\t<\/div>\n\t\t\t\t\t<\/div>\n\t<\/div>\n<\/section>\n\n\n\n<section id=\"block-6513dd211ec7f\" class=\"content-editor-section transparent pt-full pb-half\">\n\t<div class=\"container\">\n\t\t<div class=\"content-block \">\n\t\t\t<div class=\"text\">\n\t\t\t\t<div class=\"acf-innerblocks-container\">\n\n<h2 class=\"wp-block-heading\">POL\u00cdTICA DE PROTECCI\u00d3N DE DATOS<\/h2>\n\n\n\n<p>\u00daltima actualizaci\u00f3n: 15 de septiembre de 2025<\/p>\n\n\n\n<p>La informaci\u00f3n recogida a trav\u00e9s y sobre este sitio web es recopilada y procesada por We Mean Business Coalition (WMBC) en su calidad de organizaci\u00f3n anfitriona del SME Climate Hub y es responsable del tratamiento de datos.<\/p>\n\n\n\n<p>We Mean Business Coalition (\u00abWe Mean Business\u00bb, \u00abnosotros\u00bb, \u00abnuestro\u00bb o \u00abnos\u00bb) proporciona esta Pol\u00edtica de privacidad para describir c\u00f3mo recopilamos, usamos y compartimos la informaci\u00f3n de las personas que visitan o utilizan nuestro sitio web en smeclimatehub.org (el \u00abSitio\u00bb). Aseg\u00farese de leer esta Pol\u00edtica de privacidad completa antes de usar o enviar informaci\u00f3n a trav\u00e9s del Sitio.<\/p>\n\n\n\n<h2 class=\"wp-block-heading\">RECOPILACI\u00d3N DE INFORMACI\u00d3N<\/h2>\n\n\n\n<p>Cuando utiliza nuestro Sitio, puede proporcionar voluntariamente informaci\u00f3n sobre usted y su organizaci\u00f3n, incluido su nombre, direcci\u00f3n de correo electr\u00f3nico y cualquier otra informaci\u00f3n que elija proporcionar. Recopilamos esta informaci\u00f3n cuando usted se registra como usuario del Sitio, se comunica con nosotros o interact\u00faa con nosotros para cualquier otro prop\u00f3sito. <\/p>\n\n\n\n<p>Tambi\u00e9n recopilamos autom\u00e1ticamente informaci\u00f3n relacionada con sus interacciones con nosotros y nuestro Sitio, incluido el tipo de navegador, la direcci\u00f3n IP, las p\u00e1ginas visitadas y otras actividades en el Sitio, el tipo de dispositivo, la hora y la fecha de la visita y otra informaci\u00f3n que recopilamos mediante el uso de cookies, balizas web, etiquetas y tecnolog\u00edas similares. Consulte la secci\u00f3n \u201cPublicidad digital y an\u00e1lisis\u201d de esta Pol\u00edtica de privacidad para obtener m\u00e1s informaci\u00f3n sobre el uso de esta informaci\u00f3n y las opciones disponibles para usted. <\/p>\n\n\n\n<h2 class=\"wp-block-heading\">USO DE LA INFORMACI\u00d3N<\/h2>\n\n\n\n<p>Podemos utilizar la informaci\u00f3n proporcionada para cualquier prop\u00f3sito legal, incluidos los siguientes:<\/p>\n\n\n\n<ul class=\"wp-block-list\">\n<li>Para comunicarnos con usted por correo electr\u00f3nico u otras formas de comunicaci\u00f3n con respecto a actualizaciones o comunicaciones informativas relacionadas con nuestra misi\u00f3n e iniciativas, su relaci\u00f3n y\/o la de su organizaci\u00f3n con nosotros, y las funcionalidades, productos o servicios contratados que le brindamos a usted o a su organizaci\u00f3n;<\/li>\n\n\n\n<li>Para proporcionar y mantener nuestro Sitio, incluido el monitoreo del uso de nuestros servicios;<\/li>\n\n\n\n<li>Para responder a sus consultas y gestionar las solicitudes que nos env\u00ede;<\/li>\n\n\n\n<li>Para gestionar su cuenta, incluso su registro como usuario del sitio y los datos personales que usted proporciona;<\/li>\n\n\n\n<li>Para brindarle noticias, ofertas especiales e informaci\u00f3n general sobre otros bienes, servicios y eventos que ofrecemos y que puedan ser de su inter\u00e9s;<\/li>\n\n\n\n<li>Para operar y mejorar nuestros servicios;<\/li>\n\n\n\n<li>Para operar, personalizar y mejorar el Sitio, incluso con fines publicitarios y anal\u00edticos;<\/li>\n\n\n\n<li>Para prevenir y detectar el fraude;<\/li>\n\n\n\n<li>Para cumplir con la ley y mantener la seguridad del Sitio; o<\/li>\n\n\n\n<li>Con consentimiento o seg\u00fan se divulgue en el momento en que se recopila la informaci\u00f3n.<\/li>\n<\/ul>\n\n\n\n<h2 class=\"wp-block-heading\">INTERCAMBIO DE INFORMACI\u00d3N<\/h2>\n\n\n\n<p>Podemos compartir la informaci\u00f3n que recopilamos con otras partes, incluidas las siguientes:<\/p>\n\n\n\n<ul class=\"wp-block-list\">\n<li>Con nuestras empresas y organizaciones participantes;<\/li>\n\n\n\n<li>Con proveedores de servicios externos o vendedores que procesan datos en nuestro nombre para ayudarnos en nuestras operaciones comerciales, como proveedores de servicios de correo electr\u00f3nico;<\/li>\n\n\n\n<li>Con terceros u otros socios verificados;<\/li>\n\n\n\n<li>Con afiliados, incluida nuestra empresa matriz y cualquier otra subsidiaria, socios de empresas conjuntas u otras empresas bajo control com\u00fan, en cuyo caso requeriremos que dichos afiliados respeten esta Pol\u00edtica de privacidad;<\/li>\n\n\n\n<li>Cuando sea necesario para cumplir con nuestras obligaciones legales y\/o regulatorias, o cuando estemos obligados a hacerlo por una agencia gubernamental, tribunal u otra entidad (por ejemplo, en respuesta a citaciones, \u00f3rdenes judiciales o procesos legales);<\/li>\n\n\n\n<li>Cuando sea necesario o apropiado para proteger o defender los derechos, la seguridad o la propiedad de We Mean Business, los usuarios del Sitio o cualquier otra persona, incluso para hacer cumplir nuestros acuerdos, pol\u00edticas y t\u00e9rminos de uso;<\/li>\n\n\n\n<li>En caso de quiebra, fusi\u00f3n, adquisici\u00f3n, transferencia de control, empresa conjunta u otra combinaci\u00f3n de negocios que nos involucre a nosotros o a nuestras empresas relacionadas; o<\/li>\n\n\n\n<li>Con su consentimiento, o seg\u00fan lo divulgado en el momento de la recopilaci\u00f3n o intercambio de datos.<\/li>\n<\/ul>\n\n\n\n<p>Podemos compartir informaci\u00f3n que haya sido desidentificada o agregada sin limitaci\u00f3n.<\/p>\n\n\n\n<h2 class=\"wp-block-heading\">SEGURIDAD<\/h2>\n\n\n\n<p>Para evitar el acceso, uso o divulgaci\u00f3n no autorizados de la informaci\u00f3n que recopilamos, hemos implementado procedimientos f\u00edsicos, electr\u00f3nicos y administrativos comercialmente razonables dise\u00f1ados para salvaguardar los datos personales.<\/p>\n\n\n\n<h2 class=\"wp-block-heading\">COOKIES<\/h2>\n\n\n\n<p>Las cookies son peque\u00f1os archivos que se colocan en su dispositivo cuando visita un sitio web. Puede configurar su navegador para que rechace todas las cookies. Sin embargo, si no acepta las cookies, es posible que no pueda utilizar algunas partes del Sitio. Utilizamos cookies tanto \u00abpersistentes\u00bb como \u00abde sesi\u00f3n\u00bb para los fines que se detallan a continuaci\u00f3n:   <\/p>\n\n\n\n<h3 class=\"wp-block-heading\">COOKIES NECESARIAS<\/h3>\n\n\n\n<p>Tipo: Cookies de sesi\u00f3n<br>Administrado por: Nosotros<\/p>\n\n\n\n<p>Prop\u00f3sito: Estas cookies son esenciales para brindarle los servicios disponibles a trav\u00e9s del Sitio y para permitirle utilizar sus funciones. Ayudan a autenticar a los usuarios y a prevenir el uso fraudulento de las cuentas de usuario. Sin estas cookies, no se pueden proporcionar los servicios que ha solicitado y utilizamos estas cookies \u00fanicamente para proporcionarle dichos servicios.  <\/p>\n\n\n\n<h3 class=\"wp-block-heading\">COOKIES FUNCIONALES<\/h3>\n\n\n\n<p>Tipo: Cookies persistentes<br>Administrado por: Nosotros<\/p>\n\n\n\n<p>Prop\u00f3sito: Estas cookies nos permiten recordar las elecciones que usted realiza cuando utiliza el Sitio, como recordar sus datos de inicio de sesi\u00f3n o su preferencia de idioma. El prop\u00f3sito de estas cookies es brindarle una experiencia m\u00e1s personal y evitar que tenga que volver a ingresar sus preferencias cada vez que utilice el Sitio. <\/p>\n\n\n\n<h3 class=\"wp-block-heading\">COOKIES DE RENDIMIENTO<\/h3>\n\n\n\n<p>Tipo: Cookies persistentes<br>Administrado por: Terceros<\/p>\n\n\n\n<p>Prop\u00f3sito: Estas cookies se utilizan para rastrear informaci\u00f3n sobre el tr\u00e1fico al Sitio y c\u00f3mo los usuarios utilizan el Sitio. La informaci\u00f3n recopilada a trav\u00e9s de estas cookies puede identificarle directa o indirectamente como visitante individual. Esto se debe a que la informaci\u00f3n recopilada generalmente est\u00e1 vinculada a un identificador seud\u00f3nimo asociado con el dispositivo que utiliza para acceder al Sitio. Tambi\u00e9n podemos utilizar estas cookies para probar nuevas p\u00e1ginas, caracter\u00edsticas o nuevas funcionalidades del Sitio Web para ver c\u00f3mo reaccionan nuestros usuarios a ellas.   <\/p>\n\n\n\n<h3 class=\"wp-block-heading\">COOKIES DE PREFERENCIA<\/h3>\n\n\n\n<p>Tipo: Cookies persistentes<br>Administrado por: Terceros<\/p>\n\n\n\n<p>Prop\u00f3sito: Estas cookies son establecidas por nuestros socios publicitarios y pueden ser utilizadas por esas empresas para crear un perfil de sus intereses y mostrarle anuncios relevantes en otros sitios. Si no permite estas cookies, recibir\u00e1 menos publicidad de preferencia. <\/p>\n\n\n\n<h2 class=\"wp-block-heading\">PUBLICIDAD DIGITAL Y ANAL\u00cdTICA<\/h2>\n\n\n\n<p>Podemos asociarnos con redes publicitarias y otros proveedores de servicios publicitarios (\u00abProveedores de publicidad\u00bb) que publican anuncios en nuestro nombre y en el de otros en plataformas no afiliadas.\u202fAlgunos de esos anuncios pueden ser personalizados, lo que significa que est\u00e1n destinados a ser relevantes para usted en funci\u00f3n de la informaci\u00f3n que los proveedores de publicidad recopilan sobre su uso del Sitio y otros sitios o aplicaciones a lo largo del tiempo, incluida informaci\u00f3n sobre las relaciones entre diferentes navegadores y dispositivos. Este tipo de publicidad se conoce como publicidad basada en intereses.<\/p>\n\n\n\n<p>Tambi\u00e9n podemos trabajar con terceros que recopilen datos sobre su uso del Sitio y otros sitios o aplicaciones a lo largo del tiempo con fines no publicitarios.\u202fUtilizamos Google Analytics y otros servicios de terceros para mejorar el rendimiento del Sitio y para fines anal\u00edticos y de marketing.\u202fPara obtener m\u00e1s informaci\u00f3n sobre c\u00f3mo Google Analytics recopila y utiliza datos cuando utiliza nuestro Sitio, visite <a rel=\"noreferrer noopener\" href=\"https:\/\/policies.google.com\/technologies\/partner-sites\" target=\"_blank\">www.google.com\/policies\/privacy\/partners<\/a>, y para inhabilitar Google Analytics, visite\u202f <a rel=\"noreferrer noopener\" href=\"https:\/\/tools.google.com\/dlpage\/gaoptout\" target=\"_blank\">https:\/\/tools.google.com\/dlpage\/gaoptout<\/a>.<\/p>\n\n\n\n<h2 class=\"wp-block-heading\">ENLACES Y HERRAMIENTAS DE TERCEROS<\/h2>\n\n\n\n<p>Podemos proporcionar enlaces en el Sitio a sitios web o aplicaciones de terceros, incluidos complementos que se vinculan a sitios de redes sociales como Facebook y YouTube.\u202f\u202fEstos sitios web y aplicaciones son independientes de We Mean Business y tienen sus propias pol\u00edticas de privacidad.\u202fWe Mean Business no es responsable de las pr\u00e1cticas de privacidad ni del contenido de dichos sitios web o aplicaciones de terceros.\u202fLe recomendamos que revise las pol\u00edticas de privacidad de las terceras partes antes de visitar estos sitios web o aplicaciones para conocer sus pr\u00e1cticas de datos.<\/p>\n\n\n\n<p>El Sitio tambi\u00e9n puede incluir herramientas de redes sociales integradas o \u00abcomplementos\u00bb, como herramientas de redes sociales ofrecidas por terceros.\u202fSi utiliza estas herramientas para compartir informaci\u00f3n o interact\u00faa de otro modo con estas funciones en el Sitio, esas empresas pueden recopilar informaci\u00f3n sobre usted y pueden usar y compartir dicha informaci\u00f3n de acuerdo con la configuraci\u00f3n de su cuenta, incluso compartiendo dicha informaci\u00f3n con el p\u00fablico en general.\u202fSus interacciones con empresas de terceros y su uso de sus funciones se rigen por los avisos de privacidad de las empresas que proporcionan dichas funciones.\u202fLe recomendamos que lea atentamente los avisos de privacidad de cualquier cuenta que cree y utilice.<\/p>\n\n\n\n<h2 class=\"wp-block-heading\">RECHAZAR LOS CORREOS ELECTR\u00d3NICOS<\/h2>\n\n\n\n<p>Podemos utilizar sus datos personales para enviarle boletines informativos, comunicaciones u otra informaci\u00f3n que pueda ser de su inter\u00e9s. Puede optar por no recibir estas comunicaciones siguiendo el enlace \u00abCancelar suscripci\u00f3n\u00bb o las instrucciones que se proporcionan en dichos correos electr\u00f3nicos, o contact\u00e1ndonos en <a href=\"mailto:operations@wmbcoalition.org\">operations@wmbcoalition.org<\/a> . <\/p>\n\n\n\n<p>Tenga en cuenta que no puede optar por no recibir correos electr\u00f3nicos que brinden informaci\u00f3n sobre los compromisos clim\u00e1ticos de su organizaci\u00f3n o que confirmen donaciones.<\/p>\n\n\n\n<h2 class=\"wp-block-heading\">no estadounidenses USUARIOS<\/h2>\n\n\n\n<p>Esta secci\u00f3n se aplica a los visitantes que acceden al Sitio o nos brindan informaci\u00f3n desde el Espacio Econ\u00f3mico Europeo (\u00abEEE\u00bb), Suiza o el Reino Unido (\u00abRU\u00bb).<\/p>\n\n\n\n<h3 class=\"wp-block-heading\">BASE LEGAL DEL TRATAMIENTO<\/h3>\n\n\n\n<p>Podemos basarnos en las siguientes bases legales para procesar datos personales sobre usted:<\/p>\n\n\n\n<ul class=\"wp-block-list\">\n<li>Consentimiento: cuando usted ha proporcionado su consentimiento para procesar datos personales para uno o m\u00e1s prop\u00f3sitos espec\u00edficos, como por ejemplo para mensajes promocionales por correo electr\u00f3nico. Tiene derecho a retirar el consentimiento comunic\u00e1ndose con nosotros a <a href=\"mailto:operations@wmbcoalition.org\" target=\"_blank\" rel=\"noreferrer noopener\">operations@wmbcoalition.org<\/a> y, con respecto al correo electr\u00f3nico, tambi\u00e9n puede retirar el consentimiento como se describe anteriormente;<\/li>\n\n\n\n<li>Cumplimiento de un contrato: cuando es necesario el tratamiento de datos personales para el cumplimiento de un acuerdo con usted o su organizaci\u00f3n, o usted nos pidi\u00f3 que hagamos algo antes de crear un contrato, como hacer una promesa clim\u00e1tica o aportar una donaci\u00f3n;<\/li>\n\n\n\n<li>Obligaci\u00f3n legal: cuando el procesamiento de datos personales es necesario para cumplir con nuestras obligaciones legales y reglamentarias<\/li>\n\n\n\n<li>Intereses vitales: cuando el procesamiento es necesario para proteger los intereses vitales de usted o de otra persona;<\/li>\n\n\n\n<li>Inter\u00e9s leg\u00edtimo: cuando es necesario procesar los datos personales para un inter\u00e9s comercial o empresarial importante.<\/li>\n<\/ul>\n\n\n\n<h3 class=\"wp-block-heading\">DERECHOS DEL INTERESADO<\/h3>\n\n\n\n<p>Tiene derecho a:<\/p>\n\n\n\n<ul class=\"wp-block-list\">\n<li>Solicitar acceso a los datos personales que tenemos sobre usted;<\/li>\n\n\n\n<li>Solicitar la correcci\u00f3n y\/o eliminaci\u00f3n de los datos personales que tenemos sobre usted;<\/li>\n\n\n\n<li>Solicitar que restrinjamos el procesamiento de sus datos personales en determinadas circunstancias;<\/li>\n\n\n\n<li>Oponerse a cualquier toma de decisiones automatizada basada en su conducta, como la anal\u00edtica para marketing directa realizada por nosotros;<\/li>\n\n\n\n<li>Solicitar la transferencia de los datos personales que tenemos sobre usted a otra parte (es decir, el derecho a la portabilidad de datos) cuando el procesamiento se basa en nuestro contrato con usted o en su consentimiento);<\/li>\n\n\n\n<li>Retirar su consentimiento para procesar datos personales, cuando hayamos obtenido previamente su consentimiento.<\/li>\n<\/ul>\n\n\n\n<p>Para ejercer cualquiera de estos derechos, cont\u00e1ctenos utilizando la secci\u00f3n \u00abCont\u00e1ctenos\u00bb a continuaci\u00f3n. Tenga en cuenta que es posible que We Mean Business no pueda otorgarle estos derechos en determinadas circunstancias, como por ejemplo si la ley nos impide hacerlo. Adem\u00e1s, usted tiene derecho a presentar una reclamaci\u00f3n contra nosotros. Para ello, p\u00f3ngase en contacto con la autoridad de protecci\u00f3n de datos de su pa\u00eds de residencia.   <\/p>\n\n\n\n<h3 class=\"wp-block-heading\">CONSERVACI\u00d3N DE DATOS PERSONALES<\/h3>\n\n\n\n<p>Conservaremos datos personales solo durante el tiempo que sea necesario para los fines establecidos en esta Pol\u00edtica de privacidad. Retendremos y utilizaremos datos personales en la medida que sea necesario para cumplir con nuestras obligaciones legales (por ejemplo, si estamos obligados a conservar sus datos para cumplir con las leyes aplicables), resolver disputas y hacer cumplir nuestros acuerdos y pol\u00edticas legales. <\/p>\n\n\n\n<p>Tambi\u00e9n conservaremos datos de uso para fines de an\u00e1lisis interno. Los datos de uso generalmente se conservan durante un per\u00edodo de tiempo m\u00e1s corto, excepto cuando estos datos se utilizan para fortalecer la seguridad o mejorar la funcionalidad del Sitio, o estemos legalmente obligados a conservar estos datos durante per\u00edodos de tiempo m\u00e1s largos. <\/p>\n\n\n\n<h3 class=\"wp-block-heading\">TRANSFERENCIA DE DATOS PERSONALES<\/h3>\n\n\n\n<p>Los datos personales que recopilamos pueden transferirse y mantenerse en servidores o bases de datos ubicados fuera de su estado, provincia, pa\u00eds u otra jurisdicci\u00f3n gubernamental donde las leyes de protecci\u00f3n de datos pueden diferir de las de su jurisdicci\u00f3n, incluso en los Estados Unidos. Al transferir datos personales a pa\u00edses fuera del EEE o el Reino Unido, tomaremos todas las medidas razonablemente necesarias para garantizar que existan controles adecuados para asegurar la protecci\u00f3n de los datos personales. <\/p>\n\n\n\n<h2 class=\"wp-block-heading\">CAMBIOS A ESTA POL\u00cdTICA DE PRIVACIDAD<\/h2>\n\n\n\n<p>Es posible que modifiquemos esta Pol\u00edtica de privacidad de vez en cuando. Deber\u00eda revisar esta p\u00e1gina peri\u00f3dicamente para conocer las actualizaciones. Si realizamos cambios a esta Pol\u00edtica de privacidad, publicaremos la versi\u00f3n modificada en nuestro Sitio y se actualizar\u00e1 la fecha de vigencia.  <\/p>\n\n\n\n<h2 class=\"wp-block-heading\">CONTACTO<\/h2>\n\n\n\n<p>Si tiene alguna pregunta sobre esta Pol\u00edtica de privacidad, puede contactarnos por correo electr\u00f3nico a <a href=\"mailto:operations@wmbcoalition.org\">operations@wmbcoalition.org<\/a> .<\/p>\n\n<\/div>\t\t\t\t\t\t\t<\/div>\n\t\t\t\t\t<\/div>\n\t<\/div>\n<\/section>\n\n\n<div class=\"stay-updated-block darkBackground \">\n\t<div class=\"container\">\n<div class=\"column\">\n<h2>Mantente al d\u00eda<\/h2>\n<p>Suscr\u00edbete a nuestro bolet\u00edn para estar al d\u00eda de las novedades del \u00e1mbito clim\u00e1tico.<\/p>\n<\/div>\n<div class=\"column\">\n\t<button data-popup-button=\"stay-updated-form\" type=\"button\" class=\"button none\">Suscribirse<\/button>\n<\/div>\n<\/div>\n\n<\/div>","protected":false},"excerpt":{"rendered":"","protected":false},"author":1,"featured_media":0,"parent":0,"menu_order":0,"comment_status":"closed","ping_status":"closed","template":"","meta":{"_acf_changed":false,"inline_featured_image":false,"footnotes":""},"class_list":["post-74577","page","type-page","status-publish","hentry"],"acf":[],"yoast_head":"<title>Pol\u00edtica de privacidad - SME Climate Hub<\/title>\n<meta name=\"robots\" content=\"index, follow, max-snippet:-1, max-image-preview:large, max-video-preview:-1\" \/>\n<link rel=\"canonical\" href=\"https:\/\/smeclimatehub.org\/es\/politica-de-privacidad\/\" \/>\n<meta property=\"og:locale\" content=\"es_ES\" \/>\n<meta property=\"og:type\" content=\"article\" \/>\n<meta property=\"og:title\" content=\"Pol\u00edtica de privacidad - SME Climate Hub\" \/>\n<meta property=\"og:url\" content=\"https:\/\/smeclimatehub.org\/es\/politica-de-privacidad\/\" \/>\n<meta property=\"og:site_name\" content=\"SME Climate Hub\" \/>\n<meta property=\"article:modified_time\" content=\"2025-09-15T08:37:00+00:00\" \/>\n<meta property=\"og:image\" content=\"https:\/\/smeclimatehub.org\/wp-content\/uploads\/2024\/08\/Preview_four.png\" \/>\n\t<meta property=\"og:image:width\" content=\"2000\" \/>\n\t<meta property=\"og:image:height\" content=\"1124\" \/>\n\t<meta property=\"og:image:type\" content=\"image\/png\" \/>\n<meta name=\"twitter:card\" content=\"summary_large_image\" \/>\n<meta name=\"twitter:label1\" content=\"Est. reading time\" \/>\n\t<meta name=\"twitter:data1\" content=\"10 minutos\" \/>\n<script type=\"application\/ld+json\" class=\"yoast-schema-graph\">{\"@context\":\"https:\/\/schema.org\",\"@graph\":[{\"@type\":\"WebPage\",\"@id\":\"https:\/\/smeclimatehub.org\/es\/politica-de-privacidad\/\",\"url\":\"https:\/\/smeclimatehub.org\/es\/politica-de-privacidad\/\",\"name\":\"Pol\u00edtica de privacidad - SME Climate Hub\",\"isPartOf\":{\"@id\":\"https:\/\/businessclimatehub.org\/es\/#website\"},\"datePublished\":\"2020-08-24T12:44:39+00:00\",\"dateModified\":\"2025-09-15T08:37:00+00:00\",\"breadcrumb\":{\"@id\":\"https:\/\/smeclimatehub.org\/es\/politica-de-privacidad\/#breadcrumb\"},\"inLanguage\":\"es\",\"potentialAction\":[{\"@type\":\"ReadAction\",\"target\":[\"https:\/\/smeclimatehub.org\/es\/politica-de-privacidad\/\"]}]},{\"@type\":\"BreadcrumbList\",\"@id\":\"https:\/\/smeclimatehub.org\/es\/politica-de-privacidad\/#breadcrumb\",\"itemListElement\":[{\"@type\":\"ListItem\",\"position\":1,\"name\":\"Home\",\"item\":\"https:\/\/smeclimatehub.org\/es\/inicio-2\/\"},{\"@type\":\"ListItem\",\"position\":2,\"name\":\"Pol\u00edtica de privacidad\"}]},{\"@type\":\"WebSite\",\"@id\":\"https:\/\/businessclimatehub.org\/es\/#website\",\"url\":\"https:\/\/businessclimatehub.org\/es\/\",\"name\":\"SME Climate hub\",\"description\":\"\",\"publisher\":{\"@id\":\"https:\/\/businessclimatehub.org\/es\/#organization\"},\"potentialAction\":[{\"@type\":\"SearchAction\",\"target\":{\"@type\":\"EntryPoint\",\"urlTemplate\":\"https:\/\/businessclimatehub.org\/es\/?s={search_term_string}\"},\"query-input\":{\"@type\":\"PropertyValueSpecification\",\"valueRequired\":true,\"valueName\":\"search_term_string\"}}],\"inLanguage\":\"es\"},{\"@type\":\"Organization\",\"@id\":\"https:\/\/businessclimatehub.org\/es\/#organization\",\"name\":\"SME Climate hub\",\"url\":\"https:\/\/businessclimatehub.org\/es\/\",\"logo\":{\"@type\":\"ImageObject\",\"inLanguage\":\"es\",\"@id\":\"https:\/\/businessclimatehub.org\/es\/#\/schema\/logo\/image\/\",\"url\":\"https:\/\/smeclimatehub.org\/wp-content\/uploads\/2025\/03\/smeLogo-1.png\",\"contentUrl\":\"https:\/\/smeclimatehub.org\/wp-content\/uploads\/2025\/03\/smeLogo-1.png\",\"width\":465,\"height\":245,\"caption\":\"SME Climate hub\"},\"image\":{\"@id\":\"https:\/\/businessclimatehub.org\/es\/#\/schema\/logo\/image\/\"}}]}<\/script>","yoast_head_json":{"title":"Pol\u00edtica de privacidad - SME Climate Hub","robots":{"index":"index","follow":"follow","max-snippet":"max-snippet:-1","max-image-preview":"max-image-preview:large","max-video-preview":"max-video-preview:-1"},"canonical":"https:\/\/smeclimatehub.org\/es\/politica-de-privacidad\/","og_locale":"es_ES","og_type":"article","og_title":"Pol\u00edtica de privacidad - SME Climate Hub","og_url":"https:\/\/smeclimatehub.org\/es\/politica-de-privacidad\/","og_site_name":"SME Climate Hub","article_modified_time":"2025-09-15T08:37:00+00:00","og_image":[{"width":2000,"height":1124,"url":"https:\/\/smeclimatehub.org\/wp-content\/uploads\/2024\/08\/Preview_four.png","type":"image\/png"}],"twitter_card":"summary_large_image","twitter_misc":{"Est. reading time":"10 minutos"},"schema":{"@context":"https:\/\/schema.org","@graph":[{"@type":"WebPage","@id":"https:\/\/smeclimatehub.org\/es\/politica-de-privacidad\/","url":"https:\/\/smeclimatehub.org\/es\/politica-de-privacidad\/","name":"Pol\u00edtica de privacidad - SME Climate Hub","isPartOf":{"@id":"https:\/\/businessclimatehub.org\/es\/#website"},"datePublished":"2020-08-24T12:44:39+00:00","dateModified":"2025-09-15T08:37:00+00:00","breadcrumb":{"@id":"https:\/\/smeclimatehub.org\/es\/politica-de-privacidad\/#breadcrumb"},"inLanguage":"es","potentialAction":[{"@type":"ReadAction","target":["https:\/\/smeclimatehub.org\/es\/politica-de-privacidad\/"]}]},{"@type":"BreadcrumbList","@id":"https:\/\/smeclimatehub.org\/es\/politica-de-privacidad\/#breadcrumb","itemListElement":[{"@type":"ListItem","position":1,"name":"Home","item":"https:\/\/smeclimatehub.org\/es\/inicio-2\/"},{"@type":"ListItem","position":2,"name":"Pol\u00edtica de privacidad"}]},{"@type":"WebSite","@id":"https:\/\/businessclimatehub.org\/es\/#website","url":"https:\/\/businessclimatehub.org\/es\/","name":"SME Climate hub","description":"","publisher":{"@id":"https:\/\/businessclimatehub.org\/es\/#organization"},"potentialAction":[{"@type":"SearchAction","target":{"@type":"EntryPoint","urlTemplate":"https:\/\/businessclimatehub.org\/es\/?s={search_term_string}"},"query-input":{"@type":"PropertyValueSpecification","valueRequired":true,"valueName":"search_term_string"}}],"inLanguage":"es"},{"@type":"Organization","@id":"https:\/\/businessclimatehub.org\/es\/#organization","name":"SME Climate hub","url":"https:\/\/businessclimatehub.org\/es\/","logo":{"@type":"ImageObject","inLanguage":"es","@id":"https:\/\/businessclimatehub.org\/es\/#\/schema\/logo\/image\/","url":"https:\/\/smeclimatehub.org\/wp-content\/uploads\/2025\/03\/smeLogo-1.png","contentUrl":"https:\/\/smeclimatehub.org\/wp-content\/uploads\/2025\/03\/smeLogo-1.png","width":465,"height":245,"caption":"SME Climate hub"},"image":{"@id":"https:\/\/businessclimatehub.org\/es\/#\/schema\/logo\/image\/"}}]}},"_links":{"self":[{"href":"https:\/\/smeclimatehub.org\/es\/wp-json\/wp\/v2\/pages\/74577","targetHints":{"allow":["GET"]}}],"collection":[{"href":"https:\/\/smeclimatehub.org\/es\/wp-json\/wp\/v2\/pages"}],"about":[{"href":"https:\/\/smeclimatehub.org\/es\/wp-json\/wp\/v2\/types\/page"}],"author":[{"embeddable":true,"href":"https:\/\/smeclimatehub.org\/es\/wp-json\/wp\/v2\/users\/1"}],"replies":[{"embeddable":true,"href":"https:\/\/smeclimatehub.org\/es\/wp-json\/wp\/v2\/comments?post=74577"}],"version-history":[{"count":0,"href":"https:\/\/smeclimatehub.org\/es\/wp-json\/wp\/v2\/pages\/74577\/revisions"}],"wp:attachment":[{"href":"https:\/\/smeclimatehub.org\/es\/wp-json\/wp\/v2\/media?parent=74577"}],"curies":[{"name":"wp","href":"https:\/\/api.w.org\/{rel}","templated":true}]}}