
{"id":86401,"date":"2024-05-22T18:29:12","date_gmt":"2024-05-22T17:29:12","guid":{"rendered":"https:\/\/smeclimatehub.org\/mobilisera-era-sma-och-medelstora-foretag\/"},"modified":"2026-02-24T14:51:06","modified_gmt":"2026-02-24T13:51:06","slug":"mobilisera-era-sma-och-medelstora-foretag","status":"publish","type":"page","link":"https:\/\/smeclimatehub.org\/sv\/mobilisera-era-sma-och-medelstora-foretag\/","title":{"rendered":"Mobilisera era sm\u00e5 och medelstora f\u00f6retag"},"content":{"rendered":"<section id=\"block-64400acf00794\"  class=\"mobilize-skin hero-section align-content-center secondary-bg committed\">\n\t<div class=\"container\">\n\t\t<div class=\"content\">\n\t\t\t<div class=\"text\">\n\t\t\t\t<div class=\"acf-innerblocks-container\">\n\n<h1 class=\"wp-block-heading\">Mobilisera era sm\u00e5 och medelstora f\u00f6retag<\/h1>\n\n\n\n<p>Engagera och st\u00f6dja sm\u00e5f\u00f6retag att vidta klimat\u00e5tg\u00e4rder genom att utnyttja SME Climate Hubs verktyg och resurser.<\/p>\n\n<\/div>\t\t\t\t\t\t\t\t\t\t\t\t\t\t\t\t\t\t\t<\/div>\n\t\t\t\t\t\t\t\t\t\t<div class=\"image\">\n\t\t\t\t\t<img fetchpriority=\"high\" decoding=\"async\" width=\"411\" height=\"411\" src=\"https:\/\/smeclimatehub.org\/wp-content\/uploads\/2024\/05\/Finding-brilliant-ideas-amico-1.svg\" class=\"attachment-full size-full\" alt=\"\" loading=\"eager\" \/>\t\t\t\t<\/div>\n\t\t\t\t\t\t\t\t<\/div>\n\t<\/div>\n<\/section>\n\n\n<div class=\"simple-text-block \">\n\t<div class=\"container\">\n\t\t<div class=\"content\">\n<div class=\"inner\">\n<h2>Vilka \u00e4r dessa resurser till f\u00f6r?<\/h2>\n<p>SME Climate Hub uppmuntrar intressenter, s\u00e5som stora f\u00f6retag, finansinstitut, myndigheter och icke-statliga organisationer, att st\u00f6dja och stimulera klimat\u00e5tg\u00e4rder f\u00f6r sm\u00e5 och medelstora f\u00f6retag inom sina v\u00e4rdekedjor och n\u00e4tverk. L\u00e4s mer <a href=\"https:\/\/smeclimatehub.org\/sv\/om-oss\/\">om oss.<\/a>  <\/p>\r\n<p>Resurserna och v\u00e4gledningen som finns tillg\u00e4ngliga p\u00e5 den h\u00e4r sidan \u00e4r utformade f\u00f6r att st\u00f6dja intressenter i att f\u00f6rst\u00e5 SME Climate Hubs vision, uppdrag och processer och i att utnyttja v\u00e5ra kostnadsfria verktyg och resurser f\u00f6r att st\u00f6dja sm\u00e5 och medelstora f\u00f6retag att minska sina utsl\u00e4pp. Registrera dig <a href=\"#form\" id=\"scrollForm\">h\u00e4r<\/a> f\u00f6r att f\u00e5 de senaste uppdateringarna fr\u00e5n SME Climate Hub. <\/p><\/div>\n<\/div>\n<\/div>\n<\/div>\n\n<link rel=\"stylesheet\" href=\"https:\/\/cdn.jsdelivr.net\/npm\/swiper@11\/swiper-bundle.min.css\" \/>\n<section class=\"mobilization-guides content-block\">\n    <div class=\"container\">\n        <div class=\"tabs\"><ul class=\"guides-header-list\"><li data-filter=\"grunderna\" class=\"link-guide\">F\u00f6rst\u00e5 grunderna<\/li><li data-filter=\"engage\" class=\"link-guide\">Engagera och v\u00e4gleda dina sm\u00e5 och medelstora f\u00f6retag<\/li><li data-filter=\"track\" class=\"link-guide\">Sp\u00e5ra dina sm\u00e5 och medelstora f\u00f6retag<\/li><li data-filter=\"promote\" class=\"link-guide\">Fr\u00e4mja dina anstr\u00e4ngningar<\/li><li data-filter=\"leader\" class=\"link-guide\">Bli en ledare<\/li><\/ul><\/div>\n                    <div class=\"guides-container\" id=\"print\">\n                \n                    <div class=\"guide-block\" id=\"grunderna\">\n                        <div class=\"title\">F\u00f6rst\u00e5 grunderna<\/div>\n                        <div class=\"inner-block\">\n                        <div class=\"description\">SME Climate Hub integrerar klimat\u00e5tg\u00e4rder f\u00f6r sm\u00e5 och medelstora f\u00f6retag och g\u00f6r det m\u00f6jligt f\u00f6r dem att:<\/div>\n                        <div class=\"columns\">\n<div class=\"inner-column swiper-slide\">\n<div class=\"column-image\">\n<img decoding=\"async\" src=\"https:\/\/smeclimatehub.org\/wp-content\/uploads\/2024\/05\/co2.png\">\n<\/div> \n<div class=\"column-title\">\nAgera<\/div>\n<div class=\"column-subtitle\">\nF\u00e5 tillg\u00e5ng till gratis verktyg och resurser f\u00f6r att m\u00e4ta utsl\u00e4pp och uppt\u00e4ck steg och strategier f\u00f6r att n\u00e5 nettonollutsl\u00e4pp. \n<\/div>\n<\/div>\n                                <div class=\"inner-column swiper-slide\">\n<div class=\"column-image\">\n<img decoding=\"async\" src=\"https:\/\/smeclimatehub.org\/wp-content\/uploads\/2024\/05\/netZeroIcon.png\">\n<\/div> \n<div class=\"column-title\">\n\u00c5ta sig att n\u00e5 netto noll<\/div>\n<div class=\"column-subtitle\">\nG\u00f6r ett trov\u00e4rdigt vetenskapligt \u00e5tagande om nettonollutsl\u00e4pp och anslut dig till tusentals f\u00f6retag i kampanjen Race to Zero. \n<\/div>\n<\/div>\n                                <div class=\"inner-column swiper-slide\">\n<div class=\"column-image\">\n<img decoding=\"async\" src=\"https:\/\/smeclimatehub.org\/wp-content\/uploads\/2024\/05\/clipboardIcon.png\">\n<\/div> \n<div class=\"column-title\">\nRapportera framsteg<\/div>\n<div class=\"column-subtitle\">\nAnv\u00e4nd rapporteringsverktyget SME Climate Hub f\u00f6r att rapportera utsl\u00e4pp och dela \u00e5rliga framsteg. \n<\/div>\n<\/div>\n                                                           \n<\/div>\n                                                                                <div class=\"accordion-guides\">\n                                                                    <div class=\"guide-wrapper\">\n\t\t\t\t\n                                        <div class=\"accordion-item-guide\" id=\"pdf\">\n                                            <div class=\"accordion-header-guide\" id=\"title-69a177d4df8c3\">L\u00e4r k\u00e4nna SME Climate Hub <\/div>\n                                            <div class=\"accordion-content-guide\" id=\"content-69a177d4df8c3\"><p data-prosemirror-content-type=\"node\" data-prosemirror-node-name=\"paragraph\" data-prosemirror-node-block=\"true\">I den h\u00e4r videon ger vi en \u00f6versikt \u00f6ver det st\u00f6d vi erbjuder och vilken inverkan det har p\u00e5 f\u00f6retag som anv\u00e4nder v\u00e5r m\u00e4ngd kostnadsfria resurser, verktyg och kurser.<\/p>\n<\/div>\n                                        <\/div>\n                                                                                                                            <div class=\"pdfDiv\"><a href=\"https:\/\/drive.google.com\/file\/d\/1L1A5wZXmEvQdXxU8ap7n56kECBFq2f7d\/view\" target=\"_blank\" class=\"pdfButton\"><svg fill=\"#000000\" width=\"24px\" height=\"24px\" viewBox=\"0 0 24 24\" xmlns=\"http:\/\/www.w3.org\/2000\/svg\">\n                                                    <path d=\"M4.97 11.03a.75.75 0 111.06-1.06L11 14.94V2.75a.75.75 0 011.5 0v12.19l4.97-4.97a.75.75 0 111.06 1.06l-6.25 6.25a.75.75 0 01-1.06 0l-6.25-6.25zm-.22 9.47a.75.75 0 000 1.5h14.5a.75.75 0 000-1.5H4.75z\" \/>\n                                                <\/svg><\/a>\n                                            <\/div>\n                                                                                <\/div>\n                  \n                                                                    <div class=\"guide-wrapper\">\n\t\t\t\t\n                                        <div class=\"accordion-item-guide\" id=\"pdf\">\n                                            <div class=\"accordion-header-guide\" id=\"title-69a177d4df911\">Guide till klimat\u00e5taganden f\u00f6r sm\u00e5 och medelstora f\u00f6retag <\/div>\n                                            <div class=\"accordion-content-guide\" id=\"content-69a177d4df911\"><p>I erk\u00e4nnande av att klimatf\u00f6r\u00e4ndringarna utg\u00f6r ett hot mot ekonomin, naturen och samh\u00e4llet i stort, \u00e5tar sig v\u00e5rt f\u00f6retag att omedelbart vidta \u00e5tg\u00e4rder f\u00f6r att:<\/p>\n<ul>\n<li>Halvera v\u00e5ra utsl\u00e4pp av v\u00e4xthusgaser f\u00f6re 2030<\/li>\n<li>Uppn\u00e5 nettonollutsl\u00e4pp f\u00f6re 2050<\/li>\n<li>Rapportera v\u00e5ra framsteg \u00e5rligen<\/li>\n<\/ul>\n<p>Genom att g\u00f6ra det \u00e4r vi stolta \u00f6ver att bli erk\u00e4nda av FN:s kampanj Race to Zero, och att ansluta oss till regeringar, f\u00f6retag, st\u00e4der, regioner och universitet runt om i v\u00e4rlden som delar samma uppdrag.<\/p>\n<p>Detta dokument ger information om klimat\u00e5tagandet f\u00f6r sm\u00e5 och medelstora f\u00f6retag och \u00e5tagandeprocessen.<\/p>\n<\/div>\n                                        <\/div>\n                                                                                <div class=\"pdfDiv\"><a href=\"https:\/\/smeclimatehub.org\/wp-content\/uploads\/2024\/10\/Commitment-Guide-October-2024.pdf\" target=\"_blank\" class=\"pdfButton\"><svg fill=\"#000000\" width=\"24px\" height=\"24px\" viewBox=\"0 0 24 24\" xmlns=\"http:\/\/www.w3.org\/2000\/svg\">\n                                                    <path d=\"M4.97 11.03a.75.75 0 111.06-1.06L11 14.94V2.75a.75.75 0 011.5 0v12.19l4.97-4.97a.75.75 0 111.06 1.06l-6.25 6.25a.75.75 0 01-1.06 0l-6.25-6.25zm-.22 9.47a.75.75 0 000 1.5h14.5a.75.75 0 000-1.5H4.75z\" \/>\n                                                <\/svg><\/a>\n                                            <\/div>\n                                                                                                                            <\/div>\n                  \n                                                                    <div class=\"guide-wrapper\">\n\t\t\t\t\n                                        <div class=\"accordion-item-guide\" id=\"pdf\">\n                                            <div class=\"accordion-header-guide\" id=\"title-69a177d4df958\">Rapporteringsguide f\u00f6r SME Climate Hub <\/div>\n                                            <div class=\"accordion-content-guide\" id=\"content-69a177d4df958\"><p>Den h\u00e4r guiden ger information om rapporteringsverktyget f\u00f6r sm\u00e5 och medelstora f\u00f6retag, rapporteringskrav och rapporteringsprocessen.<\/p>\n<\/div>\n                                        <\/div>\n                                                                                <div class=\"pdfDiv\"><a href=\"https:\/\/smeclimatehub.org\/wp-content\/uploads\/2024\/09\/Reporting-Guide-September-2024.pdf\" target=\"_blank\" class=\"pdfButton\"><svg fill=\"#000000\" width=\"24px\" height=\"24px\" viewBox=\"0 0 24 24\" xmlns=\"http:\/\/www.w3.org\/2000\/svg\">\n                                                    <path d=\"M4.97 11.03a.75.75 0 111.06-1.06L11 14.94V2.75a.75.75 0 011.5 0v12.19l4.97-4.97a.75.75 0 111.06 1.06l-6.25 6.25a.75.75 0 01-1.06 0l-6.25-6.25zm-.22 9.47a.75.75 0 000 1.5h14.5a.75.75 0 000-1.5H4.75z\" \/>\n                                                <\/svg><\/a>\n                                            <\/div>\n                                                                                                                            <\/div>\n                  \n                                                                    <div class=\"guide-wrapper\">\n\t\t\t\t\n                                        <div class=\"accordion-item-guide\" id=\"pdf\">\n                                            <div class=\"accordion-header-guide\" id=\"title-69a177d4df9c4\">SME Climate Hub \u00c5rlig unders\u00f6kningsrapport   <\/div>\n                                            <div class=\"accordion-content-guide\" id=\"content-69a177d4df9c4\"><p>F\u00f6r att b\u00e4ttre f\u00f6rst\u00e5 motivationsfaktorer och hinder f\u00f6r klimat\u00e5tg\u00e4rder fr\u00e5n sm\u00e5f\u00f6retag genomf\u00f6r SME Climate Hub en \u00e5rlig unders\u00f6kning. Resultaten fr\u00e5n denna unders\u00f6kning anv\u00e4nds f\u00f6r att f\u00f6rb\u00e4ttra och f\u00f6rfina SME Climate Hubs verktyg och resurser. <\/p>\n<\/div>\n                                        <\/div>\n                                                                                                                            <div class=\"pdfDiv\"><a href=\"https:\/\/smeclimatehub.org\/2024-survey-download\" target=\"_blank\" class=\"pdfButton\"><svg fill=\"#000000\" width=\"24px\" height=\"24px\" viewBox=\"0 0 24 24\" xmlns=\"http:\/\/www.w3.org\/2000\/svg\">\n                                                    <path d=\"M4.97 11.03a.75.75 0 111.06-1.06L11 14.94V2.75a.75.75 0 011.5 0v12.19l4.97-4.97a.75.75 0 111.06 1.06l-6.25 6.25a.75.75 0 01-1.06 0l-6.25-6.25zm-.22 9.47a.75.75 0 000 1.5h14.5a.75.75 0 000-1.5H4.75z\" \/>\n                                                <\/svg><\/a>\n                                            <\/div>\n                                                                                <\/div>\n                  \n                                                            <\/div>\n                        <\/div>\n                    <\/div>\n                                    \n                    <div class=\"guide-block\" id=\"engage\">\n                        <div class=\"title\">Engagera och v\u00e4gleda dina sm\u00e5 och medelstora f\u00f6retag<\/div>\n                        <div class=\"inner-block\">\n                        <div class=\"description\">Identifiera den b\u00e4sta kommunikationsmetoden f\u00f6r att n\u00e5 ert sm\u00e5f\u00f6retagsn\u00e4tverk och dela konsekventa budskap f\u00f6r att maximera effekten. Bjud in ber\u00e4ttigade sm\u00e5 och medelstora f\u00f6retag att g\u00f6ra klimat\u00e5tagandet f\u00f6r sm\u00e5 och medelstora f\u00f6retag och se till att de vet hur de f\u00e5r tillg\u00e5ng till och anv\u00e4nder de verktyg och resurser som finns tillg\u00e4ngliga p\u00e5 SME Climate Hub. Alla verktyg och resurser \u00e4r gratis och tillg\u00e4ngliga f\u00f6r alla oavsett \u00e5tagandestatus.  <\/div>\n                                                                            <div class=\"accordion-guides\">\n                                                                    <div class=\"guide-wrapper\">\n\t\t\t\t\n                                        <div class=\"accordion-item-guide\" id=\"pdf\">\n                                            <div class=\"accordion-header-guide\" id=\"title-69a177d4dfa4f\">Guide f\u00f6r engagemang f\u00f6r sm\u00e5 och medelstora f\u00f6retag inom klimathubben   <\/div>\n                                            <div class=\"accordion-content-guide\" id=\"content-69a177d4dfa4f\"><p>Den h\u00e4r guiden \u00e4r utformad f\u00f6r att st\u00f6dja intressenter som vill engagera sm\u00e5 och medelstora f\u00f6retag och kommunicera med dem om klimat\u00e5tg\u00e4rder. Genom att utnyttja resurserna fr\u00e5n SME Climate Hub rekommenderar den hur man kommunicerar med sm\u00e5 och medelstora f\u00f6retag och ger l\u00e4nkar till viktig information och utbildningsresurser fr\u00e5n SME Climate Hub. <\/p>\n<\/div>\n                                        <\/div>\n                                                                                <div class=\"pdfDiv\"><a href=\"https:\/\/smeclimatehub.org\/wp-content\/uploads\/2024\/07\/Engagement-Guide-July-2024.pdf\" target=\"_blank\" class=\"pdfButton\"><svg fill=\"#000000\" width=\"24px\" height=\"24px\" viewBox=\"0 0 24 24\" xmlns=\"http:\/\/www.w3.org\/2000\/svg\">\n                                                    <path d=\"M4.97 11.03a.75.75 0 111.06-1.06L11 14.94V2.75a.75.75 0 011.5 0v12.19l4.97-4.97a.75.75 0 111.06 1.06l-6.25 6.25a.75.75 0 01-1.06 0l-6.25-6.25zm-.22 9.47a.75.75 0 000 1.5h14.5a.75.75 0 000-1.5H4.75z\" \/>\n                                                <\/svg><\/a>\n                                            <\/div>\n                                                                                                                            <\/div>\n                  \n                                                                    <div class=\"guide-wrapper\">\n\t\t\t\t\n                                        <div class=\"accordion-item-guide\" id=\"pdf\">\n                                            <div class=\"accordion-header-guide\" id=\"title-69a177d4dfa81\">SME Climate Hub en sida <\/div>\n                                            <div class=\"accordion-content-guide\" id=\"content-69a177d4dfa81\"><p>V\u00e5r ensidiga dokumentation ger en kort, grafisk \u00f6versikt \u00f6ver SME Climate Hub. Detta dokument kan delas direkt med sm\u00e5 och medelstora f\u00f6retag som en introduktion till hubben. <\/p>\n<\/div>\n                                        <\/div>\n                                                                                <div class=\"pdfDiv\"><a href=\"https:\/\/smeclimatehub.org\/wp-content\/uploads\/2024\/07\/SME-CH-\u2013-One-Pager.pdf\" target=\"_blank\" class=\"pdfButton\"><svg fill=\"#000000\" width=\"24px\" height=\"24px\" viewBox=\"0 0 24 24\" xmlns=\"http:\/\/www.w3.org\/2000\/svg\">\n                                                    <path d=\"M4.97 11.03a.75.75 0 111.06-1.06L11 14.94V2.75a.75.75 0 011.5 0v12.19l4.97-4.97a.75.75 0 111.06 1.06l-6.25 6.25a.75.75 0 01-1.06 0l-6.25-6.25zm-.22 9.47a.75.75 0 000 1.5h14.5a.75.75 0 000-1.5H4.75z\" \/>\n                                                <\/svg><\/a>\n                                            <\/div>\n                                                                                                                            <\/div>\n                  \n                                                                    <div class=\"guide-wrapper\">\n\t\t\t\t\n                                        <div class=\"accordion-item-guide\" id=\"pdf\">\n                                            <div class=\"accordion-header-guide\" id=\"title-69a177d4dfab3\">Mall f\u00f6r v\u00e4lkomstbrev   <\/div>\n                                            <div class=\"accordion-content-guide\" id=\"content-69a177d4dfab3\"><p>Anv\u00e4nd v\u00e5r mall f\u00f6r v\u00e4lkomstbrev f\u00f6r att kontakta sm\u00e5 och medelstora f\u00f6retag via e-post eller din f\u00f6redragna kommunikationsplattform. Skr\u00e4ddarsy inneh\u00e5llet f\u00f6r dina kanaler. <\/p>\n<\/div>\n                                        <\/div>\n                                                                                <div class=\"pdfDiv\"><a href=\"https:\/\/smeclimatehub.org\/wp-content\/uploads\/2024\/09\/SME-CH-Welcome-Letter-092024.docx\" target=\"_blank\" class=\"pdfButton\"><svg fill=\"#000000\" width=\"24px\" height=\"24px\" viewBox=\"0 0 24 24\" xmlns=\"http:\/\/www.w3.org\/2000\/svg\">\n                                                    <path d=\"M4.97 11.03a.75.75 0 111.06-1.06L11 14.94V2.75a.75.75 0 011.5 0v12.19l4.97-4.97a.75.75 0 111.06 1.06l-6.25 6.25a.75.75 0 01-1.06 0l-6.25-6.25zm-.22 9.47a.75.75 0 000 1.5h14.5a.75.75 0 000-1.5H4.75z\" \/>\n                                                <\/svg><\/a>\n                                            <\/div>\n                                                                                                                            <\/div>\n                  \n                                                            <\/div>\n                        <\/div>\n                    <\/div>\n                                    \n                    <div class=\"guide-block\" id=\"track\">\n                        <div class=\"title\">Sp\u00e5ra dina sm\u00e5 och medelstora f\u00f6retag<\/div>\n                        <div class=\"inner-block\">\n                        <div class=\"description\">Sm\u00e5 och medelstora f\u00f6retag fr\u00e5n hela v\u00e4rlden vidtar klimat\u00e5tg\u00e4rder genom SME Climate Hub. F\u00f6lj sm\u00e5 och medelstora f\u00f6retags \u00e5taganden och framsteg i din v\u00e4rdekedja eller ditt n\u00e4tverk.   <\/div>\n                        <div class=\"inner-btn\">\n<a href=\"\/our-smes\/\" target=\"\" class=\"button\">V\u00c5RA SM\u00c5 OCH MEDELST\u00d6RA F\u00d6RETAG<\/a>\n<\/div>\n                            <\/div>\n                    <\/div>\n                                    \n                    <div class=\"guide-block\" id=\"promote\">\n                        <div class=\"title\">Fr\u00e4mja dina anstr\u00e4ngningar<\/div>\n                        <div class=\"inner-block\">\n                        <div class=\"description\">Marknadsf\u00f6r era framsteg med att engagera och st\u00f6dja sm\u00e5 och medelstora f\u00f6retag i att vidta klimat\u00e5tg\u00e4rder genom SME Climate Hub. Lyft fram era insatser via er webbplats, nyhetsbrev, sociala medier, h\u00e5llbarhetsrapporter eller annat material, och p\u00e5verka ytterligare intressenter att st\u00f6dja klimat\u00e5tg\u00e4rder f\u00f6r sm\u00e5 och medelstora f\u00f6retag. <\/div>\n                                                                            <div class=\"accordion-guides\">\n                                                                    <div class=\"guide-wrapper\">\n\t\t\t\t\n                                        <div class=\"accordion-item-guide\" id=\"pdf\">\n                                            <div class=\"accordion-header-guide\" id=\"title-69a177d4dfb6d\">Sociala medier och kommunikationstillg\u00e5ngar   <\/div>\n                                            <div class=\"accordion-content-guide\" id=\"content-69a177d4dfb6d\"><p>Utnyttja v\u00e5ra sociala medier och kommunikationsresurser f\u00f6r att marknadsf\u00f6ra era insatser och uppmuntra era kollegor att st\u00f6dja klimat\u00e5tg\u00e4rder f\u00f6r sm\u00e5 och medelstora f\u00f6retag.<\/p>\n<\/div>\n                                        <\/div>\n                                                                                                                            <div class=\"pdfDiv\"><a href=\"https:\/\/docs.google.com\/presentation\/d\/1KU8hpHDII0326D9_wBJCNAo0TczWDUca0vNcSHmSBa4\/edit?usp=sharing\" target=\"_blank\" class=\"pdfButton\"><svg fill=\"#000000\" width=\"24px\" height=\"24px\" viewBox=\"0 0 24 24\" xmlns=\"http:\/\/www.w3.org\/2000\/svg\">\n                                                    <path d=\"M4.97 11.03a.75.75 0 111.06-1.06L11 14.94V2.75a.75.75 0 011.5 0v12.19l4.97-4.97a.75.75 0 111.06 1.06l-6.25 6.25a.75.75 0 01-1.06 0l-6.25-6.25zm-.22 9.47a.75.75 0 000 1.5h14.5a.75.75 0 000-1.5H4.75z\" \/>\n                                                <\/svg><\/a>\n                                            <\/div>\n                                                                                <\/div>\n                  \n                                                            <\/div>\n                        <\/div>\n                    <\/div>\n                                    \n                    <div class=\"guide-block\" id=\"leader\">\n                        <div class=\"title\">Bli en ledare<\/div>\n                        <div class=\"inner-block\">\n                        <div class=\"description\">F\u00f6r att n\u00e5 global nettonollutsl\u00e4pp \u00e4r det absolut n\u00f6dv\u00e4ndigt att hela ekosystemet av klimatledare samarbetar f\u00f6r att st\u00f6dja, standardisera och effektivisera klimat\u00e5tg\u00e4rder f\u00f6r sm\u00e5 och medelstora f\u00f6retag. SME Climate Hub sammantr\u00e4der och samarbetar med en m\u00e4ngd olika intressenter f\u00f6r att mobilisera och st\u00f6dja sm\u00e5 och medelstora f\u00f6retag p\u00e5 deras resa mot nettonollutsl\u00e4pp. \r\n\r\n<div class=\"inner-btn\">\r\n<a href=\"https:\/\/smeclimatehub.org\/sv\/vara-partners\/\" target=\"_blank\" class=\"button\" style=\"margin-bottom: 24px\">L\u00c4S MER<\/a>\r\n<\/div>\r\n<p>F\u00f6r en \u00f6versikt \u00f6ver de taktiker som st\u00f6rre f\u00f6retag kan implementera f\u00f6r att p\u00e5skynda dekarboniseringen av v\u00e4rdekedjan, <a href=\"https:\/\/www.wemeanbusinesscoalition.org\/value-chain-decarbonization-for-companies\/\" target=\"_blank\">se riktlinjer fr\u00e5n <span>We Mean Business Coalition<\/span><\/a> .<\/p>\r\n<p>Intresserad av att utforska ett samarbete med oss? <a href=\"https:\/\/smeclimatehub.org\/sv\/om-oss\/#anchorForm\">Kontakta oss<\/a> .<\/p><\/div>\n                                                <\/div>\n                    <\/div>\n                                                <\/div>\n        <div class=\"under-message\">\n<a href=\"https:\/\/smeclimatehub.org\/sv\/om-oss\/#anchorForm\">Dela g\u00e4rna med dig av din feedback<\/a> f\u00f6r att hj\u00e4lpa till att utforma befintliga och framtida resurser samt framtida versioner av den h\u00e4r sidan.<\/div>\n    <\/div>\n<\/section>\n  <script>\n    \njQuery(document).ready(function($) {\n    $('a[href$=\".pdf\"]').on('click', function(event) {\n        var pathname = window.location.pathname;\n        var slug = pathname.split('\/').filter(Boolean).pop();\n        var fileName = $(this).text().trim(); \/\/ Get the text of the link as the file name\n        var pdfPath = $(this).attr('href');\n        \/\/ Send a custom event to Google Analytics\n    \/*     gtag('event', 'click_on_PDF', {\n                  'event_category': 'Mobilize your SMEs',\n                  'event_label': pdfPath\n              }); *\/\n              window.dataLayer = window.dataLayer || [];\n        window.dataLayer.push({\n            'event': 'click_on_PDF',\n            'event_category': 'Mobilize your SMEs',\n            'event_label': pdfPath\n        });\n        \/\/ Open the PDF in a new tab\/window\n        window.open(pdfPath, '_blank');\n          \/\/ Send data to WordPress to save\n          savePDFClick(pathname, pdfPath);\n        \/\/ Prevent the default link behavior\n        event.preventDefault();\n      });\n\n      $('.guide-block').hide();\n      $('.guides-header-list li:first-child').addClass('active-link-tab');\n      $('.guide-block:first-child').show();\n      $('.link-guide').on('click', function(e) {\n          var target = $(this).attr('data-filter');\n          $('.guide-block').hide();\n          $('#' + target).show();\n          $(\".guides-header-list li\").removeClass(\"active-link-tab\");\n          $('[data-filter=\"' + target + '\"]').addClass('active-link-tab');\n      });\n\n      const accordionItems = document.querySelectorAll('.accordion-item-guide');\n\n      accordionItems.forEach(item => {\n          const header = item.querySelector('.accordion-header-guide');\n\n          header.addEventListener('click', () => {\n              item.classList.toggle('active');\n              header.classList.toggle('open');\n              const content = item.querySelector('.accordion-content-guide');\n              if (item.classList.contains('active')) {\n                  content.style.display = 'block';\n              } else {\n                  content.style.display = 'none';\n              }\n          });\n      });\n      function savePDFClick(slug, pdfPath) {\n        \/\/ AJAX request to WordPress endpoint\n        $.ajax({\n            url: 'https:\/\/smeclimatehub.org\/wp-admin\/admin-ajax.php', \/\/ WordPress AJAX URL\n            type: 'POST',\n            data: {\n                action: 'save_pdf_click', \/\/ Action hook to handle the request in PHP\n                slug: slug,\n                pdfPath: pdfPath\n            },\n            success: function(response) {\n               \n            },\n            error: function(error) {\n             \n            }\n        });\n    }\n});\n  <\/script>\n\n<section class=\"\">\n<div class=\"ban-bg  mobilize-subbanner\">\n\t<div class=\"container\">\n\t\t<div class=\"content\">\n<div class=\"sub-banner\">\n\n<div class=\"banner-icon-text\">\n\t<img decoding=\"async\" src=\"https:\/\/smeclimatehub.org\/wp-content\/uploads\/2024\/05\/handshakeBlack.svg\">\n<span>SME Climate Hub samarbetar med icke-statliga organisationer, f\u00f6retag, finansinstitut och fler f\u00f6r att \u00f6ka st\u00f6det och resurserna som finns tillg\u00e4ngliga f\u00f6r klimat\u00e5tg\u00e4rder f\u00f6r sm\u00e5f\u00f6retag.<\/span>\n<\/div>\n<div class=\"banner-button\">\n<a href=\"\/partners\/\" class=\"button\">L\u00e4s mer<\/a>\n<\/div>\n<\/div>\n<\/div>\n<\/div>\n<\/div>\n<\/section>\n\n\n\n<section id=\"block-6419aeb5ea4e5\"  class=\"stay-updated mobileze-updated content-block light-bg light-green heading-center pt-half none\">\n\t<div class=\"container\">\n\t\t<div class=\"content-block\">\n\t\t\t\t\t\t\t<h2 class=\"title-section\">\n\t\t\t\t\tH\u00e5ll dig uppdaterad\t\t\t\t<\/h2>\n\t\t\t\t\t\t<div class=\"acf-innerblocks-container\">\n\n<p class=\"has-text-align-center\">Registrera dig till v\u00e5rt nyhetsbrev f\u00f6r att h\u00e5lla dig uppdaterad med de senaste klimatnyheterna.<\/p>\n\n\n\n<p class=\"has-text-align-center\">Dina uppgifter kommer att anv\u00e4ndas f\u00f6r att skicka nyhetsuppdateringar fr\u00e5n SME Climate Hub. Vi kommer endast att skicka relevant information och kommer aldrig att s\u00e4lja dina uppgifter till tredje part. Du har alltid r\u00e4tt att avregistrera dig n\u00e4r som helst. L\u00e4s v\u00e5r <a href=\"https:\/\/smeclimatehub.org\/sv\/integritetspolicy\/\" data-type=\"link\" data-id=\"https:\/\/smeclimatehub.org\/privacy-policy\/\">integritetspolicy<\/a>.   <\/p>\n\n<\/div>\t\t\t<div data-target=\"contact_form\" class=\"form\" id=\"form\">\n\t\t\t\t  <form method=\"post\" class=\"mailchimp-subscription-form\" id=\"stay-updated-form\">\n    <input type=\"hidden\" id=\"stay_updated_nonce\" name=\"stay_updated_nonce\" value=\"15183d4f08\" \/><input type=\"hidden\" name=\"_wp_http_referer\" value=\"\/sv\/wp-json\/wp\/v2\/pages\/86401\" \/>    <div class=\"fields-wrapper\">\n      <div class=\"half\">\n        <label for=\"your-name\">\n          <input type=\"text\" name=\"fullname\" id=\"your-name\" placeholder=\"Fullst\u00e4ndigt namn*\" required \/>\n          <div class=\"field-message\" id=\"fullname-message\"><\/div>\n        <\/label>\n\n        <label>\n          <input type=\"email\" name=\"email\" placeholder=\"E-postadress*\" required \/>\n          <div class=\"field-message\" id=\"email-message\"><\/div>\n        <\/label>\n      <\/div>\n      <div class=\"half\">\n        <label>\n          <input type=\"text\" name=\"organization\" placeholder=\"Organisation*\" required \/>\n          <div class=\"field-message\" id=\"organization-message\"><\/div>\n        <\/label>\n        <label>\n          <select id=\"type_of_org_form\" name=\"type_of_org\" required>\n    <option value=\"\" disabled selected>Vilken typ av organisation \u00e4r du?*<\/option>\n    <option value=\"SME (1-500 employees)\">SME (1-500 anst\u00e4llda)<\/option>\n    <option value=\"Large corporate (500+ employees)\">St\u00f6rre f\u00f6retag  (>500 anst\u00e4llda)<\/option>\n    <option value=\"Government\">Statlig<\/option>\n    <option value=\"Bank \/ Financial institution\">Bank\/Finansiell Institution<\/option>\n    <option value=\"Other\">Annan<\/option>\n<\/select>\n          <div class=\"field-message\" id=\"type_of_org-message\"><\/div>\n        <\/label>\n      <\/div>\n\n      <div class=\"full\">\n        <label id=\"moreInfoDivForm\">\n          <input type=\"text\" name=\"more_info\" placeholder=\"V\u00e4nligen ange organisationstyp\" \/>\n          <div class=\"field-message\" id=\"more_info-message\"><\/div>\n        <\/label>\n        <div class=\"check\">\n          <label>\n                        <input type=\"checkbox\" name=\"agree\" value=\"1\" required>Jag har l\u00e4st och accepterar <a href=\"https:\/\/smeclimatehub.org\/sv\/privacy-policy\/\" target=\"_blank\">integritetspolicyn<\/a> och godk\u00e4nner att SME Climate Hub lagrar mina uppgifter f\u00f6r nyhetsuppdateringar*.\n            <div class=\"field-message\" id=\"agree-message\"><\/div>\n          <\/label>\n        <\/div>\n      <\/div>\n    <\/div>\n    <div style=\"display:none;\">\n      <input type=\"text\" name=\"honeypot\" id=\"honeypot\">\n    <\/div>\n    <input type=\"hidden\" name=\"stayUpdatedSend\" value=\"1\">\n    <input type=\"hidden\" name=\"referrer\" value =\"https:\/\/smeclimatehub.org\/sv\/wp-json\/wp\/v2\/pages\/86401\/\">\n    <button type=\"button\" class=\"button\" id=\"stayUpdatedButton\">H\u00e5ll dig uppdaterad<\/button>\n  <\/form>\n  <div id=\"stayUpdatedResponse\" style=\"text-align:center;padding-top:16px;color:#FACF28;font-size:var(--sme-fs-md-p);font-weight:400;\"><\/div>\n  <script>\n    jQuery(document).ready(function($) {\n      $('#type_of_org_form').change(function() {\n        var selectedValue = $(this).val();\n        if (selectedValue === 'Other') {\n          $('#moreInfoDivForm').show();\n        } else {\n          $('#moreInfoDivForm').hide();\n        }\n      });\n      $('#type_of_org_form').change();\n      $(\"#stayUpdatedButton\").click(function(e) {\n        e.preventDefault();\n\n        \/\/ Check if all required fields are populated\n        var isValid = true;\n\n        $(\".mailchimp-subscription-form [required]\").each(function() {\n          var fieldName = $(this).attr('name');\n  var fieldValue = $(this).val();\n\n  \/\/ Special handling for <select> elements\n  if (fieldValue === \"\" || (this.tagName === \"SELECT\" && ($(this).find(\"option:selected\").val() === \"\"))) {\n    isValid = false;\n    $(\"#\" + fieldName + \"-message\").html(\"Please fill in this field.\");\n  } else {\n    $(\"#\" + fieldName + \"-message\").html(\"\"); \/\/ Clear previous messages\n  }\n        });\n\n        if (!isValid) {\n          return;\n        }\n\n        \/\/ Proceed with AJAX request\n        var formData = $(\"#stay-updated-form\").serialize() + '&stay_updated_nonce=' + nonce;\n        var nonce = '15183d4f08';\n        $.ajax({\n          type: \"POST\",\n          url: \"https:\/\/smeclimatehub.org\/wp-admin\/admin-ajax.php\",\n          data: {\n            action: 'handle_stay_updated_form', \/\/ AJAX action\n            stayUpdatedSend: true,\n            nonce: nonce,\n            formData: $(\"#stay-updated-form\").serialize(), \/\/ Include form data here\n          },\n          success: function(response) {\n            $(\"#stayUpdatedResponse\").html(response);\n          },\n          error: function(xhr, status, error) {\n            console.log(xhr.responseText); \/\/ Log the full error response\n            alert('An error occurred. Please check the console for details.');\n          }\n        });\n      });\n    });\n  <\/script>\n\t\t\t<\/div>\n\t\t<\/div>\n\t<\/div>\n<\/section>\n<script>\njQuery(document).ready(function ($) {\n      if( $( \"html\" ).attr(\"dir\") == \"rtl\" ) {\n        $( \".wpcf7-form\" ).attr(\"dir\", \"rtl\");\n      }\n      $('#type_of_org').change(function() {\n       \n        var selectedValue = $(this).val();\n        if (selectedValue === 'Other') {\n            $('#moreInfoLabel').show();\n        } else {\n            $('#moreInfoLabel').hide();\n        }\n    });\n    $('#type_of_org').change();\n    $('.type_of_org').change(function() {\n       \n       var selectedValue = $(this).val();\n       if (selectedValue === 'Otros') {\n           $('#moreInfoLabel').show();\n       } else {\n           $('#moreInfoLabel').hide();\n       }\n   });\n});\njQuery(document).ready(function() {\n      \/\/ Select the HTML element\n      const htmlElement = document.querySelector('html');\n      \/\/ Create a MutationObserver\n      const observer = new MutationObserver(function(mutations) {\n        mutations.forEach(function(mutation) {\n          if (mutation.attributeName === 'lang') {\n            \/\/ The lang attribute has changed, trigger your function here\n            handleLangChange();\n          }\n        });\n      });\n\n      \/\/ Define the configuration for the MutationObserver\n      const config = { attributes: true, attributeOldValue: true };\n\n      \/\/ Start observing changes to the HTML element\n      observer.observe(htmlElement, config);\n\n      \/\/ Function to handle the lang attribute change\n      function handleLangChange() {\n        if( $( \"html\" ).attr(\"dir\") == \"rtl\" ) {\n        $( \".wpcf7-form\" ).attr(\"dir\", \"rtl\");\n      }else{\n        $( \".wpcf7-form\" ).attr(\"dir\", \"ltr\");\n      }\n      }\n\n    });\n    jQuery(document).ready(function ($) {\n    function scrollToDiv(divId) {\n        var $div = $(divId);\n        if ($div.length) {\n            var windowHeight = $(window).height();\n            var divOffset = $div.offset().top;\n            var divHeight = $div.outerHeight();\n            var scrollToPosition = divOffset - (windowHeight \/ 2) + (divHeight \/ 2) - 100; \/\/ Add 100px offset to the top\n\n            \/\/ Animate scrolling\n            $('html, body').animate({\n                scrollTop: scrollToPosition\n            }, 600); \n        }\n    }\n\n    var fragment = window.location.hash;\n    if (fragment) {\n        scrollToDiv(fragment);\n    }\n\n});\n\n\n<\/script>\n\n<link rel=\"stylesheet\" href=\"https:\/\/cdn.jsdelivr.net\/npm\/swiper@11\/swiper-bundle.min.css\" \/>\n<section class=\"related-posts content-block\">\n    <div class=\"container\">\n    <div class=\"title-header\">\nRelaterat inneh\u00e5ll<\/div>\n\n<div class=\"posts\">\n<div class=\"swiper-wrapper\">\n    <div class=\"blog-post swiper-slide\">\n   <div class=\"inner\">\n           <div class=\"image\">\n               <img decoding=\"async\" width=\"1613\" height=\"1080\" src=\"https:\/\/smeclimatehub.org\/wp-content\/uploads\/2024\/04\/Survey-map-1613x1080-1.png\" class=\"attachment-full size-full\" alt=\"\" loading=\"lazy\" srcset=\"https:\/\/smeclimatehub.org\/wp-content\/uploads\/2024\/04\/Survey-map-1613x1080-1.png 1613w, https:\/\/smeclimatehub.org\/wp-content\/uploads\/2024\/04\/Survey-map-1613x1080-1-300x201.png 300w, https:\/\/smeclimatehub.org\/wp-content\/uploads\/2024\/04\/Survey-map-1613x1080-1-1024x686.png 1024w, https:\/\/smeclimatehub.org\/wp-content\/uploads\/2024\/04\/Survey-map-1613x1080-1-768x514.png 768w, https:\/\/smeclimatehub.org\/wp-content\/uploads\/2024\/04\/Survey-map-1613x1080-1-1536x1028.png 1536w\" sizes=\"auto, (max-width: 1613px) 100vw, 1613px\" \/>           <\/div>\n           <div class=\"text\">\n               <h3 class=\"title-post\">\n                   Climate change increases in priority for small business but barriers to action remain               <\/h3>\n               <span class=\"date\">\n                   april 10, 2024               <\/span>\n               <p>\n                   Download the full report here. Climate change increases in priority for small business but barriers to action remain A new survey indicates &#8230;               <\/p>\n           <\/div>\n           <a aria-label=\"Climate change increases in priority for small business but barriers to action remain\"\n               href=\"https:\/\/smeclimatehub.org\/sv\/climate-change-increases-in-priority-for-small-business-but-barriers-to-action-remain\/\" class=\"link\"><\/a>\n   <\/div>\n<\/div>\n    <div class=\"blog-post swiper-slide\">\n   <div class=\"inner\">\n           <div class=\"image\">\n               <img decoding=\"async\" width=\"2560\" height=\"1707\" src=\"https:\/\/smeclimatehub.org\/wp-content\/uploads\/2023\/12\/jakob-owens-xKfS7Hll0Ck-unsplash-1-scaled-1.jpg\" class=\"attachment-full size-full\" alt=\"\" loading=\"lazy\" srcset=\"https:\/\/smeclimatehub.org\/wp-content\/uploads\/2023\/12\/jakob-owens-xKfS7Hll0Ck-unsplash-1-scaled-1.jpg 2560w, https:\/\/smeclimatehub.org\/wp-content\/uploads\/2023\/12\/jakob-owens-xKfS7Hll0Ck-unsplash-1-scaled-1-300x200.jpg 300w, https:\/\/smeclimatehub.org\/wp-content\/uploads\/2023\/12\/jakob-owens-xKfS7Hll0Ck-unsplash-1-scaled-1-1024x683.jpg 1024w, https:\/\/smeclimatehub.org\/wp-content\/uploads\/2023\/12\/jakob-owens-xKfS7Hll0Ck-unsplash-1-scaled-1-768x512.jpg 768w, https:\/\/smeclimatehub.org\/wp-content\/uploads\/2023\/12\/jakob-owens-xKfS7Hll0Ck-unsplash-1-scaled-1-1536x1024.jpg 1536w, https:\/\/smeclimatehub.org\/wp-content\/uploads\/2023\/12\/jakob-owens-xKfS7Hll0Ck-unsplash-1-scaled-1-2048x1366.jpg 2048w\" sizes=\"auto, (max-width: 2560px) 100vw, 2560px\" \/>           <\/div>\n           <div class=\"text\">\n               <h3 class=\"title-post\">\n                   SME Climate Hub Launches Climate Action Courses               <\/h3>\n               <span class=\"date\">\n                   december 08, 2023               <\/span>\n               <p>\n                   New resources created with support from Netflix aim to drive decarbonization within the film and television production industry, as part of &#8230;               <\/p>\n           <\/div>\n           <a aria-label=\"SME Climate Hub Launches Climate Action Courses\"\n               href=\"https:\/\/smeclimatehub.org\/sv\/sme-climate-hub-launches-climate-action-courses\/\" class=\"link\"><\/a>\n   <\/div>\n<\/div>\n    <div class=\"blog-post swiper-slide\">\n   <div class=\"inner\">\n           <div class=\"image\">\n               <img decoding=\"async\" width=\"2560\" height=\"1040\" src=\"https:\/\/smeclimatehub.org\/wp-content\/uploads\/2023\/12\/Latam-landing-featured-photo-2.png\" class=\"attachment-full size-full\" alt=\"\" loading=\"lazy\" srcset=\"https:\/\/smeclimatehub.org\/wp-content\/uploads\/2023\/12\/Latam-landing-featured-photo-2.png 2560w, https:\/\/smeclimatehub.org\/wp-content\/uploads\/2023\/12\/Latam-landing-featured-photo-2-300x122.png 300w, https:\/\/smeclimatehub.org\/wp-content\/uploads\/2023\/12\/Latam-landing-featured-photo-2-1024x416.png 1024w, https:\/\/smeclimatehub.org\/wp-content\/uploads\/2023\/12\/Latam-landing-featured-photo-2-768x312.png 768w, https:\/\/smeclimatehub.org\/wp-content\/uploads\/2023\/12\/Latam-landing-featured-photo-2-1536x624.png 1536w, https:\/\/smeclimatehub.org\/wp-content\/uploads\/2023\/12\/Latam-landing-featured-photo-2-2048x832.png 2048w\" sizes=\"auto, (max-width: 2560px) 100vw, 2560px\" \/>           <\/div>\n           <div class=\"text\">\n               <h3 class=\"title-post\">\n                   Facilitating successful climate action for Latin American and Caribbean small and medium-sized businesses               <\/h3>\n               <span class=\"date\">\n                   november 15, 2023               <\/span>\n               <p>\n                   Businesses that manage and reduce their greenhouse gas (GHG) emissions have the opportunity to lower their production costs, become more eff&#8230;               <\/p>\n           <\/div>\n           <a aria-label=\"Facilitating successful climate action for Latin American and Caribbean small and medium-sized businesses\"\n               href=\"https:\/\/smeclimatehub.org\/sv\/facilitating-successful-climate-action-for-latin-american-and-caribbean-small-and-medium-sized-businesses\/\" class=\"link\"><\/a>\n   <\/div>\n<\/div>\n    <div class=\"blog-post swiper-slide\">\n   <div class=\"inner\">\n           <div class=\"image\">\n               <img decoding=\"async\" width=\"2560\" height=\"1437\" src=\"https:\/\/smeclimatehub.org\/wp-content\/uploads\/2023\/10\/Header-option-1_-shutterstock_1902549049-scaled.jpg\" class=\"attachment-full size-full\" alt=\"\" loading=\"lazy\" srcset=\"https:\/\/smeclimatehub.org\/wp-content\/uploads\/2023\/10\/Header-option-1_-shutterstock_1902549049-scaled.jpg 2560w, https:\/\/smeclimatehub.org\/wp-content\/uploads\/2023\/10\/Header-option-1_-shutterstock_1902549049-300x168.jpg 300w, https:\/\/smeclimatehub.org\/wp-content\/uploads\/2023\/10\/Header-option-1_-shutterstock_1902549049-1024x575.jpg 1024w, https:\/\/smeclimatehub.org\/wp-content\/uploads\/2023\/10\/Header-option-1_-shutterstock_1902549049-768x431.jpg 768w, https:\/\/smeclimatehub.org\/wp-content\/uploads\/2023\/10\/Header-option-1_-shutterstock_1902549049-1536x862.jpg 1536w, https:\/\/smeclimatehub.org\/wp-content\/uploads\/2023\/10\/Header-option-1_-shutterstock_1902549049-2048x1150.jpg 2048w, https:\/\/smeclimatehub.org\/wp-content\/uploads\/2023\/10\/Header-option-1_-shutterstock_1902549049-1920x1078.jpg 1920w, https:\/\/smeclimatehub.org\/wp-content\/uploads\/2023\/10\/Header-option-1_-shutterstock_1902549049-960x539.jpg 960w, https:\/\/smeclimatehub.org\/wp-content\/uploads\/2023\/10\/Header-option-1_-shutterstock_1902549049-1140x640.jpg 1140w, https:\/\/smeclimatehub.org\/wp-content\/uploads\/2023\/10\/Header-option-1_-shutterstock_1902549049-570x320.jpg 570w, https:\/\/smeclimatehub.org\/wp-content\/uploads\/2023\/10\/Header-option-1_-shutterstock_1902549049-330x185.jpg 330w, https:\/\/smeclimatehub.org\/wp-content\/uploads\/2023\/10\/Header-option-1_-shutterstock_1902549049-195x109.jpg 195w, https:\/\/smeclimatehub.org\/wp-content\/uploads\/2023\/10\/Header-option-1_-shutterstock_1902549049-150x84.jpg 150w\" sizes=\"auto, (max-width: 2560px) 100vw, 2560px\" \/>           <\/div>\n           <div class=\"text\">\n               <h3 class=\"title-post\">\n                   SME Climate Hub partners with the COP28 Presidency to help businesses in the Middle East and North Africa reduce emissions               <\/h3>\n               <span class=\"date\">\n                   oktober 03, 2023               <\/span>\n               <p>\n                   New York, NY \u2013\u202fOctober 3, 2023: The COP28 Presidency in collaboration with the SME Climate Hub and We Mean Business Coalition, have laun&#8230;               <\/p>\n           <\/div>\n           <a aria-label=\"SME Climate Hub partners with the COP28 Presidency to help businesses in the Middle East and North Africa reduce emissions\"\n               href=\"https:\/\/smeclimatehub.org\/sv\/sme-climate-hub-partners-with-the-cop28-presidency-to-help-businesses-in-the-middle-east-and-north-africa-reduce-emissions\/\" class=\"link\"><\/a>\n   <\/div>\n<\/div>\n    <div class=\"blog-post swiper-slide\">\n   <div class=\"inner\">\n           <div class=\"image\">\n               <img decoding=\"async\" width=\"2560\" height=\"1709\" src=\"https:\/\/smeclimatehub.org\/wp-content\/uploads\/2023\/05\/chuttersnap-IfmqOuOkaOA-unsplash-scaled.jpg\" class=\"attachment-full size-full\" alt=\"\" loading=\"lazy\" srcset=\"https:\/\/smeclimatehub.org\/wp-content\/uploads\/2023\/05\/chuttersnap-IfmqOuOkaOA-unsplash-scaled.jpg 2560w, https:\/\/smeclimatehub.org\/wp-content\/uploads\/2023\/05\/chuttersnap-IfmqOuOkaOA-unsplash-300x200.jpg 300w, https:\/\/smeclimatehub.org\/wp-content\/uploads\/2023\/05\/chuttersnap-IfmqOuOkaOA-unsplash-1024x684.jpg 1024w, https:\/\/smeclimatehub.org\/wp-content\/uploads\/2023\/05\/chuttersnap-IfmqOuOkaOA-unsplash-768x513.jpg 768w, https:\/\/smeclimatehub.org\/wp-content\/uploads\/2023\/05\/chuttersnap-IfmqOuOkaOA-unsplash-1536x1025.jpg 1536w, https:\/\/smeclimatehub.org\/wp-content\/uploads\/2023\/05\/chuttersnap-IfmqOuOkaOA-unsplash-2048x1367.jpg 2048w, https:\/\/smeclimatehub.org\/wp-content\/uploads\/2023\/05\/chuttersnap-IfmqOuOkaOA-unsplash-1920x1282.jpg 1920w, https:\/\/smeclimatehub.org\/wp-content\/uploads\/2023\/05\/chuttersnap-IfmqOuOkaOA-unsplash-960x641.jpg 960w, https:\/\/smeclimatehub.org\/wp-content\/uploads\/2023\/05\/chuttersnap-IfmqOuOkaOA-unsplash-1140x761.jpg 1140w, https:\/\/smeclimatehub.org\/wp-content\/uploads\/2023\/05\/chuttersnap-IfmqOuOkaOA-unsplash-570x381.jpg 570w, https:\/\/smeclimatehub.org\/wp-content\/uploads\/2023\/05\/chuttersnap-IfmqOuOkaOA-unsplash-330x220.jpg 330w, https:\/\/smeclimatehub.org\/wp-content\/uploads\/2023\/05\/chuttersnap-IfmqOuOkaOA-unsplash-195x130.jpg 195w, https:\/\/smeclimatehub.org\/wp-content\/uploads\/2023\/05\/chuttersnap-IfmqOuOkaOA-unsplash-150x100.jpg 150w\" sizes=\"auto, (max-width: 2560px) 100vw, 2560px\" \/>           <\/div>\n           <div class=\"text\">\n               <h3 class=\"title-post\">\n                   We Mean Business Coalition and B Lab join forces to drive company progress to net zero               <\/h3>\n               <span class=\"date\">\n                   maj 02, 2023               <\/span>\n               <p>\n                   Leading nonprofits We Mean Business Coalition and B Lab today announced a new partnership to help companies around the world accelerate prog&#8230;               <\/p>\n           <\/div>\n           <a aria-label=\"We Mean Business Coalition and B Lab join forces to drive company progress to net zero\"\n               href=\"https:\/\/smeclimatehub.org\/sv\/we-mean-business-coalition-and-b-lab-join-forces-to-drive-company-progress-to-net-zero\/\" class=\"link\"><\/a>\n   <\/div>\n<\/div>\n        <\/div>\n    <div class=\"swiper-pagination-posts\"><\/div>\n    <\/div>\n\n\n    <\/div>\n<\/section>\n<script src=\"https:\/\/cdn.jsdelivr.net\/npm\/swiper@11\/swiper-bundle.min.js\"><\/script>\n<script>\n    var swiper = new Swiper(\".posts\", {\n\n        pagination: {\n            el: \".swiper-pagination-posts\",\n            dynamicBullets: true,\n            clickable: true,\n        },\n        breakpoints: {\n            768: {\n                slidesPerView: 3,\n            },\n            \/\/ When window width is < 768px (mobile)\n            0: {\n                slidesPerView: 1,\n            }\n        }\n    });\n\n<\/script>\n\n\n<script>\njQuery(document).ready(function ($) {\n    handleHash();\n   $('#scrollForm').click(function (event) {\n         var windowHeight = jQuery(window).height();\n            var formOffset = jQuery(\"#form\").offset().top;\n            var topOffset = formOffset - (windowHeight \/ 2);\n            \n            jQuery('html, body').animate({\n                scrollTop: topOffset\n            }, 800, function () {\n                window.location.hash = cleanhash;\n                console.log('Scrolled to #form');\n            });\n       \n    });\n});\njQuery(window).on('load', function () {\n    handleHash();\n});\nfunction handleHash() {\n    var hash = window.location.hash,\n        cleanhash = hash.replace(\"#\", \"\");\n    if (cleanhash === 'form') {\n        console.log('Attempting to scroll to #form');\n        if (jQuery('#form').length) {\n            console.log('#anchorForm exists');\n            \/\/ Calculate the top offset to center the window vertically\n            var windowHeight = jQuery(window).height();\n            var formOffset = jQuery(\"#form\").offset().top;\n            var topOffset = formOffset - (windowHeight \/ 2);\n            \n            jQuery('html, body').animate({\n                scrollTop: topOffset\n            }, 800, function () {\n                window.location.hash = cleanhash;\n                console.log('Scrolled to #form');\n            });\n        } else {\n            console.log('#form does not exist');\n        }\n    }\n}\n<\/script>\n","protected":false},"excerpt":{"rendered":"","protected":false},"author":10027,"featured_media":0,"parent":0,"menu_order":0,"comment_status":"closed","ping_status":"closed","template":"","meta":{"_acf_changed":true,"inline_featured_image":false,"footnotes":""},"class_list":["post-86401","page","type-page","status-publish","hentry"],"acf":[],"yoast_head":"<title>Mobilisera era sm\u00e5 och medelstora f\u00f6retag - SME Climate Hub<\/title>\n<meta name=\"robots\" content=\"index, follow, max-snippet:-1, max-image-preview:large, max-video-preview:-1\" \/>\n<link rel=\"canonical\" href=\"https:\/\/smeclimatehub.org\/sv\/mobilisera-era-sma-och-medelstora-foretag\/\" \/>\n<meta property=\"og:locale\" content=\"sv_SE\" \/>\n<meta property=\"og:type\" content=\"article\" \/>\n<meta property=\"og:title\" content=\"Mobilisera era sm\u00e5 och medelstora f\u00f6retag - SME Climate Hub\" \/>\n<meta property=\"og:url\" content=\"https:\/\/smeclimatehub.org\/sv\/mobilisera-era-sma-och-medelstora-foretag\/\" \/>\n<meta property=\"og:site_name\" content=\"SME Climate Hub\" \/>\n<meta property=\"article:modified_time\" content=\"2026-02-24T13:51:06+00:00\" \/>\n<meta property=\"og:image\" content=\"https:\/\/smeclimatehub.org\/wp-content\/uploads\/2024\/08\/Preview_four.png\" \/>\n\t<meta property=\"og:image:width\" content=\"2000\" \/>\n\t<meta property=\"og:image:height\" content=\"1124\" \/>\n\t<meta property=\"og:image:type\" content=\"image\/png\" \/>\n<meta name=\"twitter:card\" content=\"summary_large_image\" \/>\n<meta name=\"twitter:label1\" content=\"Est. reading time\" \/>\n\t<meta name=\"twitter:data1\" content=\"1 minut\" \/>\n<script type=\"application\/ld+json\" class=\"yoast-schema-graph\">{\"@context\":\"https:\/\/schema.org\",\"@graph\":[{\"@type\":\"WebPage\",\"@id\":\"https:\/\/smeclimatehub.org\/sv\/mobilisera-era-sma-och-medelstora-foretag\/\",\"url\":\"https:\/\/smeclimatehub.org\/sv\/mobilisera-era-sma-och-medelstora-foretag\/\",\"name\":\"Mobilisera era sm\u00e5 och medelstora f\u00f6retag - SME Climate Hub\",\"isPartOf\":{\"@id\":\"https:\/\/businessclimatehub.org\/es\/#website\"},\"datePublished\":\"2024-05-22T17:29:12+00:00\",\"dateModified\":\"2026-02-24T13:51:06+00:00\",\"breadcrumb\":{\"@id\":\"https:\/\/smeclimatehub.org\/sv\/mobilisera-era-sma-och-medelstora-foretag\/#breadcrumb\"},\"inLanguage\":\"sv-SE\",\"potentialAction\":[{\"@type\":\"ReadAction\",\"target\":[\"https:\/\/smeclimatehub.org\/sv\/mobilisera-era-sma-och-medelstora-foretag\/\"]}]},{\"@type\":\"BreadcrumbList\",\"@id\":\"https:\/\/smeclimatehub.org\/sv\/mobilisera-era-sma-och-medelstora-foretag\/#breadcrumb\",\"itemListElement\":[{\"@type\":\"ListItem\",\"position\":1,\"name\":\"Home\",\"item\":\"https:\/\/smeclimatehub.org\/sv\/\"},{\"@type\":\"ListItem\",\"position\":2,\"name\":\"Mobilisera era sm\u00e5 och medelstora f\u00f6retag\"}]},{\"@type\":\"WebSite\",\"@id\":\"https:\/\/businessclimatehub.org\/es\/#website\",\"url\":\"https:\/\/businessclimatehub.org\/es\/\",\"name\":\"SME Climate hub\",\"description\":\"\",\"publisher\":{\"@id\":\"https:\/\/businessclimatehub.org\/es\/#organization\"},\"potentialAction\":[{\"@type\":\"SearchAction\",\"target\":{\"@type\":\"EntryPoint\",\"urlTemplate\":\"https:\/\/businessclimatehub.org\/es\/?s={search_term_string}\"},\"query-input\":{\"@type\":\"PropertyValueSpecification\",\"valueRequired\":true,\"valueName\":\"search_term_string\"}}],\"inLanguage\":\"sv-SE\"},{\"@type\":\"Organization\",\"@id\":\"https:\/\/businessclimatehub.org\/es\/#organization\",\"name\":\"SME Climate hub\",\"url\":\"https:\/\/businessclimatehub.org\/es\/\",\"logo\":{\"@type\":\"ImageObject\",\"inLanguage\":\"sv-SE\",\"@id\":\"https:\/\/businessclimatehub.org\/es\/#\/schema\/logo\/image\/\",\"url\":\"https:\/\/smeclimatehub.org\/wp-content\/uploads\/2025\/03\/smeLogo-1.png\",\"contentUrl\":\"https:\/\/smeclimatehub.org\/wp-content\/uploads\/2025\/03\/smeLogo-1.png\",\"width\":465,\"height\":245,\"caption\":\"SME Climate hub\"},\"image\":{\"@id\":\"https:\/\/businessclimatehub.org\/es\/#\/schema\/logo\/image\/\"}}]}<\/script>","yoast_head_json":{"title":"Mobilisera era sm\u00e5 och medelstora f\u00f6retag - SME Climate Hub","robots":{"index":"index","follow":"follow","max-snippet":"max-snippet:-1","max-image-preview":"max-image-preview:large","max-video-preview":"max-video-preview:-1"},"canonical":"https:\/\/smeclimatehub.org\/sv\/mobilisera-era-sma-och-medelstora-foretag\/","og_locale":"sv_SE","og_type":"article","og_title":"Mobilisera era sm\u00e5 och medelstora f\u00f6retag - SME Climate Hub","og_url":"https:\/\/smeclimatehub.org\/sv\/mobilisera-era-sma-och-medelstora-foretag\/","og_site_name":"SME Climate Hub","article_modified_time":"2026-02-24T13:51:06+00:00","og_image":[{"width":2000,"height":1124,"url":"https:\/\/smeclimatehub.org\/wp-content\/uploads\/2024\/08\/Preview_four.png","type":"image\/png"}],"twitter_card":"summary_large_image","twitter_misc":{"Est. reading time":"1 minut"},"schema":{"@context":"https:\/\/schema.org","@graph":[{"@type":"WebPage","@id":"https:\/\/smeclimatehub.org\/sv\/mobilisera-era-sma-och-medelstora-foretag\/","url":"https:\/\/smeclimatehub.org\/sv\/mobilisera-era-sma-och-medelstora-foretag\/","name":"Mobilisera era sm\u00e5 och medelstora f\u00f6retag - SME Climate Hub","isPartOf":{"@id":"https:\/\/businessclimatehub.org\/es\/#website"},"datePublished":"2024-05-22T17:29:12+00:00","dateModified":"2026-02-24T13:51:06+00:00","breadcrumb":{"@id":"https:\/\/smeclimatehub.org\/sv\/mobilisera-era-sma-och-medelstora-foretag\/#breadcrumb"},"inLanguage":"sv-SE","potentialAction":[{"@type":"ReadAction","target":["https:\/\/smeclimatehub.org\/sv\/mobilisera-era-sma-och-medelstora-foretag\/"]}]},{"@type":"BreadcrumbList","@id":"https:\/\/smeclimatehub.org\/sv\/mobilisera-era-sma-och-medelstora-foretag\/#breadcrumb","itemListElement":[{"@type":"ListItem","position":1,"name":"Home","item":"https:\/\/smeclimatehub.org\/sv\/"},{"@type":"ListItem","position":2,"name":"Mobilisera era sm\u00e5 och medelstora f\u00f6retag"}]},{"@type":"WebSite","@id":"https:\/\/businessclimatehub.org\/es\/#website","url":"https:\/\/businessclimatehub.org\/es\/","name":"SME Climate hub","description":"","publisher":{"@id":"https:\/\/businessclimatehub.org\/es\/#organization"},"potentialAction":[{"@type":"SearchAction","target":{"@type":"EntryPoint","urlTemplate":"https:\/\/businessclimatehub.org\/es\/?s={search_term_string}"},"query-input":{"@type":"PropertyValueSpecification","valueRequired":true,"valueName":"search_term_string"}}],"inLanguage":"sv-SE"},{"@type":"Organization","@id":"https:\/\/businessclimatehub.org\/es\/#organization","name":"SME Climate hub","url":"https:\/\/businessclimatehub.org\/es\/","logo":{"@type":"ImageObject","inLanguage":"sv-SE","@id":"https:\/\/businessclimatehub.org\/es\/#\/schema\/logo\/image\/","url":"https:\/\/smeclimatehub.org\/wp-content\/uploads\/2025\/03\/smeLogo-1.png","contentUrl":"https:\/\/smeclimatehub.org\/wp-content\/uploads\/2025\/03\/smeLogo-1.png","width":465,"height":245,"caption":"SME Climate hub"},"image":{"@id":"https:\/\/businessclimatehub.org\/es\/#\/schema\/logo\/image\/"}}]}},"_links":{"self":[{"href":"https:\/\/smeclimatehub.org\/sv\/wp-json\/wp\/v2\/pages\/86401","targetHints":{"allow":["GET"]}}],"collection":[{"href":"https:\/\/smeclimatehub.org\/sv\/wp-json\/wp\/v2\/pages"}],"about":[{"href":"https:\/\/smeclimatehub.org\/sv\/wp-json\/wp\/v2\/types\/page"}],"author":[{"embeddable":true,"href":"https:\/\/smeclimatehub.org\/sv\/wp-json\/wp\/v2\/users\/10027"}],"replies":[{"embeddable":true,"href":"https:\/\/smeclimatehub.org\/sv\/wp-json\/wp\/v2\/comments?post=86401"}],"version-history":[{"count":0,"href":"https:\/\/smeclimatehub.org\/sv\/wp-json\/wp\/v2\/pages\/86401\/revisions"}],"wp:attachment":[{"href":"https:\/\/smeclimatehub.org\/sv\/wp-json\/wp\/v2\/media?parent=86401"}],"curies":[{"name":"wp","href":"https:\/\/api.w.org\/{rel}","templated":true}]}}