
{"id":86406,"date":"2020-08-24T13:44:39","date_gmt":"2020-08-24T12:44:39","guid":{"rendered":"https:\/\/smeclimatehub.org\/integritetspolicy\/"},"modified":"2025-09-15T09:44:42","modified_gmt":"2025-09-15T08:44:42","slug":"integritetspolicy","status":"publish","type":"page","link":"https:\/\/smeclimatehub.org\/sv\/integritetspolicy\/","title":{"rendered":"Integritetspolicy"},"content":{"rendered":"<section id=\"block-6513dd211eb9f\"  class=\"hero-section align-content-center bg-image default center-text\">\n\t<div class=\"container\">\n\t\t<div class=\"content\">\n\t\t\t<div class=\"text\">\n\t\t\t\t<div class=\"acf-innerblocks-container\">\n\n<h1 class=\"wp-block-heading\">Integritetspolicy<\/h1>\n\n\n\n<p>Senast reviderad: 15 september 2025<\/p>\n\n<\/div>\t\t\t\t\t\t\t\t\t\t\t\t\t\t\t\t\t\t\t<\/div>\n\t\t\t\t\t\t\t\t\t\t\t\t\t<div class=\"background-image\">\n\t\t\t\t\t<img fetchpriority=\"high\" decoding=\"async\" width=\"2560\" height=\"747\" src=\"https:\/\/smeclimatehub.org\/wp-content\/uploads\/2024\/07\/Banner-tree-scaled.jpg\" class=\"attachment-full size-full\" alt=\"\" loading=\"eager\" srcset=\"https:\/\/smeclimatehub.org\/wp-content\/uploads\/2024\/07\/Banner-tree-scaled.jpg 2560w, https:\/\/smeclimatehub.org\/wp-content\/uploads\/2024\/07\/Banner-tree-300x88.jpg 300w, https:\/\/smeclimatehub.org\/wp-content\/uploads\/2024\/07\/Banner-tree-1024x299.jpg 1024w, https:\/\/smeclimatehub.org\/wp-content\/uploads\/2024\/07\/Banner-tree-768x224.jpg 768w, https:\/\/smeclimatehub.org\/wp-content\/uploads\/2024\/07\/Banner-tree-1536x448.jpg 1536w, https:\/\/smeclimatehub.org\/wp-content\/uploads\/2024\/07\/Banner-tree-2048x597.jpg 2048w\" sizes=\"(max-width: 2560px) 100vw, 2560px\" \/>\t\t\t\t<\/div>\n\t\t\t\t\t<\/div>\n\t<\/div>\n<\/section>\n\n\n\n<section id=\"block-6513dd211ec7f\" class=\"content-editor-section transparent pt-full pb-half\">\n\t<div class=\"container\">\n\t\t<div class=\"content-block \">\n\t\t\t<div class=\"text\">\n\t\t\t\t<div class=\"acf-innerblocks-container\">\n\n<h2 class=\"wp-block-heading\">DATASKYDDSPOLICY<\/h2>\n\n\n\n<p>Senast uppdaterad: 15 september 2025<\/p>\n\n\n\n<p>Information som samlas in via och om denna webbplats samlas in och behandlas av We Mean Business Coalition (\u201dWMBC\u201d), i dess egenskap av v\u00e4rdorganisation f\u00f6r SME Climate Hub och personuppgiftsansvarig.<\/p>\n\n\n\n<p>We Mean Business Coalition (\u201dWe Mean Business\u201d, \u201dvi\u201d, \u201dv\u00e5r\u201d eller \u201doss\u201d) tillhandah\u00e5ller denna integritetspolicy f\u00f6r att beskriva hur vi samlar in, anv\u00e4nder och delar information fr\u00e5n individer som bes\u00f6ker eller anv\u00e4nder v\u00e5r webbplats p\u00e5 smeclimatehub.org (\u201dwebbplatsen\u201d). Var noga med att l\u00e4sa hela denna integritetspolicy innan du anv\u00e4nder eller skickar in information via webbplatsen.<\/p>\n\n\n\n<h2 class=\"wp-block-heading\">INFORMATIONSINSAMLING<\/h2>\n\n\n\n<p>N\u00e4r du anv\u00e4nder v\u00e5r webbplats kan du frivilligt l\u00e4mna information om dig sj\u00e4lv och din organisation, inklusive ditt namn, din e-postadress och annan information som du v\u00e4ljer att l\u00e4mna. Vi samlar in denna information n\u00e4r du registrerar dig som anv\u00e4ndare av webbplatsen, kontaktar oss eller interagerar med oss f\u00f6r n\u00e5got annat \u00e4ndam\u00e5l. <\/p>\n\n\n\n<p>Vi samlar \u00e4ven automatiskt in information om dina interaktioner med oss och v\u00e5r webbplats, inklusive webbl\u00e4sartyp, IP-adress, bes\u00f6kta sidor och andra aktiviteter p\u00e5 webbplatsen, enhetstyp, tid och datum f\u00f6r bes\u00f6ket, och annan information som vi samlar in genom anv\u00e4ndning av cookies, webbfyrar, taggar och liknande tekniker. Se avsnittet &#8221;Digital annonsering och analys&#8221; i denna integritetspolicy f\u00f6r att l\u00e4ra dig mer om anv\u00e4ndningen av denna information och de val som \u00e4r tillg\u00e4ngliga f\u00f6r dig. <\/p>\n\n\n\n<h2 class=\"wp-block-heading\">INFORMATIONSANV\u00c4NDNING<\/h2>\n\n\n\n<p>Vi kan komma att anv\u00e4nda tillhandah\u00e5llen information f\u00f6r alla lagliga \u00e4ndam\u00e5l, inklusive f\u00f6ljande:<\/p>\n\n\n\n<ul class=\"wp-block-list\">\n<li>F\u00f6r att kontakta dig via e-post eller andra former av kommunikation ang\u00e5ende uppdateringar eller informativ kommunikation relaterad till v\u00e5rt uppdrag och v\u00e5ra initiativ, din och\/eller din organisations relation med oss, och de funktioner, produkter eller avtalade tj\u00e4nster vi tillhandah\u00e5ller dig eller din organisation;<\/li>\n\n\n\n<li>F\u00f6r att tillhandah\u00e5lla och underh\u00e5lla v\u00e5r webbplats, inklusive att \u00f6vervaka anv\u00e4ndningen av v\u00e5ra tj\u00e4nster;<\/li>\n\n\n\n<li>F\u00f6r att svara p\u00e5 dina f\u00f6rfr\u00e5gningar och hantera f\u00f6rfr\u00e5gningar som du skickar till oss;<\/li>\n\n\n\n<li>F\u00f6r att hantera ditt konto, inklusive att hantera din registrering som anv\u00e4ndare av webbplatsen och de personuppgifter du tillhandah\u00e5ller;<\/li>\n\n\n\n<li>F\u00f6r att f\u00f6rse dig med nyheter, specialerbjudanden och allm\u00e4n information om andra varor, tj\u00e4nster och evenemang som vi erbjuder och som kan vara av intresse f\u00f6r dig;<\/li>\n\n\n\n<li>F\u00f6r att driva och f\u00f6rb\u00e4ttra v\u00e5ra tj\u00e4nster;<\/li>\n\n\n\n<li>F\u00f6r att driva, anpassa och f\u00f6rb\u00e4ttra webbplatsen, inklusive f\u00f6r reklam- och analys\u00e4ndam\u00e5l;<\/li>\n\n\n\n<li>F\u00f6r att f\u00f6rebygga och uppt\u00e4cka bedr\u00e4gerier;<\/li>\n\n\n\n<li>F\u00f6r att f\u00f6lja lagen och uppr\u00e4tth\u00e5lla webbplatsens s\u00e4kerhet; eller<\/li>\n\n\n\n<li>Med samtycke, eller enligt vad som p\u00e5 annat s\u00e4tt uppges vid tidpunkten d\u00e5 informationen samlas in.<\/li>\n<\/ul>\n\n\n\n<h2 class=\"wp-block-heading\">INFORMATIONSDELNING<\/h2>\n\n\n\n<p>Vi kan komma att dela den information vi samlar in med andra parter, inklusive f\u00f6ljande:<\/p>\n\n\n\n<ul class=\"wp-block-list\">\n<li>Med v\u00e5ra deltagande f\u00f6retag och organisationer;<\/li>\n\n\n\n<li>Med tredjepartsleverant\u00f6rer eller leverant\u00f6rer som behandlar data f\u00f6r v\u00e5r r\u00e4kning f\u00f6r att underl\u00e4tta v\u00e5r aff\u00e4rsverksamhet, s\u00e5som e-postleverant\u00f6rer;<\/li>\n\n\n\n<li>Med tredje part eller andra granskade partners;<\/li>\n\n\n\n<li>Med dotterbolag, inklusive v\u00e5rt moderbolag och andra dotterbolag, joint venture-partners eller andra f\u00f6retag under gemensam kontroll, i vilket fall vi kommer att kr\u00e4va att s\u00e5dana dotterbolag f\u00f6ljer denna integritetspolicy;<\/li>\n\n\n\n<li>N\u00e4r det \u00e4r n\u00f6dv\u00e4ndigt f\u00f6r att uppfylla v\u00e5ra r\u00e4ttsliga och\/eller regulatoriska skyldigheter, eller n\u00e4r vi tvingas g\u00f6ra det av en myndighet, domstol eller annan enhet (t.ex. som svar p\u00e5 st\u00e4mningar, domstolsbeslut eller r\u00e4ttsliga processer);<\/li>\n\n\n\n<li>N\u00e4r det \u00e4r n\u00f6dv\u00e4ndigt eller l\u00e4mpligt f\u00f6r att skydda eller f\u00f6rsvara r\u00e4ttigheterna, s\u00e4kerheten eller egendomen f\u00f6r We Mean Business, anv\u00e4ndare av webbplatsen eller n\u00e5gon annan person, inklusive f\u00f6r att uppr\u00e4tth\u00e5lla v\u00e5ra avtal, policyer och anv\u00e4ndarvillkor;<\/li>\n\n\n\n<li>I h\u00e4ndelse av konkurs, fusion, f\u00f6rv\u00e4rv, kontroll\u00f6verf\u00f6ring, joint venture eller annan f\u00f6retagssammanslagning som involverar oss eller v\u00e5ra n\u00e4rst\u00e5ende f\u00f6retag; eller<\/li>\n\n\n\n<li>Med ditt samtycke, eller enligt vad som p\u00e5 annat s\u00e4tt uppges vid tidpunkten f\u00f6r datainsamling eller delning.<\/li>\n<\/ul>\n\n\n\n<p>Vi kan komma att dela information som har avidentifierats eller aggregerats utan begr\u00e4nsning.<\/p>\n\n\n\n<h2 class=\"wp-block-heading\">S\u00c4KERHET<\/h2>\n\n\n\n<p>F\u00f6r att f\u00f6rhindra obeh\u00f6rig \u00e5tkomst, anv\u00e4ndning eller avsl\u00f6jande av information som vi samlar in har vi inf\u00f6rt kommersiellt rimliga fysiska, elektroniska och administrativa rutiner utformade f\u00f6r att skydda personuppgifter.<\/p>\n\n\n\n<h2 class=\"wp-block-heading\">SM\u00c5KAKOR<\/h2>\n\n\n\n<p>Kakor \u00e4r sm\u00e5 filer som placeras p\u00e5 din enhet n\u00e4r du bes\u00f6ker en webbplats. Du kan instruera din webbl\u00e4sare att neka alla kakor. Om du inte accepterar kakor kan du dock inte anv\u00e4nda vissa delar av webbplatsen. Vi anv\u00e4nder b\u00e5de &#8221;permanenta&#8221; och &#8221;sessionskakor&#8221; f\u00f6r de syften som anges nedan:   <\/p>\n\n\n\n<h3 class=\"wp-block-heading\">N\u00d6DV\u00c4NDIGA KAKOR<\/h3>\n\n\n\n<p>Typ: Sessionscookies<br> Administreras av: Oss<\/p>\n\n\n\n<p>Syfte: Dessa cookies \u00e4r viktiga f\u00f6r att ge dig tillg\u00e5ng till tj\u00e4nster som \u00e4r tillg\u00e4ngliga via webbplatsen och f\u00f6r att du ska kunna anv\u00e4nda dess funktioner. De hj\u00e4lper till att autentisera anv\u00e4ndare och f\u00f6rhindra bedr\u00e4glig anv\u00e4ndning av anv\u00e4ndarkonton. Utan dessa cookies kan de tj\u00e4nster du har beg\u00e4rt inte tillhandah\u00e5llas, och vi anv\u00e4nder dem endast f\u00f6r att ge dig dessa tj\u00e4nster.  <\/p>\n\n\n\n<h3 class=\"wp-block-heading\">FUNKTIONELLA COOKIES<\/h3>\n\n\n\n<p>Typ: Permanenta cookies<br> Administreras av: Oss<\/p>\n\n\n\n<p>Syfte: Dessa cookies g\u00f6r det m\u00f6jligt f\u00f6r oss att komma ih\u00e5g val du g\u00f6r n\u00e4r du anv\u00e4nder webbplatsen, till exempel dina inloggningsuppgifter eller spr\u00e5kinst\u00e4llningar. Syftet med dessa cookies \u00e4r att ge dig en mer personlig upplevelse och att undvika att du beh\u00f6ver ange dina inst\u00e4llningar varje g\u00e5ng du anv\u00e4nder webbplatsen. <\/p>\n\n\n\n<h3 class=\"wp-block-heading\">PRESTANDAKAKA<\/h3>\n\n\n\n<p>Typ: Permanenta cookies<br> Administreras av: Tredje parter<\/p>\n\n\n\n<p>Syfte: Dessa cookies anv\u00e4nds f\u00f6r att sp\u00e5ra information om trafik till webbplatsen och hur anv\u00e4ndare anv\u00e4nder webbplatsen. Informationen som samlas in via dessa cookies kan direkt eller indirekt identifiera dig som en enskild bes\u00f6kare. Detta beror p\u00e5 att informationen som samlas in vanligtvis \u00e4r kopplad till en pseudonym identifierare som \u00e4r kopplad till den enhet du anv\u00e4nder f\u00f6r att bes\u00f6ka webbplatsen. Vi kan ocks\u00e5 anv\u00e4nda dessa cookies f\u00f6r att testa nya sidor, funktioner eller ny funktionalitet p\u00e5 webbplatsen f\u00f6r att se hur v\u00e5ra anv\u00e4ndare reagerar p\u00e5 dem.   <\/p>\n\n\n\n<h3 class=\"wp-block-heading\">RIKTADE KAKOR<\/h3>\n\n\n\n<p>Typ: Permanenta cookies<br> Administreras av: Tredje parter<\/p>\n\n\n\n<p>Syfte: Dessa cookies placeras av v\u00e5ra annonspartners och kan anv\u00e4ndas av dessa f\u00f6retag f\u00f6r att skapa en profil utifr\u00e5n dina intressen och visa dig relevanta annonser p\u00e5 andra webbplatser. Om du inte till\u00e5ter dessa cookies kommer du att uppleva mindre riktad annonsering. <\/p>\n\n\n\n<h2 class=\"wp-block-heading\">DIGITAL ANNONSERING OCH ANALYS<\/h2>\n\n\n\n<p>Vi kan samarbeta med annonsn\u00e4tverk och andra annonsleverant\u00f6rer (\u201dannonsleverant\u00f6rer\u201d) som visar annonser f\u00f6r v\u00e5r och andras r\u00e4kning p\u00e5 icke-anslutna plattformar. Vissa av dessa annonser kan vara personligt anpassade, vilket inneb\u00e4r att de \u00e4r avsedda att vara relevanta f\u00f6r dig baserat p\u00e5 information som annonsleverant\u00f6rer samlar in om din anv\u00e4ndning av webbplatsen och andra webbplatser eller appar \u00f6ver tid, inklusive information om relationer mellan olika webbl\u00e4sare och enheter. Denna typ av reklam kallas intressebaserad reklam.<\/p>\n\n\n\n<p>Vi kan ocks\u00e5 komma att samarbeta med tredje part som samlar in data om din anv\u00e4ndning av webbplatsen och andra webbplatser eller appar \u00f6ver tid f\u00f6r icke-reklam\u00e4ndam\u00e5l. Vi anv\u00e4nder Google Analytics och andra tredjepartstj\u00e4nster f\u00f6r att f\u00f6rb\u00e4ttra webbplatsens prestanda och f\u00f6r analys- och marknadsf\u00f6rings\u00e4ndam\u00e5l. F\u00f6r mer information om hur Google Analytics samlar in och anv\u00e4nder data n\u00e4r du anv\u00e4nder v\u00e5r webbplats, bes\u00f6k <a rel=\"noreferrer noopener\" href=\"https:\/\/policies.google.com\/technologies\/partner-sites\" target=\"_blank\">www.google.com\/policies\/privacy\/partners<\/a> , och f\u00f6r att v\u00e4lja bort Google Analytics, bes\u00f6k <a rel=\"noreferrer noopener\" href=\"https:\/\/tools.google.com\/dlpage\/gaoptout\" target=\"_blank\">https:\/\/tools.google.com\/dlpage\/gaoptout<\/a> .<\/p>\n\n\n\n<h2 class=\"wp-block-heading\">L\u00c4NKAR OCH VERKTYG FR\u00c5N TREDJE PARTER<\/h2>\n\n\n\n<p>Vi kan komma att tillhandah\u00e5lla l\u00e4nkar p\u00e5 webbplatsen till webbplatser eller appar fr\u00e5n tredje part, inklusive plugin-program som l\u00e4nkar till sociala medier som Facebook och YouTube. Dessa webbplatser och appar \u00e4r oberoende av We Mean Business och har sina egna separata integritetspolicyer. We Mean Business ansvarar inte f\u00f6r integritetspraxis eller inneh\u00e5ll p\u00e5 s\u00e5dana webbplatser eller appar fr\u00e5n tredje part. Vi rekommenderar att du granskar tredjeparternas integritetspolicyer innan du bes\u00f6ker dessa webbplatser eller appar f\u00f6r att l\u00e4ra dig mer om deras databehandlingspraxis.<\/p>\n\n\n\n<p>Webbplatsen kan ocks\u00e5 inneh\u00e5lla integrerade verktyg f\u00f6r sociala medier eller &#8221;plugins&#8221;, s\u00e5som verktyg f\u00f6r sociala n\u00e4tverk som erbjuds av tredje part. Om du anv\u00e4nder dessa verktyg f\u00f6r att dela information eller p\u00e5 annat s\u00e4tt interagerar med dessa funktioner p\u00e5 webbplatsen kan dessa f\u00f6retag samla in information om dig och anv\u00e4nda och dela s\u00e5dan information i enlighet med dina kontoinst\u00e4llningar, inklusive genom att dela s\u00e5dan information med allm\u00e4nheten. Dina interaktioner med tredjepartsf\u00f6retag och din anv\u00e4ndning av deras funktioner regleras av sekretessmeddelandena fr\u00e5n de f\u00f6retag som tillhandah\u00e5ller dessa funktioner. Vi uppmuntrar dig att noggrant l\u00e4sa sekretessmeddelandena f\u00f6r alla konton du skapar och anv\u00e4nder.<\/p>\n\n\n\n<h2 class=\"wp-block-heading\">AVREGGA BORT E-POSTMEDDELANDEN<\/h2>\n\n\n\n<p>Vi kan komma att anv\u00e4nda personuppgifter f\u00f6r att skicka ut nyhetsbrev, meddelanden eller annan information som kan vara av intresse f\u00f6r dig. Du kan v\u00e4lja att inte ta emot dessa meddelanden fr\u00e5n oss genom att f\u00f6lja l\u00e4nken \u201davsluta prenumerationen\u201d eller instruktionerna i s\u00e5dana e-postmeddelanden eller genom att kontakta oss p\u00e5 <a href=\"mailto:operations@wmbcoalition.org\">operations@wmbcoalition.org<\/a> . <\/p>\n\n\n\n<p>Observera att du inte kan v\u00e4lja bort e-postmeddelanden som inneh\u00e5ller information om din organisations klimat\u00e5taganden eller som bekr\u00e4ftar donationer.<\/p>\n\n\n\n<h2 class=\"wp-block-heading\">ANV\u00c4NDARE UTAN AMERIKANSKA PERSONER<\/h2>\n\n\n\n<p>Detta avsnitt g\u00e4ller bes\u00f6kare som bes\u00f6ker webbplatsen eller tillhandah\u00e5ller information till oss fr\u00e5n Europeiska ekonomiska samarbetsomr\u00e5det (\u201dEES\u201d), Schweiz eller Storbritannien (\u201dStorbritannien\u201d).<\/p>\n\n\n\n<h3 class=\"wp-block-heading\">R\u00c4TTSLIG GRUND F\u00d6R BEHANDLING<\/h3>\n\n\n\n<p>Vi kan f\u00f6rlita oss p\u00e5 f\u00f6ljande r\u00e4ttsliga grunder f\u00f6r att behandla personuppgifter om dig:<\/p>\n\n\n\n<ul class=\"wp-block-list\">\n<li>Samtycke: d\u00e4r du har l\u00e4mnat ditt samtycke till att behandla personuppgifter f\u00f6r ett eller flera specifika \u00e4ndam\u00e5l, till exempel f\u00f6r reklammeddelanden via e-post. Du har r\u00e4tt att \u00e5terkalla ditt samtycke genom att kontakta oss p\u00e5 <a href=\"mailto:operations@wmbcoalition.org\" target=\"_blank\" rel=\"noreferrer noopener\">operations@wmbcoalition.org<\/a>, och n\u00e4r det g\u00e4ller e-post kan du \u00e4ven \u00e5terkalla ditt samtycke enligt beskrivningen ovan;<\/li>\n\n\n\n<li>Fullg\u00f6rande av avtal: n\u00e4r behandling av personuppgifter \u00e4r n\u00f6dv\u00e4ndig f\u00f6r att fullg\u00f6ra ett avtal med dig eller din organisation, eller om du har beg\u00e4rt att vi g\u00f6r n\u00e5got innan ett avtal ing\u00e5s, s\u00e5som att g\u00f6ra ett klimatl\u00f6fte eller ge en donation;<\/li>\n\n\n\n<li>R\u00e4ttslig skyldighet: d\u00e4r behandling av personuppgifter \u00e4r n\u00f6dv\u00e4ndig f\u00f6r att uppfylla v\u00e5ra r\u00e4ttsliga och regulatoriska skyldigheter<\/li>\n\n\n\n<li>Vitala intressen: n\u00e4r behandling \u00e4r n\u00f6dv\u00e4ndig f\u00f6r att skydda dina eller en annan persons vitala intressen;<\/li>\n\n\n\n<li>Ber\u00e4ttigat intresse: N\u00e4r det \u00e4r n\u00f6dv\u00e4ndigt att behandla personuppgifter f\u00f6r \u00e4ndam\u00e5l som r\u00f6r ett viktigt kommersiellt eller aff\u00e4rsintresse.<\/li>\n<\/ul>\n\n\n\n<h3 class=\"wp-block-heading\">R\u00c4TTIGHETER F\u00d6R DEN SIGNARIVADE<\/h3>\n\n\n\n<p>Du har r\u00e4tt att:<\/p>\n\n\n\n<ul class=\"wp-block-list\">\n<li>Beg\u00e4ra tillg\u00e5ng till de personuppgifter vi har om dig;<\/li>\n\n\n\n<li>Beg\u00e4ra r\u00e4ttelse och\/eller radering av personuppgifter som vi har om dig;<\/li>\n\n\n\n<li>Beg\u00e4ra att vi begr\u00e4nsar behandlingen av personuppgifter om dig under vissa omst\u00e4ndigheter;<\/li>\n\n\n\n<li>Inv\u00e4nda mot automatiserat beslutsfattande baserat p\u00e5 ditt beteende, s\u00e5som analyser f\u00f6r direktmarknadsf\u00f6ring som utf\u00f6rs av oss;<\/li>\n\n\n\n<li>Beg\u00e4ra \u00f6verf\u00f6ring av personuppgifter som vi har om dig till en annan part (dvs. r\u00e4tten till dataportabilitet) d\u00e4r behandlingen baseras p\u00e5 v\u00e5rt avtal med dig eller p\u00e5 ditt samtycke);<\/li>\n\n\n\n<li>\u00c5terkalla ditt samtycke till behandling av personuppgifter, om vi tidigare inh\u00e4mtat ditt samtycke.<\/li>\n<\/ul>\n\n\n\n<p>F\u00f6r att ut\u00f6va n\u00e5gon av dessa r\u00e4ttigheter, v\u00e4nligen kontakta oss via avsnittet &#8221;Kontakta oss&#8221; nedan. Observera att We Mean Business eventuellt inte kan ge dig dessa r\u00e4ttigheter under vissa omst\u00e4ndigheter, till exempel om vi \u00e4r lagligt f\u00f6rhindrade fr\u00e5n att g\u00f6ra det. Dessutom har du r\u00e4tt att l\u00e4mna in ett klagom\u00e5l mot oss. F\u00f6r att g\u00f6ra det, kontakta dataskyddsmyndigheten i ditt hemland.   <\/p>\n\n\n\n<h3 class=\"wp-block-heading\">LAGRING AV PERSONUPPGIFTER<\/h3>\n\n\n\n<p>Vi kommer endast att beh\u00e5lla personuppgifter s\u00e5 l\u00e4nge som det \u00e4r n\u00f6dv\u00e4ndigt f\u00f6r de \u00e4ndam\u00e5l som anges i denna integritetspolicy. Vi kommer att beh\u00e5lla och anv\u00e4nda personuppgifter i den utstr\u00e4ckning det \u00e4r n\u00f6dv\u00e4ndigt f\u00f6r att uppfylla v\u00e5ra r\u00e4ttsliga skyldigheter (till exempel om vi \u00e4r skyldiga att beh\u00e5lla dina uppgifter f\u00f6r att f\u00f6lja g\u00e4llande lagar), l\u00f6sa tvister och uppr\u00e4tth\u00e5lla v\u00e5ra juridiska avtal och policyer. <\/p>\n\n\n\n<p>Vi kommer \u00e4ven att lagra anv\u00e4ndningsdata f\u00f6r interna analys\u00e4ndam\u00e5l. Anv\u00e4ndningsdata lagras generellt under en kortare tidsperiod, f\u00f6rutom n\u00e4r dessa uppgifter anv\u00e4nds f\u00f6r att st\u00e4rka s\u00e4kerheten eller f\u00f6rb\u00e4ttra webbplatsens funktionalitet, eller n\u00e4r vi \u00e4r lagligt skyldiga att lagra dessa uppgifter under l\u00e4ngre tidsperioder. <\/p>\n\n\n\n<h3 class=\"wp-block-heading\">\u00d6VERF\u00d6RING AV PERSONUPPGIFTER<\/h3>\n\n\n\n<p>Personuppgifter som vi samlar in kan komma att \u00f6verf\u00f6ras till och lagras p\u00e5 servrar eller databaser utanf\u00f6r din delstat, provins, land eller annan myndighetsjurisdiktion d\u00e4r dataskyddslagarna kan skilja sig fr\u00e5n de i din jurisdiktion, inklusive i USA. Vid \u00f6verf\u00f6ring av personuppgifter till l\u00e4nder utanf\u00f6r EES eller Storbritannien kommer vi att vidta alla rimligen n\u00f6dv\u00e4ndiga \u00e5tg\u00e4rder f\u00f6r att s\u00e4kerst\u00e4lla att tillr\u00e4ckliga kontroller finns p\u00e5 plats f\u00f6r att garantera skyddet av personuppgifter. <\/p>\n\n\n\n<h2 class=\"wp-block-heading\">\u00c4NDRINGAR I DENNA INTEGRITETSPOLICY<\/h2>\n\n\n\n<p>Vi kan komma att \u00e4ndra denna integritetspolicy fr\u00e5n tid till annan. Du b\u00f6r regelbundet kontrollera den h\u00e4r sidan f\u00f6r att f\u00e5 information om eventuella uppdateringar. Om vi g\u00f6r \u00e4ndringar i denna integritetspolicy kommer vi att publicera den \u00e4ndrade versionen p\u00e5 v\u00e5r webbplats och ikrafttr\u00e4dandedatumet kommer att uppdateras.  <\/p>\n\n\n\n<h2 class=\"wp-block-heading\">KONTAKTA OSS<\/h2>\n\n\n\n<p>Om du har n\u00e5gra fr\u00e5gor om denna integritetspolicy kan du kontakta oss via e-post p\u00e5 <a href=\"mailto:operations@wmbcoalition.org\">operations@wmbcoalition.org<\/a> .<\/p>\n\n<\/div>\t\t\t\t\t\t\t<\/div>\n\t\t\t\t\t<\/div>\n\t<\/div>\n<\/section>\n\n\n<div class=\"stay-updated-block darkBackground \">\n\t<div class=\"container\">\n<div class=\"column\">\n<h2>H\u00e5ll dig uppdaterad<\/h2>\n<p>Registrera dig till v\u00e5rt nyhetsbrev f\u00f6r att h\u00e5lla dig uppdaterad med de senaste klimatnyheterna.<\/p>\n<\/div>\n<div class=\"column\">\n\t<button data-popup-button=\"stay-updated-form\" type=\"button\" class=\"button none\">Prenumerera<\/button>\n<\/div>\n<\/div>\n\n<\/div>","protected":false},"excerpt":{"rendered":"","protected":false},"author":1,"featured_media":0,"parent":0,"menu_order":0,"comment_status":"closed","ping_status":"closed","template":"","meta":{"_acf_changed":false,"inline_featured_image":false,"footnotes":""},"class_list":["post-86406","page","type-page","status-publish","hentry"],"acf":[],"yoast_head":"<title>Integritetspolicy - SME Climate Hub<\/title>\n<meta name=\"robots\" content=\"index, follow, max-snippet:-1, max-image-preview:large, max-video-preview:-1\" \/>\n<link rel=\"canonical\" href=\"https:\/\/smeclimatehub.org\/sv\/integritetspolicy\/\" \/>\n<meta property=\"og:locale\" content=\"sv_SE\" \/>\n<meta property=\"og:type\" content=\"article\" \/>\n<meta property=\"og:title\" content=\"Integritetspolicy - SME Climate Hub\" \/>\n<meta property=\"og:url\" content=\"https:\/\/smeclimatehub.org\/sv\/integritetspolicy\/\" \/>\n<meta property=\"og:site_name\" content=\"SME Climate Hub\" \/>\n<meta property=\"article:modified_time\" content=\"2025-09-15T08:44:42+00:00\" \/>\n<meta property=\"og:image\" content=\"https:\/\/smeclimatehub.org\/wp-content\/uploads\/2024\/08\/Preview_four.png\" \/>\n\t<meta property=\"og:image:width\" content=\"2000\" \/>\n\t<meta property=\"og:image:height\" content=\"1124\" \/>\n\t<meta property=\"og:image:type\" content=\"image\/png\" \/>\n<meta name=\"twitter:card\" content=\"summary_large_image\" \/>\n<meta name=\"twitter:label1\" content=\"Est. reading time\" \/>\n\t<meta name=\"twitter:data1\" content=\"9 minuter\" \/>\n<script type=\"application\/ld+json\" class=\"yoast-schema-graph\">{\"@context\":\"https:\/\/schema.org\",\"@graph\":[{\"@type\":\"WebPage\",\"@id\":\"https:\/\/smeclimatehub.org\/sv\/integritetspolicy\/\",\"url\":\"https:\/\/smeclimatehub.org\/sv\/integritetspolicy\/\",\"name\":\"Integritetspolicy - SME Climate Hub\",\"isPartOf\":{\"@id\":\"https:\/\/businessclimatehub.org\/es\/#website\"},\"datePublished\":\"2020-08-24T12:44:39+00:00\",\"dateModified\":\"2025-09-15T08:44:42+00:00\",\"breadcrumb\":{\"@id\":\"https:\/\/smeclimatehub.org\/sv\/integritetspolicy\/#breadcrumb\"},\"inLanguage\":\"sv-SE\",\"potentialAction\":[{\"@type\":\"ReadAction\",\"target\":[\"https:\/\/smeclimatehub.org\/sv\/integritetspolicy\/\"]}]},{\"@type\":\"BreadcrumbList\",\"@id\":\"https:\/\/smeclimatehub.org\/sv\/integritetspolicy\/#breadcrumb\",\"itemListElement\":[{\"@type\":\"ListItem\",\"position\":1,\"name\":\"Home\",\"item\":\"https:\/\/smeclimatehub.org\/sv\/\"},{\"@type\":\"ListItem\",\"position\":2,\"name\":\"Integritetspolicy\"}]},{\"@type\":\"WebSite\",\"@id\":\"https:\/\/businessclimatehub.org\/es\/#website\",\"url\":\"https:\/\/businessclimatehub.org\/es\/\",\"name\":\"SME Climate hub\",\"description\":\"\",\"publisher\":{\"@id\":\"https:\/\/businessclimatehub.org\/es\/#organization\"},\"potentialAction\":[{\"@type\":\"SearchAction\",\"target\":{\"@type\":\"EntryPoint\",\"urlTemplate\":\"https:\/\/businessclimatehub.org\/es\/?s={search_term_string}\"},\"query-input\":{\"@type\":\"PropertyValueSpecification\",\"valueRequired\":true,\"valueName\":\"search_term_string\"}}],\"inLanguage\":\"sv-SE\"},{\"@type\":\"Organization\",\"@id\":\"https:\/\/businessclimatehub.org\/es\/#organization\",\"name\":\"SME Climate hub\",\"url\":\"https:\/\/businessclimatehub.org\/es\/\",\"logo\":{\"@type\":\"ImageObject\",\"inLanguage\":\"sv-SE\",\"@id\":\"https:\/\/businessclimatehub.org\/es\/#\/schema\/logo\/image\/\",\"url\":\"https:\/\/smeclimatehub.org\/wp-content\/uploads\/2025\/03\/smeLogo-1.png\",\"contentUrl\":\"https:\/\/smeclimatehub.org\/wp-content\/uploads\/2025\/03\/smeLogo-1.png\",\"width\":465,\"height\":245,\"caption\":\"SME Climate hub\"},\"image\":{\"@id\":\"https:\/\/businessclimatehub.org\/es\/#\/schema\/logo\/image\/\"}}]}<\/script>","yoast_head_json":{"title":"Integritetspolicy - SME Climate Hub","robots":{"index":"index","follow":"follow","max-snippet":"max-snippet:-1","max-image-preview":"max-image-preview:large","max-video-preview":"max-video-preview:-1"},"canonical":"https:\/\/smeclimatehub.org\/sv\/integritetspolicy\/","og_locale":"sv_SE","og_type":"article","og_title":"Integritetspolicy - SME Climate Hub","og_url":"https:\/\/smeclimatehub.org\/sv\/integritetspolicy\/","og_site_name":"SME Climate Hub","article_modified_time":"2025-09-15T08:44:42+00:00","og_image":[{"width":2000,"height":1124,"url":"https:\/\/smeclimatehub.org\/wp-content\/uploads\/2024\/08\/Preview_four.png","type":"image\/png"}],"twitter_card":"summary_large_image","twitter_misc":{"Est. reading time":"9 minuter"},"schema":{"@context":"https:\/\/schema.org","@graph":[{"@type":"WebPage","@id":"https:\/\/smeclimatehub.org\/sv\/integritetspolicy\/","url":"https:\/\/smeclimatehub.org\/sv\/integritetspolicy\/","name":"Integritetspolicy - SME Climate Hub","isPartOf":{"@id":"https:\/\/businessclimatehub.org\/es\/#website"},"datePublished":"2020-08-24T12:44:39+00:00","dateModified":"2025-09-15T08:44:42+00:00","breadcrumb":{"@id":"https:\/\/smeclimatehub.org\/sv\/integritetspolicy\/#breadcrumb"},"inLanguage":"sv-SE","potentialAction":[{"@type":"ReadAction","target":["https:\/\/smeclimatehub.org\/sv\/integritetspolicy\/"]}]},{"@type":"BreadcrumbList","@id":"https:\/\/smeclimatehub.org\/sv\/integritetspolicy\/#breadcrumb","itemListElement":[{"@type":"ListItem","position":1,"name":"Home","item":"https:\/\/smeclimatehub.org\/sv\/"},{"@type":"ListItem","position":2,"name":"Integritetspolicy"}]},{"@type":"WebSite","@id":"https:\/\/businessclimatehub.org\/es\/#website","url":"https:\/\/businessclimatehub.org\/es\/","name":"SME Climate hub","description":"","publisher":{"@id":"https:\/\/businessclimatehub.org\/es\/#organization"},"potentialAction":[{"@type":"SearchAction","target":{"@type":"EntryPoint","urlTemplate":"https:\/\/businessclimatehub.org\/es\/?s={search_term_string}"},"query-input":{"@type":"PropertyValueSpecification","valueRequired":true,"valueName":"search_term_string"}}],"inLanguage":"sv-SE"},{"@type":"Organization","@id":"https:\/\/businessclimatehub.org\/es\/#organization","name":"SME Climate hub","url":"https:\/\/businessclimatehub.org\/es\/","logo":{"@type":"ImageObject","inLanguage":"sv-SE","@id":"https:\/\/businessclimatehub.org\/es\/#\/schema\/logo\/image\/","url":"https:\/\/smeclimatehub.org\/wp-content\/uploads\/2025\/03\/smeLogo-1.png","contentUrl":"https:\/\/smeclimatehub.org\/wp-content\/uploads\/2025\/03\/smeLogo-1.png","width":465,"height":245,"caption":"SME Climate hub"},"image":{"@id":"https:\/\/businessclimatehub.org\/es\/#\/schema\/logo\/image\/"}}]}},"_links":{"self":[{"href":"https:\/\/smeclimatehub.org\/sv\/wp-json\/wp\/v2\/pages\/86406","targetHints":{"allow":["GET"]}}],"collection":[{"href":"https:\/\/smeclimatehub.org\/sv\/wp-json\/wp\/v2\/pages"}],"about":[{"href":"https:\/\/smeclimatehub.org\/sv\/wp-json\/wp\/v2\/types\/page"}],"author":[{"embeddable":true,"href":"https:\/\/smeclimatehub.org\/sv\/wp-json\/wp\/v2\/users\/1"}],"replies":[{"embeddable":true,"href":"https:\/\/smeclimatehub.org\/sv\/wp-json\/wp\/v2\/comments?post=86406"}],"version-history":[{"count":0,"href":"https:\/\/smeclimatehub.org\/sv\/wp-json\/wp\/v2\/pages\/86406\/revisions"}],"wp:attachment":[{"href":"https:\/\/smeclimatehub.org\/sv\/wp-json\/wp\/v2\/media?parent=86406"}],"curies":[{"name":"wp","href":"https:\/\/api.w.org\/{rel}","templated":true}]}}