
{"id":92549,"date":"2020-08-24T13:44:39","date_gmt":"2020-08-24T12:44:39","guid":{"rendered":"https:\/\/smeclimatehub.org\/politica-de-privacidade\/"},"modified":"2025-11-06T18:18:09","modified_gmt":"2025-11-06T17:18:09","slug":"politica-de-privacidade","status":"publish","type":"page","link":"https:\/\/smeclimatehub.org\/pt-br\/politica-de-privacidade\/","title":{"rendered":"Pol\u00edtica de privacidade"},"content":{"rendered":"<section id=\"block-6513dd211eb9f\"  class=\"hero-section align-content-center bg-image default center-text\">\n\t<div class=\"container\">\n\t\t<div class=\"content\">\n\t\t\t<div class=\"text\">\n\t\t\t\t<div class=\"acf-innerblocks-container\">\n\n<h1 class=\"wp-block-heading\">Pol\u00edtica de Privacidade<\/h1>\n\n\n\n<p>\u00daltima revis\u00e3o: 15 de setembro de 2025<\/p>\n\n<\/div>\t\t\t\t\t\t\t\t\t\t\t\t\t\t\t\t\t\t\t<\/div>\n\t\t\t\t\t\t\t\t\t\t\t\t\t<div class=\"background-image\">\n\t\t\t\t\t<img fetchpriority=\"high\" decoding=\"async\" width=\"2560\" height=\"747\" src=\"https:\/\/smeclimatehub.org\/wp-content\/uploads\/2024\/07\/Banner-tree-scaled.jpg\" class=\"attachment-full size-full\" alt=\"\" loading=\"eager\" srcset=\"https:\/\/smeclimatehub.org\/wp-content\/uploads\/2024\/07\/Banner-tree-scaled.jpg 2560w, https:\/\/smeclimatehub.org\/wp-content\/uploads\/2024\/07\/Banner-tree-300x88.jpg 300w, https:\/\/smeclimatehub.org\/wp-content\/uploads\/2024\/07\/Banner-tree-1024x299.jpg 1024w, https:\/\/smeclimatehub.org\/wp-content\/uploads\/2024\/07\/Banner-tree-768x224.jpg 768w, https:\/\/smeclimatehub.org\/wp-content\/uploads\/2024\/07\/Banner-tree-1536x448.jpg 1536w, https:\/\/smeclimatehub.org\/wp-content\/uploads\/2024\/07\/Banner-tree-2048x597.jpg 2048w\" sizes=\"(max-width: 2560px) 100vw, 2560px\" \/>\t\t\t\t<\/div>\n\t\t\t\t\t<\/div>\n\t<\/div>\n<\/section>\n\n\n\n<section id=\"block-6513dd211ec7f\" class=\"content-editor-section transparent pt-full pb-half\">\n\t<div class=\"container\">\n\t\t<div class=\"content-block \">\n\t\t\t<div class=\"text\">\n\t\t\t\t<div class=\"acf-innerblocks-container\">\n\n<h2 class=\"wp-block-heading\">POL\u00cdTICA DE PROTE\u00c7\u00c3O DE DADOS<\/h2>\n\n\n\n<p>\u00daltima atualiza\u00e7\u00e3o: 15 de setembro de 2025<\/p>\n\n\n\n<p>As informa\u00e7\u00f5es coletadas por meio deste site e sobre ele s\u00e3o coletadas e processadas pela We Mean Business Coalition (\u201cWMBC\u201d), na qualidade de organiza\u00e7\u00e3o anfitri\u00e3 do SME Climate Hub e controladora de dados.<\/p>\n\n\n\n<p>A We Mean Business Coalition (\u201cWe Mean Business\u201d, \u201cn\u00f3s\u201d, \u201cnosso\u201d ou \u201cnossa\u201d) fornece esta Pol\u00edtica de Privacidade para descrever como coletamos, usamos e compartilhamos as informa\u00e7\u00f5es das pessoas que visitam ou usam nosso site em smeclimatehub.org (o \u201cSite\u201d). Leia toda esta Pol\u00edtica de Privacidade antes de usar ou enviar informa\u00e7\u00f5es pelo Site.<\/p>\n\n\n\n<h2 class=\"wp-block-heading\">COLETA DE INFORMA\u00c7\u00d5ES<\/h2>\n\n\n\n<p>Ao utilizar nosso Site, voc\u00ea pode fornecer voluntariamente informa\u00e7\u00f5es sobre voc\u00ea e sua organiza\u00e7\u00e3o, incluindo seu nome, endere\u00e7o de e-mail e quaisquer outras informa\u00e7\u00f5es que desejar fornecer. Coletamos essas informa\u00e7\u00f5es quando voc\u00ea se cadastra como usu\u00e1rio do Site, entra em contato conosco ou interage conosco para qualquer outra finalidade.<\/p>\n\n\n\n<p>Tamb\u00e9m coletamos automaticamente informa\u00e7\u00f5es relacionadas \u00e0s suas intera\u00e7\u00f5es conosco e com nosso Site, incluindo tipo de navegador, endere\u00e7o IP, p\u00e1ginas visitadas e outras atividades no Site, tipo de dispositivo, hora e data da visita e outras informa\u00e7\u00f5es que coletamos atrav\u00e9s do uso de cookies, web beacons, tags e tecnologias semelhantes. Consulte a se\u00e7\u00e3o \u201cPublicidade digital e an\u00e1lise\u201d desta Pol\u00edtica de Privacidade para saber mais sobre o uso dessas informa\u00e7\u00f5es e as op\u00e7\u00f5es dispon\u00edveis para voc\u00ea.<\/p>\n\n\n\n<h2 class=\"wp-block-heading\">USO DAS INFORMA\u00c7\u00d5ES<\/h2>\n\n\n\n<p>Podemos utilizar as informa\u00e7\u00f5es fornecidas para qualquer finalidade legal, incluindo as seguintes:<\/p>\n\n\n\n<ul class=\"wp-block-list\">\n<li>Para entrar em contato com voc\u00ea por e-mail ou outras formas de comunica\u00e7\u00e3o a respeito de atualiza\u00e7\u00f5es ou comunica\u00e7\u00f5es informativas relacionadas \u00e0 nossa miss\u00e3o e iniciativas, ao seu relacionamento e\/ou ao da sua organiza\u00e7\u00e3o conosco e \u00e0s funcionalidades, produtos ou servi\u00e7os contratados que fornecemos a voc\u00ea ou \u00e0 sua organiza\u00e7\u00e3o;<\/li>\n\n\n\n<li>Para fornecer e manter nosso Site, incluindo monitorar o uso de nossos servi\u00e7os;<\/li>\n\n\n\n<li>Para responder \u00e0s suas perguntas e gerenciar as solicita\u00e7\u00f5es que voc\u00ea nos enviar;<\/li>\n\n\n\n<li>Para gerenciar sua conta, incluindo o gerenciamento do seu registro como usu\u00e1rio do Site e dos dados pessoais que voc\u00ea fornece;<\/li>\n\n\n\n<li>Para fornecer a voc\u00ea not\u00edcias, ofertas especiais e informa\u00e7\u00f5es gerais sobre outros produtos, servi\u00e7os e eventos que oferecemos e que possam ser do seu interesse;<\/li>\n\n\n\n<li>Para operar e melhorar nossos servi\u00e7os;<\/li>\n\n\n\n<li>Para operar, personalizar e melhorar o Site, incluindo para fins de publicidade e an\u00e1lise;<\/li>\n\n\n\n<li>Para prevenir e detectar fraudes;<\/li>\n\n\n\n<li>Para cumprir a lei e manter a seguran\u00e7a do Site; ou<\/li>\n\n\n\n<li>Com consentimento ou conforme divulgado no momento em que as informa\u00e7\u00f5es s\u00e3o coletadas.<\/li>\n<\/ul>\n\n\n\n<h2 class=\"wp-block-heading\">COMPARTILHAMENTO DE INFORMA\u00c7\u00d5ES<\/h2>\n\n\n\n<p>Podemos compartilhar as informa\u00e7\u00f5es que coletamos com outras partes, incluindo as seguintes:<\/p>\n\n\n\n<ul class=\"wp-block-list\">\n<li>Com nossas empresas e organiza\u00e7\u00f5es participantes;<\/li>\n\n\n\n<li>Com prestadores de servi\u00e7os ou fornecedores terceirizados que processam dados em nosso nome para auxiliar nossas opera\u00e7\u00f5es comerciais, como prestadores de servi\u00e7os de e-mail;<\/li>\n\n\n\n<li>Com terceiros ou outros parceiros aprovados;<\/li>\n\n\n\n<li>Com afiliadas, incluindo nossa empresa controladora e quaisquer outras subsidi\u00e1rias, parceiros de joint venture ou outras empresas sob controle comum, caso em que exigiremos que tais afiliadas cumpram esta Pol\u00edtica de Privacidade;<\/li>\n\n\n\n<li>Quando necess\u00e1rio para cumprir nossas obriga\u00e7\u00f5es legais e\/ou regulat\u00f3rias, ou quando formos obrigados a faz\u00ea-lo por uma ag\u00eancia governamental, tribunal ou outra entidade (por exemplo, em resposta a intima\u00e7\u00f5es, ordens judiciais ou processos legais);<\/li>\n\n\n\n<li>Quando necess\u00e1rio ou apropriado para proteger ou defender os direitos, a seguran\u00e7a ou a propriedade da We Mean Business, dos usu\u00e1rios do Site ou de qualquer outra pessoa, incluindo para fazer cumprir nossos acordos, pol\u00edticas e termos de uso;<\/li>\n\n\n\n<li>No caso de fal\u00eancia, fus\u00e3o, aquisi\u00e7\u00e3o, transfer\u00eancia de controle, joint venture ou outra combina\u00e7\u00e3o comercial envolvendo a gente ou nossas empresas relacionadas; ou<\/li>\n\n\n\n<li>Com o seu consentimento ou conforme divulgado no momento da coleta ou compartilhamento de dados..<\/li>\n<\/ul>\n\n\n\n<p>Podemos compartilhar informa\u00e7\u00f5es que tenham sido desidentificadas ou agregadas sem limita\u00e7\u00e3o.<\/p>\n\n\n\n<h2 class=\"wp-block-heading\">SEGURAN\u00c7A<\/h2>\n\n\n\n<p>Para impedir o acesso, uso ou divulga\u00e7\u00e3o n\u00e3o autorizados das informa\u00e7\u00f5es que coletamos, implementamos procedimentos f\u00edsicos, eletr\u00f4nicos e gerenciais comercialmente razo\u00e1veis, projetados para proteger os dados pessoais.<\/p>\n\n\n\n<h2 class=\"wp-block-heading\">COOKIES<\/h2>\n\n\n\n<p>Os cookies s\u00e3o pequenos arquivos colocados no seu dispositivo quando voc\u00ea acessa um site. Voc\u00ea pode configurar seu navegador para recusar todos os cookies. No entanto, se voc\u00ea n\u00e3o aceitar cookies, talvez n\u00e3o consiga usar algumas partes do Site. Usamos cookies \u201cpersistentes\u201d e \u201cde sess\u00e3o\u201d para os fins descritos abaixo:<\/p>\n\n\n\n<h3 class=\"wp-block-heading\">COOKIES NECESS\u00c1RIOS<\/h3>\n\n\n\n<p>Tipo: Cookies de sess\u00e3o<\/p>\n\n\n\n<p>Administrado por: N\u00f3s<\/p>\n\n\n\n<p>Finalidade: Esses cookies s\u00e3o essenciais para fornecer os servi\u00e7os dispon\u00edveis no Site e permitir que voc\u00ea utilize seus recursos. Eles ajudam a autenticar usu\u00e1rios e impedir o uso fraudulento de contas de usu\u00e1rio. Sem esses cookies, os servi\u00e7os que voc\u00ea solicitou n\u00e3o podem ser fornecidos, e n\u00f3s os utilizamos apenas para fornecer esses servi\u00e7os.<\/p>\n\n\n\n<h3 class=\"wp-block-heading\">COOKIES FUNCIONAIS<\/h3>\n\n\n\n<p>Tipo: Cookies persistentes<\/p>\n\n\n\n<p>Administrado por: N\u00f3s<\/p>\n\n\n\n<p>Finalidade: Esses cookies nos permitem lembrar as escolhas que voc\u00ea faz ao usar o Site, como lembrar seus detalhes de login ou prefer\u00eancia de idioma. A finalidade desses cookies \u00e9 proporcionar a voc\u00ea uma experi\u00eancia mais personalizada e evitar que voc\u00ea tenha que inserir novamente suas prefer\u00eancias toda vez que usar o Site.<\/p>\n\n\n\n<h3 class=\"wp-block-heading\">COOKIES DE DESEMPENHO<\/h3>\n\n\n\n<p>Tipo: Cookies persistentes<\/p>\n\n\n\n<p>Administrados por: Terceiros<\/p>\n\n\n\n<p>Finalidade: Esses cookies s\u00e3o usados para rastrear informa\u00e7\u00f5es sobre o tr\u00e1fego do Site e como os usu\u00e1rios utilizam o Site. As informa\u00e7\u00f5es coletadas por meio desses cookies podem identific\u00e1-lo direta ou indiretamente como um visitante individual. Isso ocorre porque as informa\u00e7\u00f5es coletadas s\u00e3o normalmente vinculadas a um identificador pseud\u00f4nimo associado ao dispositivo que voc\u00ea usa para acessar o Site. Tamb\u00e9m podemos usar esses cookies para testar novas p\u00e1ginas, recursos ou novas funcionalidades do Site para ver como nossos usu\u00e1rios reagem a eles.<\/p>\n\n\n\n<h3 class=\"wp-block-heading\">COOKIES DE SEGMENTA\u00c7\u00c3O<\/h3>\n\n\n\n<p>Tipo: Cookies persistentes<\/p>\n\n\n\n<p>Administrado por: Terceiros<\/p>\n\n\n\n<p>Finalidade: esses cookies s\u00e3o definidos pelos nossos parceiros publicit\u00e1rios e podem ser usados por essas empresas para criar um perfil dos seus interesses e mostrar an\u00fancios relevantes em outros sites. Se voc\u00ea n\u00e3o permitir esses cookies, ver\u00e1 an\u00fancios menos direcionados.<\/p>\n\n\n\n<h2 class=\"wp-block-heading\">PUBLICIDADE DIGITAL E AN\u00c1LISE<\/h2>\n\n\n\n<p>Podemos estabelecer parcerias com redes de publicidade e outros provedores de servi\u00e7os de publicidade (\u201cProvedores de Publicidade\u201d) que veiculam an\u00fancios em nosso nome e em nome de terceiros em plataformas n\u00e3o afiliadas. Alguns desses an\u00fancios podem ser personalizados, o que significa que se destinam a ser relevantes para voc\u00ea com base nas informa\u00e7\u00f5es que os Provedores de Publicidade coletam sobre o seu uso do Site e de outros sites ou aplicativos ao longo do tempo, incluindo informa\u00e7\u00f5es sobre as rela\u00e7\u00f5es entre diferentes navegadores e dispositivos. Esse tipo de publicidade \u00e9 conhecido como publicidade baseada em interesses.<\/p>\n\n\n\n<p>Tamb\u00e9m podemos trabalhar com terceiros que coletam dados sobre o uso do Site e de outros sites ou aplicativos ao longo do tempo para fins n\u00e3o publicit\u00e1rios.\u202fUtilizamos o Google Analytics e outros servi\u00e7os de terceiros para melhorar o desempenho do Site e para fins de an\u00e1lise e marketing. Para obter mais informa\u00e7\u00f5es sobre como o Google Analytics coleta e utiliza dados quando voc\u00ea utiliza nosso Site, acesse www.google.com\/policies\/privacy\/partners e, para desativar o Google Analytics, acesse https:\/\/tools.google.com\/dlpage\/gaoptout.<\/p>\n\n\n\n<h2 class=\"wp-block-heading\">LINKS E FERRAMENTAS DE TERCEIROS<\/h2>\n\n\n\n<p>Podemos fornecer links no Site para sites ou aplicativos de terceiros, incluindo plug-ins que levam a sites de m\u00eddia social, como Facebook e YouTube.\u202f\u202fEsses sites e aplicativos s\u00e3o independentes da We Mean Business e t\u00eam suas pr\u00f3prias pol\u00edticas de privacidade. A We Mean Business n\u00e3o se responsabiliza pelas pr\u00e1ticas de privacidade ou pelo conte\u00fado desses sites ou aplicativos de terceiros. Recomendamos que voc\u00ea analise as pol\u00edticas de privacidade de terceiros antes de visitar esses sites ou aplicativos para saber mais sobre suas pr\u00e1ticas de dados.<\/p>\n\n\n\n<p>O Site tamb\u00e9m pode incluir ferramentas de m\u00eddia social integradas ou \u201cplug-ins\u201d, como ferramentas de redes sociais oferecidas por terceiros. Se voc\u00ea usar essas ferramentas para compartilhar informa\u00e7\u00f5es ou interagir com esses recursos no Site, essas empresas poder\u00e3o coletar informa\u00e7\u00f5es sobre voc\u00ea e usar e compartilhar essas informa\u00e7\u00f5es de acordo com as configura\u00e7\u00f5es da sua conta, incluindo o compartilhamento dessas informa\u00e7\u00f5es com o p\u00fablico em geral.\u202fSuas intera\u00e7\u00f5es com empresas terceiras e o uso de seus recursos s\u00e3o regidos pelas pol\u00edticas de privacidade das empresas que fornecem esses recursos. Recomendamos que voc\u00ea leia atentamente as pol\u00edticas de privacidade de todas as contas que criar e usar.<\/p>\n\n\n\n<h2 class=\"wp-block-heading\">CANCELAR O RECEBIMENTO DE E-MAILS<\/h2>\n\n\n\n<p>Podemos utilizar dados pessoais para enviar boletins informativos, comunica\u00e7\u00f5es ou outras informa\u00e7\u00f5es que possam ser do seu interesse. Voc\u00ea pode optar por n\u00e3o receber essas comunica\u00e7\u00f5es seguindo o link \u201ccancelar inscri\u00e7\u00e3o\u201d ou as instru\u00e7\u00f5es fornecidas nesses e-mails ou entrando em contato conosco pelo e-mail operations@wmbcoalition.org.<\/p>\n\n\n\n<p>Observe que voc\u00ea n\u00e3o pode cancelar o recebimento de e-mails que fornecem informa\u00e7\u00f5es sobre os compromissos clim\u00e1ticos da sua organiza\u00e7\u00e3o ou que confirmam doa\u00e7\u00f5es.<\/p>\n\n\n\n<h2 class=\"wp-block-heading\">USU\u00c1RIOS FORA DOS EUA<\/h2>\n\n\n\n<p>Esta se\u00e7\u00e3o se aplica aos visitantes que acessam o Site ou nos fornecem informa\u00e7\u00f5es a partir do Espa\u00e7o Econ\u00f4mico Europeu (\u201cEEE\u201d), Su\u00ed\u00e7a ou Reino Unido (\u201cRU\u201d).<\/p>\n\n\n\n<h3 class=\"wp-block-heading\">BASE JUR\u00cdDICA PARA O TRATAMENTO<\/h3>\n\n\n\n<p>Podemos basear-nos nas seguintes bases jur\u00eddicas para tratar os seus dados pessoais:<\/p>\n\n\n\n<ul class=\"wp-block-list\">\n<li>Consentimento: quando voc\u00ea forneceu seu consentimento para processar dados pessoais para uma ou mais finalidades espec\u00edficas, como mensagens promocionais por e-mail. Voc\u00ea tem o direito de retirar seu consentimento entrando em contato conosco pelo e-mail operations@wmbcoalition.org e, no que diz respeito ao e-mail, voc\u00ea tamb\u00e9m pode retirar seu consentimento conforme descrito acima;<\/li>\n\n\n\n<li>Execu\u00e7\u00e3o de um contrato: quando o processamento de dados pessoais \u00e9 necess\u00e1rio para a execu\u00e7\u00e3o de um contrato com voc\u00ea ou sua organiza\u00e7\u00e3o, ou quando voc\u00ea solicitou que fiz\u00e9ssemos algo antes de criar um contrato, como assumir um compromisso clim\u00e1tico ou fazer uma doa\u00e7\u00e3o;<\/li>\n\n\n\n<li>Obriga\u00e7\u00e3o legal: quando o processamento de dados pessoais \u00e9 necess\u00e1rio para cumprir nossas obriga\u00e7\u00f5es legais e regulat\u00f3rias<\/li>\n\n\n\n<li>Interesses vitais: quando o processamento \u00e9 necess\u00e1rio para proteger os interesses vitais seus ou de outra pessoa;<\/li>\n\n\n\n<li>Interesse leg\u00edtimo: quando for necess\u00e1rio processar dados pessoais para fins de um interesse comercial ou empresarial importante.<\/li>\n<\/ul>\n\n\n\n<h3 class=\"wp-block-heading\">DIREITOS DO TITULAR DOS DADOS<\/h3>\n\n\n\n<p>Voc\u00ea tem o direito de:<\/p>\n\n\n\n<ul class=\"wp-block-list\">\n<li>Solicitar acesso aos dados pessoais que mantemos sobre voc\u00ea;<\/li>\n\n\n\n<li>Solicitar a corre\u00e7\u00e3o e\/ou exclus\u00e3o dos dados pessoais que mantemos sobre voc\u00ea;<\/li>\n\n\n\n<li>Solicitar que restrinjamos o processamento de dados pessoais sobre voc\u00ea em determinadas circunst\u00e2ncias;<\/li>\n\n\n\n<li>Op\u00f4r-se a qualquer tomada de decis\u00e3o automatizada com base na sua conduta, como an\u00e1lises para marketing direto realizadas por n\u00f3s;<\/li>\n\n\n\n<li>Solicitar a transfer\u00eancia dos dados pessoais que mantemos sobre voc\u00ea para outra parte (ou seja, o direito \u00e0 portabilidade dos dados) quando o processamento for baseado em nosso contrato com voc\u00ea ou no seu consentimento);<\/li>\n\n\n\n<li>Retirar seu consentimento para o processamento de dados pessoais, quando tivermos obtido seu consentimento anteriormente.<\/li>\n<\/ul>\n\n\n\n<p>Para exercer qualquer um desses direitos, entre em contato conosco usando a se\u00e7\u00e3o \u201cFale conosco\u201d abaixo. Observe que a We Mean Business pode n\u00e3o ser capaz de conceder esses direitos a voc\u00ea em determinadas circunst\u00e2ncias, como se formos legalmente impedidos de faz\u00ea-lo. Al\u00e9m disso, voc\u00ea tem o direito de apresentar uma reclama\u00e7\u00e3o contra n\u00f3s. Para isso, entre em contato com a autoridade de prote\u00e7\u00e3o de dados do seu pa\u00eds de resid\u00eancia.<\/p>\n\n\n\n<h3 class=\"wp-block-heading\">RETEN\u00c7\u00c3O DE DADOS PESSOAIS<\/h3>\n\n\n\n<p>Reteremos os dados pessoais apenas pelo tempo necess\u00e1rio para os fins estabelecidos nesta Pol\u00edtica de Privacidade. Reteremos e utilizaremos os dados pessoais na medida do necess\u00e1rio para cumprir nossas obriga\u00e7\u00f5es legais (por exemplo, se formos obrigados a reter seus dados para cumprir as leis aplic\u00e1veis), resolver disputas e fazer cumprir nossos acordos e pol\u00edticas legais.<\/p>\n\n\n\n<p>Tamb\u00e9m reteremos dados de uso para fins de an\u00e1lise interna. Os dados de uso s\u00e3o geralmente retidos por um per\u00edodo mais curto, exceto quando esses dados s\u00e3o usados para refor\u00e7ar a seguran\u00e7a ou melhorar a funcionalidade do Site, ou quando somos legalmente obrigados a reter esses dados por per\u00edodos mais longos.<\/p>\n\n\n\n<h3 class=\"wp-block-heading\">TRANSFER\u00caNCIA DE DADOS PESSOAIS<\/h3>\n\n\n\n<p>Os dados pessoais que coletamos podem ser transferidos e mantidos em servidores ou bancos de dados localizados fora do seu estado, prov\u00edncia, pa\u00eds ou outra jurisdi\u00e7\u00e3o governamental onde as leis de prote\u00e7\u00e3o de dados podem diferir das da sua jurisdi\u00e7\u00e3o, incluindo nos Estados Unidos. Ao transferir dados pessoais para pa\u00edses fora do EEE ou do Reino Unido, tomaremos todas as medidas razoavelmente necess\u00e1rias para garantir que controles adequados estejam em vigor para assegurar a prote\u00e7\u00e3o dos dados pessoais.<\/p>\n\n\n\n<h2 class=\"wp-block-heading\">ALTERA\u00c7\u00d5ES A ESTA POL\u00cdTICA DE PRIVACIDADE<\/h2>\n\n\n\n<p>Podemos alterar esta Pol\u00edtica de Privacidade periodicamente. Voc\u00ea deve verificar esta p\u00e1gina periodicamente para saber se h\u00e1 atualiza\u00e7\u00f5es. Se fizermos altera\u00e7\u00f5es nesta Pol\u00edtica de Privacidade, publicaremos a vers\u00e3o alterada em nosso Site e a data de vig\u00eancia ser\u00e1 atualizada.<\/p>\n\n\n\n<h2 class=\"wp-block-heading\">CONTACTE-NOS<\/h2>\n\n\n\n<p>Se voc\u00ea tiver alguma d\u00favida sobre esta Pol\u00edtica de Privacidade, entre em contato conosco pelo e-mail operations@wmbcoalition.org.<\/p>\n\n<\/div>\t\t\t\t\t\t\t<\/div>\n\t\t\t\t\t<\/div>\n\t<\/div>\n<\/section>\n\n\n<div class=\"stay-updated-block darkBackground \">\n\t<div class=\"container\">\n<div class=\"column\">\n<h2>Mantenha-se atualizado<\/h2>\n<p>Inscreva-se em nossa newsletter para se manter atualizado com as \u00faltimas novidades sobre o clima.<\/p>\n<\/div>\n<div class=\"column\">\n\t<button data-popup-button=\"stay-updated-form\" type=\"button\" class=\"button none\">Inscreva-se<\/button>\n<\/div>\n<\/div>\n\n<\/div>","protected":false},"excerpt":{"rendered":"","protected":false},"author":1,"featured_media":0,"parent":0,"menu_order":0,"comment_status":"closed","ping_status":"closed","template":"","meta":{"_acf_changed":true,"inline_featured_image":false,"footnotes":""},"class_list":["post-92549","page","type-page","status-publish","hentry"],"acf":[],"yoast_head":"<title>Pol\u00edtica de privacidade - SME Climate Hub<\/title>\n<meta name=\"robots\" content=\"index, follow, max-snippet:-1, max-image-preview:large, max-video-preview:-1\" \/>\n<link rel=\"canonical\" href=\"https:\/\/smeclimatehub.org\/pt-br\/politica-de-privacidade\/\" \/>\n<meta property=\"og:locale\" content=\"pt_BR\" \/>\n<meta property=\"og:type\" content=\"article\" \/>\n<meta property=\"og:title\" content=\"Pol\u00edtica de privacidade - SME Climate Hub\" \/>\n<meta property=\"og:url\" content=\"https:\/\/smeclimatehub.org\/pt-br\/politica-de-privacidade\/\" \/>\n<meta property=\"og:site_name\" content=\"SME Climate Hub\" \/>\n<meta property=\"article:modified_time\" content=\"2025-11-06T17:18:09+00:00\" \/>\n<meta property=\"og:image\" content=\"https:\/\/smeclimatehub.org\/wp-content\/uploads\/2024\/08\/Preview_four.png\" \/>\n\t<meta property=\"og:image:width\" content=\"2000\" \/>\n\t<meta property=\"og:image:height\" content=\"1124\" \/>\n\t<meta property=\"og:image:type\" content=\"image\/png\" \/>\n<meta name=\"twitter:card\" content=\"summary_large_image\" \/>\n<meta name=\"twitter:label1\" content=\"Est. reading time\" \/>\n\t<meta name=\"twitter:data1\" content=\"10 minutos\" \/>\n<script type=\"application\/ld+json\" class=\"yoast-schema-graph\">{\"@context\":\"https:\/\/schema.org\",\"@graph\":[{\"@type\":\"WebPage\",\"@id\":\"https:\/\/smeclimatehub.org\/pt-br\/politica-de-privacidade\/\",\"url\":\"https:\/\/smeclimatehub.org\/pt-br\/politica-de-privacidade\/\",\"name\":\"Pol\u00edtica de privacidade - SME Climate Hub\",\"isPartOf\":{\"@id\":\"https:\/\/businessclimatehub.org\/es\/#website\"},\"datePublished\":\"2020-08-24T12:44:39+00:00\",\"dateModified\":\"2025-11-06T17:18:09+00:00\",\"breadcrumb\":{\"@id\":\"https:\/\/smeclimatehub.org\/pt-br\/politica-de-privacidade\/#breadcrumb\"},\"inLanguage\":\"pt-BR\",\"potentialAction\":[{\"@type\":\"ReadAction\",\"target\":[\"https:\/\/smeclimatehub.org\/pt-br\/politica-de-privacidade\/\"]}]},{\"@type\":\"BreadcrumbList\",\"@id\":\"https:\/\/smeclimatehub.org\/pt-br\/politica-de-privacidade\/#breadcrumb\",\"itemListElement\":[{\"@type\":\"ListItem\",\"position\":1,\"name\":\"Home\",\"item\":\"https:\/\/smeclimatehub.org\/pt-br\/\"},{\"@type\":\"ListItem\",\"position\":2,\"name\":\"Pol\u00edtica de privacidade\"}]},{\"@type\":\"WebSite\",\"@id\":\"https:\/\/businessclimatehub.org\/es\/#website\",\"url\":\"https:\/\/businessclimatehub.org\/es\/\",\"name\":\"SME Climate hub\",\"description\":\"\",\"publisher\":{\"@id\":\"https:\/\/businessclimatehub.org\/es\/#organization\"},\"potentialAction\":[{\"@type\":\"SearchAction\",\"target\":{\"@type\":\"EntryPoint\",\"urlTemplate\":\"https:\/\/businessclimatehub.org\/es\/?s={search_term_string}\"},\"query-input\":{\"@type\":\"PropertyValueSpecification\",\"valueRequired\":true,\"valueName\":\"search_term_string\"}}],\"inLanguage\":\"pt-BR\"},{\"@type\":\"Organization\",\"@id\":\"https:\/\/businessclimatehub.org\/es\/#organization\",\"name\":\"SME Climate hub\",\"url\":\"https:\/\/businessclimatehub.org\/es\/\",\"logo\":{\"@type\":\"ImageObject\",\"inLanguage\":\"pt-BR\",\"@id\":\"https:\/\/businessclimatehub.org\/es\/#\/schema\/logo\/image\/\",\"url\":\"https:\/\/smeclimatehub.org\/wp-content\/uploads\/2025\/03\/smeLogo-1.png\",\"contentUrl\":\"https:\/\/smeclimatehub.org\/wp-content\/uploads\/2025\/03\/smeLogo-1.png\",\"width\":465,\"height\":245,\"caption\":\"SME Climate hub\"},\"image\":{\"@id\":\"https:\/\/businessclimatehub.org\/es\/#\/schema\/logo\/image\/\"}}]}<\/script>","yoast_head_json":{"title":"Pol\u00edtica de privacidade - SME Climate Hub","robots":{"index":"index","follow":"follow","max-snippet":"max-snippet:-1","max-image-preview":"max-image-preview:large","max-video-preview":"max-video-preview:-1"},"canonical":"https:\/\/smeclimatehub.org\/pt-br\/politica-de-privacidade\/","og_locale":"pt_BR","og_type":"article","og_title":"Pol\u00edtica de privacidade - SME Climate Hub","og_url":"https:\/\/smeclimatehub.org\/pt-br\/politica-de-privacidade\/","og_site_name":"SME Climate Hub","article_modified_time":"2025-11-06T17:18:09+00:00","og_image":[{"width":2000,"height":1124,"url":"https:\/\/smeclimatehub.org\/wp-content\/uploads\/2024\/08\/Preview_four.png","type":"image\/png"}],"twitter_card":"summary_large_image","twitter_misc":{"Est. reading time":"10 minutos"},"schema":{"@context":"https:\/\/schema.org","@graph":[{"@type":"WebPage","@id":"https:\/\/smeclimatehub.org\/pt-br\/politica-de-privacidade\/","url":"https:\/\/smeclimatehub.org\/pt-br\/politica-de-privacidade\/","name":"Pol\u00edtica de privacidade - SME Climate Hub","isPartOf":{"@id":"https:\/\/businessclimatehub.org\/es\/#website"},"datePublished":"2020-08-24T12:44:39+00:00","dateModified":"2025-11-06T17:18:09+00:00","breadcrumb":{"@id":"https:\/\/smeclimatehub.org\/pt-br\/politica-de-privacidade\/#breadcrumb"},"inLanguage":"pt-BR","potentialAction":[{"@type":"ReadAction","target":["https:\/\/smeclimatehub.org\/pt-br\/politica-de-privacidade\/"]}]},{"@type":"BreadcrumbList","@id":"https:\/\/smeclimatehub.org\/pt-br\/politica-de-privacidade\/#breadcrumb","itemListElement":[{"@type":"ListItem","position":1,"name":"Home","item":"https:\/\/smeclimatehub.org\/pt-br\/"},{"@type":"ListItem","position":2,"name":"Pol\u00edtica de privacidade"}]},{"@type":"WebSite","@id":"https:\/\/businessclimatehub.org\/es\/#website","url":"https:\/\/businessclimatehub.org\/es\/","name":"SME Climate hub","description":"","publisher":{"@id":"https:\/\/businessclimatehub.org\/es\/#organization"},"potentialAction":[{"@type":"SearchAction","target":{"@type":"EntryPoint","urlTemplate":"https:\/\/businessclimatehub.org\/es\/?s={search_term_string}"},"query-input":{"@type":"PropertyValueSpecification","valueRequired":true,"valueName":"search_term_string"}}],"inLanguage":"pt-BR"},{"@type":"Organization","@id":"https:\/\/businessclimatehub.org\/es\/#organization","name":"SME Climate hub","url":"https:\/\/businessclimatehub.org\/es\/","logo":{"@type":"ImageObject","inLanguage":"pt-BR","@id":"https:\/\/businessclimatehub.org\/es\/#\/schema\/logo\/image\/","url":"https:\/\/smeclimatehub.org\/wp-content\/uploads\/2025\/03\/smeLogo-1.png","contentUrl":"https:\/\/smeclimatehub.org\/wp-content\/uploads\/2025\/03\/smeLogo-1.png","width":465,"height":245,"caption":"SME Climate hub"},"image":{"@id":"https:\/\/businessclimatehub.org\/es\/#\/schema\/logo\/image\/"}}]}},"_links":{"self":[{"href":"https:\/\/smeclimatehub.org\/pt-br\/wp-json\/wp\/v2\/pages\/92549","targetHints":{"allow":["GET"]}}],"collection":[{"href":"https:\/\/smeclimatehub.org\/pt-br\/wp-json\/wp\/v2\/pages"}],"about":[{"href":"https:\/\/smeclimatehub.org\/pt-br\/wp-json\/wp\/v2\/types\/page"}],"author":[{"embeddable":true,"href":"https:\/\/smeclimatehub.org\/pt-br\/wp-json\/wp\/v2\/users\/1"}],"replies":[{"embeddable":true,"href":"https:\/\/smeclimatehub.org\/pt-br\/wp-json\/wp\/v2\/comments?post=92549"}],"version-history":[{"count":0,"href":"https:\/\/smeclimatehub.org\/pt-br\/wp-json\/wp\/v2\/pages\/92549\/revisions"}],"wp:attachment":[{"href":"https:\/\/smeclimatehub.org\/pt-br\/wp-json\/wp\/v2\/media?parent=92549"}],"curies":[{"name":"wp","href":"https:\/\/api.w.org\/{rel}","templated":true}]}}