
{"id":92622,"date":"2021-04-27T10:04:38","date_gmt":"2021-04-27T09:04:38","guid":{"rendered":"https:\/\/smeclimatehub.org\/o-compromisso-climatico\/"},"modified":"2025-10-29T18:43:18","modified_gmt":"2025-10-29T17:43:18","slug":"o-compromisso-climatico","status":"publish","type":"page","link":"https:\/\/smeclimatehub.org\/pt-br\/o-compromisso-climatico\/","title":{"rendered":"O Compromisso Clim\u00e1tico"},"content":{"rendered":"<section id=\"block-65a28dd0dc9b0\"  class=\"hero-section align-content-top climate-pledge\">\n\t<div class=\"container\">\n\t\t<div class=\"content\" style=\"background-image: url('https:\/\/smeclimatehub.org\/wp-content\/uploads\/2023\/10\/TCP_Banner_Template_700x1100px.jpg');min-height: 380px;background-size: contain;background-position: 50%;background-repeat: no-repeat;\">\n\t\t\t<div class=\"hero-content text\">\n\t\t\t<h1 class=\"hero-title\">Carbono l\u00edquido zero<\/h1>\n\n        <div class=\"hero-description\"><h1 class=\"hero-title\">at\u00e9 2040<\/h1><\/div>\n  \n    <\/div>\n\n\t\t<\/div>\n\t<\/div>\n<\/section>\n<div id=\"block-652ede3b8b430\"  class=\"banner-with-image align-content-top no-image pt-half pb-half\">\n\t<div class=\"container\">\n\t\t<div class=\"content\">\n\t\t\t\t\t\t<div class=\"text\">\n\t\t\t\t\t\t\t\t\t<div class=\"acf-innerblocks-container\">\n\n<p class=\"has-medium-font-size\">O Compromisso Clim\u00e1tico e o Centro Clim\u00e1tico para PMEs est\u00e3o colaborando para ajudar l\u00edderes empresariais a tomarem medidas clim\u00e1ticas robustas. O Centro Clim\u00e1tico para PMEs atende especificamente pequenas e m\u00e9dias empresas (PMEs) com menos de 500 funcion\u00e1rios. Por meio do Centro Clim\u00e1tico para PMEs, as pequenas empresas podem assumir um compromisso clim\u00e1tico reconhecido internacionalmente, tomar medidas e mensurar e comunicar seu progresso em dire\u00e7\u00e3o \u00e0 redu\u00e7\u00e3o de emiss\u00f5es por meio das ferramentas e recursos do Centro.  <\/p>\n\n\n\n<p class=\"has-medium-font-size\">O Compromisso Clim\u00e1tico \u00e9 uma comunidade intersetorial de empresas apoiada por organiza\u00e7\u00f5es e parceiros do setor clim\u00e1tico, que trabalham em conjunto para enfrentar a crise clim\u00e1tica e solucionar os desafios da descarboniza\u00e7\u00e3o da nossa economia. Reunindo aqueles que est\u00e3o preparados para ir mais longe e mais r\u00e1pido, o Compromisso Clim\u00e1tico convida os signat\u00e1rios a atingirem emiss\u00f5es l\u00edquidas zero de carbono at\u00e9 2040 \u2014 10 anos antes do Acordo de Paris. O Compromisso Clim\u00e1tico inclui empresas de todos os portes \u2014 desde l\u00edderes do setor como Amazon, Salesforce, Mercedes-Benz e Microsoft \u2014 at\u00e9 PMEs globais.  <\/p>\n\n\n\n<p class=\"has-medium-font-size\">Em conjunto, o Compromisso Clim\u00e1tico e o Centro Clim\u00e1tico para PMEs mobilizam empresas de todos os portes, setores e regi\u00f5es para que tomem medidas em prol de um futuro mais sustent\u00e1vel e igualit\u00e1rio.<\/p>\n\n\n\n<p class=\"has-medium-font-size\">Os signat\u00e1rios do Compromisso se comprometem com tr\u00eas \u00e1reas de atua\u00e7\u00e3o:<\/p>\n\n\n\n<p class=\"has-text-align-left has-medium-font-size\"><strong>Relat\u00f3rios regulares<\/strong> \u2013 Medir e divulgar publicamente e regularmente as emiss\u00f5es de gases de efeito estufa.<\/p>\n\n\n\n<p class=\"has-text-align-left has-medium-font-size\"><strong>Elimina\u00e7\u00e3o de Carbono<\/strong> \u2013 Implementar estrat\u00e9gias de descarboniza\u00e7\u00e3o em conson\u00e2ncia com o Acordo de Paris por meio de mudan\u00e7as e inova\u00e7\u00f5es reais nos neg\u00f3cios, incluindo melhorias de efici\u00eancia, energia renov\u00e1vel, redu\u00e7\u00e3o de materiais e outras estrat\u00e9gias de elimina\u00e7\u00e3o de emiss\u00f5es de carbono.<\/p>\n\n\n\n<p class=\"has-text-align-left has-medium-font-size\"><strong>Compensa\u00e7\u00f5es confi\u00e1veis<\/strong> \u2013 Neutralize quaisquer emiss\u00f5es restantes com compensa\u00e7\u00f5es adicionais, quantific\u00e1veis, reais, permanentes e socialmente ben\u00e9ficas para atingir emiss\u00f5es l\u00edquidas zero de carbono anuais at\u00e9 2040.<\/p>\n\n\n\n<p class=\"has-medium-font-size\"><a href=\"https:\/\/www.theclimatepledge.com\/hello?referral=SMECH\" target=\"_blank\" rel=\"noreferrer noopener\">Saiba mais sobre o Compromisso Clim\u00e1tico<\/a><\/p>\n\n<\/div>\t\t\t\t\t\t\t<\/div>\n\t\t<\/div>\n\t<\/div>\n<\/div>\n<section class=\"wysiwyg-block\">\n<div class=\"content-wrapper\" style=\"text-align: center;\">\n<!--?xml version=\"1.0\" encoding=\"utf-8\"?-->\n<!-- Generator: Adobe Illustrator 23.0.3, SVG Export Plug-In . SVG Version: 6.00 Build 0)  -->\n<svg xmlns=\"http:\/\/www.w3.org\/2000\/svg\" xmlns:xlink=\"http:\/\/www.w3.org\/1999\/xlink\" style=\"margin: 0 auto; height: 100px;\" version=\"1.1\" id=\"Layer_1\" x=\"0px\" y=\"0px\" viewbox=\"0 0 214.62 121.74\" xml:space=\"preserve\">\n<style type=\"text\/css\">\n .st0{fill:#7FDD9B;}\n .st1{fill:#3DCC68;}\n .st2{fill:#1B945A;}\n<\/style>\n<g>\n\t<g id=\"Layer_1-2\">\n\t\t<polygon class=\"st0\" points=\"126.43,35.56 126.43,7.75 116.12,7.75 116.12,0 146.65,0 146.65,7.75 136.33,7.75 136.33,35.56    \"><\/polygon>\n\t\t<polygon class=\"st0\" points=\"172.35,35.56 172.35,21.34 160.81,21.34 160.81,35.56 150.91,35.56 150.91,0 160.81,0 160.81,13.65     172.35,13.65 172.35,0 182.26,0 182.26,35.56    \"><\/polygon>\n\t\t<rect x=\"189.8\" class=\"st0\" width=\"24.78\" height=\"7.65\"><\/rect>\n\t\t<polygon class=\"st0\" points=\"214.62,21.59 189.8,21.6 189.83,13.96 214.62,13.96    \"><\/polygon>\n\t\t<polygon class=\"st0\" points=\"214.62,35.56 189.8,35.56 189.83,27.91 214.62,27.91    \"><\/polygon>\n\t\t<path class=\"st1\" d=\"M27.76,77.4c-3.13,1.11-6.44,1.65-9.76,1.6c-5.87,0-10.34-1.56-13.41-4.68C1.52,71.2-0.01,66.65,0,60.67\n\t\t\tC0,54.78,1.6,50.23,4.8,47s7.65-4.85,13.36-4.88c3.09-0.01,6.16,0.49,9.09,1.49v7.49c-2.42-0.56-4.9-0.87-7.39-0.92\n\t\t\tc-3.15,0-5.53,0.83-7.14,2.49c-1.6,1.66-2.41,4.11-2.41,7.36v1.13c0,3.18,0.78,5.61,2.34,7.29c1.56,1.68,3.86,2.52,6.9,2.51\n\t\t\tc2.76-0.05,5.52-0.38,8.21-1L27.76,77.4z\"><\/path>\n\t\t<polygon class=\"st1\" points=\"32.99,78.32 32.99,42.76 42.9,42.76 42.9,70.31 57.73,70.31 57.73,78.32    \"><\/polygon>\n\t\t<rect x=\"61.98\" y=\"42.76\" class=\"st1\" width=\"9.9\" height=\"35.56\"><\/rect>\n\t\t<polygon class=\"st1\" points=\"109.19,78.32 109.19,56.36 103.03,70.21 94.36,70.21 88.2,56.36 88.2,78.32 79.69,78.32 79.69,42.76     90.2,42.76 98.82,62.05 107.55,42.76 117.7,42.76 117.7,78.32    \"><\/polygon>\n\t\t<path class=\"st1\" d=\"M146.75,78.32l-1.95-6.88h-10.88l-1.84,6.88h-10.47l12.52-35.56h10.92l12.52,35.56H146.75z M135.75,64.46H143\n\t\t\tl-3.64-13.18L135.75,64.46z\"><\/path>\n\t\t<polygon class=\"st1\" points=\"165.38,78.32 165.38,50.51 155.06,50.51 155.06,42.76 185.59,42.76 185.59,50.51 175.28,50.51     175.28,78.32    \"><\/polygon>\n\t\t<rect x=\"189.8\" y=\"42.76\" class=\"st1\" width=\"24.78\" height=\"7.65\"><\/rect>\n\t\t<polygon class=\"st1\" points=\"214.62,64.36 189.8,64.36 189.83,56.72 214.62,56.72    \"><\/polygon>\n\t\t<polygon class=\"st1\" points=\"214.62,78.32 189.8,78.32 189.83,70.67 214.62,70.67    \"><\/polygon>\n\t\t<rect x=\"189.8\" y=\"85.52\" class=\"st2\" width=\"24.78\" height=\"7.65\"><\/rect>\n\t\t<path class=\"st2\" d=\"M33,109.53v11.55h-9.51V85.52h14.57c4.07,0,7.3,1.07,9.67,3.21c2.43,2.26,3.74,5.48,3.57,8.8\n\t\t\tc0.17,3.32-1.14,6.54-3.57,8.8c-2.38,2.14-5.6,3.21-9.67,3.2H33z M33,102.35h3.59c1.34,0.08,2.65-0.38,3.64-1.28\n\t\t\tc1.7-2.05,1.7-5.03,0-7.08c-0.99-0.91-2.3-1.38-3.64-1.29H33V102.35z\"><\/path>\n\t\t<polygon class=\"st2\" points=\"56.12,121.08 56.12,85.52 66.02,85.52 66.02,113.07 80.85,113.07 80.85,121.08    \"><\/polygon>\n\t\t<polygon class=\"st2\" points=\"84.91,121.08 84.91,85.52 109.69,85.52 109.69,93.01 94.55,93.01 94.55,99.22 106.86,99.22     106.86,106.71 94.55,106.71 94.55,113.59 109.79,113.59 109.79,121.08    \"><\/polygon>\n\t\t<path class=\"st2\" d=\"M115.33,121.08V85.52h13.91c5.47,0,9.71,1.54,12.72,4.62s4.52,7.46,4.52,13.13c0.09,3.32-0.6,6.61-2,9.62\n\t\t\tc-1.24,2.57-3.23,4.7-5.72,6.11c-2.74,1.45-5.81,2.16-8.91,2.08H115.33z M125.23,93.08v20.38h3.39c5.17,0,7.75-3.25,7.75-9.76\n\t\t\tv-0.92c0-6.47-2.55-9.7-7.65-9.7H125.23z\"><\/path>\n\t\t<path class=\"st2\" d=\"M170.25,114.15c1.06,0,2.13-0.07,3.18-0.21v-6.56h-5.9v-6.88h14.73v18.37c-1.98,0.98-4.09,1.7-6.26,2.13\n\t\t\tc-2.45,0.52-4.94,0.79-7.44,0.79c-3.32,0.1-6.62-0.65-9.57-2.18c-2.59-1.41-4.69-3.59-6-6.23c-1.44-3.01-2.14-6.32-2.05-9.65\n\t\t\tc0-6,1.67-10.64,5-13.93c3.33-3.29,8.05-4.92,14.14-4.9c1.92,0.02,3.84,0.23,5.72,0.64c1.76,0.35,3.47,0.91,5.1,1.67v7.19\n\t\t\tc-1.66-0.54-3.36-0.96-5.08-1.24c-1.59-0.28-3.2-0.44-4.82-0.46c-3.42,0-5.95,0.87-7.6,2.59s-2.46,4.36-2.46,7.88v0.77\n\t\t\tc0,6.84,3.11,10.26,9.34,10.26\"><\/path>\n\t\t<polygon class=\"st2\" points=\"214.62,107.12 189.8,107.12 189.83,99.47 214.62,99.47    \"><\/polygon>\n\t\t<polygon class=\"st2\" points=\"214.62,121.08 189.8,121.08 189.83,113.43 214.62,113.43    \"><\/polygon>\n\t<\/g>\n<\/g>\n<\/svg>\n<\/div>\n<\/section>\n","protected":false},"excerpt":{"rendered":"","protected":false},"author":1574,"featured_media":0,"parent":0,"menu_order":0,"comment_status":"closed","ping_status":"closed","template":"","meta":{"_acf_changed":false,"inline_featured_image":false,"footnotes":""},"class_list":["post-92622","page","type-page","status-publish","hentry"],"acf":[],"yoast_head":"<title>O Compromisso Clim\u00e1tico - SME Climate Hub<\/title>\n<meta name=\"robots\" content=\"index, follow, max-snippet:-1, max-image-preview:large, max-video-preview:-1\" \/>\n<link rel=\"canonical\" href=\"https:\/\/smeclimatehub.org\/pt-br\/o-compromisso-climatico\/\" \/>\n<meta property=\"og:locale\" content=\"pt_BR\" \/>\n<meta property=\"og:type\" content=\"article\" \/>\n<meta property=\"og:title\" content=\"O Compromisso Clim\u00e1tico - SME Climate Hub\" \/>\n<meta property=\"og:url\" content=\"https:\/\/smeclimatehub.org\/pt-br\/o-compromisso-climatico\/\" \/>\n<meta property=\"og:site_name\" content=\"SME Climate Hub\" \/>\n<meta property=\"article:modified_time\" content=\"2025-10-29T17:43:18+00:00\" \/>\n<meta property=\"og:image\" content=\"https:\/\/smeclimatehub.org\/wp-content\/uploads\/2024\/08\/Preview_four.png\" \/>\n\t<meta property=\"og:image:width\" content=\"2000\" \/>\n\t<meta property=\"og:image:height\" content=\"1124\" \/>\n\t<meta property=\"og:image:type\" content=\"image\/png\" \/>\n<meta name=\"twitter:card\" content=\"summary_large_image\" \/>\n<meta name=\"twitter:label1\" content=\"Est. reading time\" \/>\n\t<meta name=\"twitter:data1\" content=\"2 minutos\" \/>\n<script type=\"application\/ld+json\" class=\"yoast-schema-graph\">{\"@context\":\"https:\/\/schema.org\",\"@graph\":[{\"@type\":\"WebPage\",\"@id\":\"https:\/\/smeclimatehub.org\/pt-br\/o-compromisso-climatico\/\",\"url\":\"https:\/\/smeclimatehub.org\/pt-br\/o-compromisso-climatico\/\",\"name\":\"O Compromisso Clim\u00e1tico - SME Climate Hub\",\"isPartOf\":{\"@id\":\"https:\/\/businessclimatehub.org\/es\/#website\"},\"datePublished\":\"2021-04-27T09:04:38+00:00\",\"dateModified\":\"2025-10-29T17:43:18+00:00\",\"breadcrumb\":{\"@id\":\"https:\/\/smeclimatehub.org\/pt-br\/o-compromisso-climatico\/#breadcrumb\"},\"inLanguage\":\"pt-BR\",\"potentialAction\":[{\"@type\":\"ReadAction\",\"target\":[\"https:\/\/smeclimatehub.org\/pt-br\/o-compromisso-climatico\/\"]}]},{\"@type\":\"BreadcrumbList\",\"@id\":\"https:\/\/smeclimatehub.org\/pt-br\/o-compromisso-climatico\/#breadcrumb\",\"itemListElement\":[{\"@type\":\"ListItem\",\"position\":1,\"name\":\"Home\",\"item\":\"https:\/\/smeclimatehub.org\/pt-br\/\"},{\"@type\":\"ListItem\",\"position\":2,\"name\":\"O Compromisso Clim\u00e1tico\"}]},{\"@type\":\"WebSite\",\"@id\":\"https:\/\/businessclimatehub.org\/es\/#website\",\"url\":\"https:\/\/businessclimatehub.org\/es\/\",\"name\":\"SME Climate hub\",\"description\":\"\",\"publisher\":{\"@id\":\"https:\/\/businessclimatehub.org\/es\/#organization\"},\"potentialAction\":[{\"@type\":\"SearchAction\",\"target\":{\"@type\":\"EntryPoint\",\"urlTemplate\":\"https:\/\/businessclimatehub.org\/es\/?s={search_term_string}\"},\"query-input\":{\"@type\":\"PropertyValueSpecification\",\"valueRequired\":true,\"valueName\":\"search_term_string\"}}],\"inLanguage\":\"pt-BR\"},{\"@type\":\"Organization\",\"@id\":\"https:\/\/businessclimatehub.org\/es\/#organization\",\"name\":\"SME Climate hub\",\"url\":\"https:\/\/businessclimatehub.org\/es\/\",\"logo\":{\"@type\":\"ImageObject\",\"inLanguage\":\"pt-BR\",\"@id\":\"https:\/\/businessclimatehub.org\/es\/#\/schema\/logo\/image\/\",\"url\":\"https:\/\/smeclimatehub.org\/wp-content\/uploads\/2025\/03\/smeLogo-1.png\",\"contentUrl\":\"https:\/\/smeclimatehub.org\/wp-content\/uploads\/2025\/03\/smeLogo-1.png\",\"width\":465,\"height\":245,\"caption\":\"SME Climate hub\"},\"image\":{\"@id\":\"https:\/\/businessclimatehub.org\/es\/#\/schema\/logo\/image\/\"}}]}<\/script>","yoast_head_json":{"title":"O Compromisso Clim\u00e1tico - SME Climate Hub","robots":{"index":"index","follow":"follow","max-snippet":"max-snippet:-1","max-image-preview":"max-image-preview:large","max-video-preview":"max-video-preview:-1"},"canonical":"https:\/\/smeclimatehub.org\/pt-br\/o-compromisso-climatico\/","og_locale":"pt_BR","og_type":"article","og_title":"O Compromisso Clim\u00e1tico - SME Climate Hub","og_url":"https:\/\/smeclimatehub.org\/pt-br\/o-compromisso-climatico\/","og_site_name":"SME Climate Hub","article_modified_time":"2025-10-29T17:43:18+00:00","og_image":[{"width":2000,"height":1124,"url":"https:\/\/smeclimatehub.org\/wp-content\/uploads\/2024\/08\/Preview_four.png","type":"image\/png"}],"twitter_card":"summary_large_image","twitter_misc":{"Est. reading time":"2 minutos"},"schema":{"@context":"https:\/\/schema.org","@graph":[{"@type":"WebPage","@id":"https:\/\/smeclimatehub.org\/pt-br\/o-compromisso-climatico\/","url":"https:\/\/smeclimatehub.org\/pt-br\/o-compromisso-climatico\/","name":"O Compromisso Clim\u00e1tico - SME Climate Hub","isPartOf":{"@id":"https:\/\/businessclimatehub.org\/es\/#website"},"datePublished":"2021-04-27T09:04:38+00:00","dateModified":"2025-10-29T17:43:18+00:00","breadcrumb":{"@id":"https:\/\/smeclimatehub.org\/pt-br\/o-compromisso-climatico\/#breadcrumb"},"inLanguage":"pt-BR","potentialAction":[{"@type":"ReadAction","target":["https:\/\/smeclimatehub.org\/pt-br\/o-compromisso-climatico\/"]}]},{"@type":"BreadcrumbList","@id":"https:\/\/smeclimatehub.org\/pt-br\/o-compromisso-climatico\/#breadcrumb","itemListElement":[{"@type":"ListItem","position":1,"name":"Home","item":"https:\/\/smeclimatehub.org\/pt-br\/"},{"@type":"ListItem","position":2,"name":"O Compromisso Clim\u00e1tico"}]},{"@type":"WebSite","@id":"https:\/\/businessclimatehub.org\/es\/#website","url":"https:\/\/businessclimatehub.org\/es\/","name":"SME Climate hub","description":"","publisher":{"@id":"https:\/\/businessclimatehub.org\/es\/#organization"},"potentialAction":[{"@type":"SearchAction","target":{"@type":"EntryPoint","urlTemplate":"https:\/\/businessclimatehub.org\/es\/?s={search_term_string}"},"query-input":{"@type":"PropertyValueSpecification","valueRequired":true,"valueName":"search_term_string"}}],"inLanguage":"pt-BR"},{"@type":"Organization","@id":"https:\/\/businessclimatehub.org\/es\/#organization","name":"SME Climate hub","url":"https:\/\/businessclimatehub.org\/es\/","logo":{"@type":"ImageObject","inLanguage":"pt-BR","@id":"https:\/\/businessclimatehub.org\/es\/#\/schema\/logo\/image\/","url":"https:\/\/smeclimatehub.org\/wp-content\/uploads\/2025\/03\/smeLogo-1.png","contentUrl":"https:\/\/smeclimatehub.org\/wp-content\/uploads\/2025\/03\/smeLogo-1.png","width":465,"height":245,"caption":"SME Climate hub"},"image":{"@id":"https:\/\/businessclimatehub.org\/es\/#\/schema\/logo\/image\/"}}]}},"_links":{"self":[{"href":"https:\/\/smeclimatehub.org\/pt-br\/wp-json\/wp\/v2\/pages\/92622","targetHints":{"allow":["GET"]}}],"collection":[{"href":"https:\/\/smeclimatehub.org\/pt-br\/wp-json\/wp\/v2\/pages"}],"about":[{"href":"https:\/\/smeclimatehub.org\/pt-br\/wp-json\/wp\/v2\/types\/page"}],"author":[{"embeddable":true,"href":"https:\/\/smeclimatehub.org\/pt-br\/wp-json\/wp\/v2\/users\/1574"}],"replies":[{"embeddable":true,"href":"https:\/\/smeclimatehub.org\/pt-br\/wp-json\/wp\/v2\/comments?post=92622"}],"version-history":[{"count":0,"href":"https:\/\/smeclimatehub.org\/pt-br\/wp-json\/wp\/v2\/pages\/92622\/revisions"}],"wp:attachment":[{"href":"https:\/\/smeclimatehub.org\/pt-br\/wp-json\/wp\/v2\/media?parent=92622"}],"curies":[{"name":"wp","href":"https:\/\/api.w.org\/{rel}","templated":true}]}}