
{"id":93309,"date":"2024-10-07T16:29:21","date_gmt":"2024-10-07T15:29:21","guid":{"rendered":"https:\/\/smeclimatehub.org\/espaco-de-acao\/transport\/"},"modified":"2025-11-04T21:21:29","modified_gmt":"2025-11-04T20:21:29","slug":"transport","status":"publish","type":"page","link":"https:\/\/smeclimatehub.org\/pt-br\/espaco-de-acao\/transport\/","title":{"rendered":"Transporte"},"content":{"rendered":"<section class=\"action-space-blocks align-content-top light content-block\">\n    <div class=\"container\">\n            <div class=\"area-blocks\">\n<div class=\"area-block\">\n<div class=\"stage\"><div class=\"number\">01<\/div><div class=\"title\">Come\u00e7ar<\/div><div class=\"stage-info\"><img decoding=\"async\" src=\"https:\/\/smeclimatehub.org\/wp-content\/themes\/newsme\/assets\/images\/beginIcon.svg\"> Desenvolver uma compreens\u00e3o<\/div><\/div>                                                                        <div class=\"outer-blocks swiper\">\n                            <div class=\"blocks-wrapper swiper-wrapper\">\n                                                                            <div class=\"block resource swiper-slide guide\">\n                                                <div class=\"inner\">\n                                                             <div class=\"image\">\n                                                        <img decoding=\"async\" src=\"https:\/\/smeclimatehub.org\/wp-content\/uploads\/2024\/10\/business-travel-1-scaled-1.jpg\">\n                                                                                                            <\/div>\n                                                <div class=\"text\">\n                                                             <div class=\"label\">Guia de A\u00e7\u00e3o<\/div>                                                        <h3 class=\"title\">Reduzir as emiss\u00f5es de viagens de neg\u00f3cios<\/h3>\n                                                        <p><p>Reduzir as emiss\u00f5es de carbono das viagens de neg\u00f3cios.<\/p>\n<\/p>\n                                                    <\/div>\n                                              \n                                                    <span class=\"resource-trigger\" data-resource=\"reduzir-as-emissoes-de-viagens-de-negocios\" title=\"Reduzir as emiss\u00f5es de viagens de neg\u00f3cios\"><\/span>\n                                                <\/div>\n\n                                            <\/div>\n\n                \n\n                                                                            <div class=\"block resource swiper-slide guide\">\n                                                <div class=\"inner\">\n                                                             <div class=\"image\">\n                                                        <img decoding=\"async\" src=\"https:\/\/smeclimatehub.org\/wp-content\/uploads\/2024\/10\/commuting-1.jpg\">\n                                                                                                            <\/div>\n                                                <div class=\"text\">\n                                                             <div class=\"label\">Guia de A\u00e7\u00e3o<\/div>                                                        <h3 class=\"title\">Reduzir as emiss\u00f5es provenientes dos deslocamentos di\u00e1rios<\/h3>\n                                                        <p><p>Reduzir as emiss\u00f5es de gases de efeito estufa provenientes do deslocamento di\u00e1rio dos funcion\u00e1rios.<\/p>\n<\/p>\n                                                    <\/div>\n                                              \n                                                    <span class=\"resource-trigger\" data-resource=\"reduzir-as-emissoes-provenientes-dos-deslocamentos-diarios\" title=\"Reduzir as emiss\u00f5es provenientes dos deslocamentos di\u00e1rios\"><\/span>\n                                                <\/div>\n\n                                            <\/div>\n\n                \n\n                                                            <\/div>\n                        <\/div>\n                        <div style=\"display:flex;justify-content: center;margin-top: 20px;\">\n                            <div class=\"btn-slider slider-prev-0\">\n                            <img decoding=\"async\" src=\"https:\/\/smeclimatehub.org\/wp-content\/themes\/newsme\/assets\/images\/backIco.svg\">\n\n                            <\/div>\n                            <div class=\"btn-slider slider-next-0\">\n                            <img decoding=\"async\" src=\"https:\/\/smeclimatehub.org\/wp-content\/themes\/newsme\/assets\/images\/nextIco.svg\">\n                            <\/div>\n                        <\/div>\n\n                    <\/div>\n<div class=\"bottom-border\"><\/div>                            <div class=\"resource-modal\" tabindex=\"-1\" id=\"resource-reduzir-as-emissoes-de-viagens-de-negocios\" data-scrollable=\"true\">\n<div class=\"modal-container\">\n    <div class=\"close\">\n        <button class=\"hide-button\" data-target=\"close_resource\" type=\"button\">\n                    <svg width=\"24\" height=\"24\" viewBox=\"0 0 684 684\" fill=\"none\" xmlns=\"http:\/\/www.w3.org\/2000\/svg\">\n                        <path d=\"M640.66 0.659851C652.88 0.659851 663.044 4.7149 671.155 12.825C679.265 20.9351 683.32 31.1 683.32 43.3197C683.32 55.321 679.21 65.4313 670.991 73.6506L402.314 341.98L670.991 610.308C679.21 618.528 683.32 628.638 683.32 640.639C683.32 652.859 679.265 663.024 671.155 671.134C663.044 679.244 652.88 683.299 640.66 683.299C628.659 683.299 618.548 679.19 610.329 670.97L342 402.293L73.671 670.97C65.4517 679.19 55.3414 683.299 43.3401 683.299C31.1204 683.299 20.9555 679.244 12.8454 671.134C4.73535 663.024 0.680298 652.859 0.680298 640.639C0.680298 628.638 4.78996 618.528 13.0093 610.308L281.686 341.98L13.0093 73.6506C4.78996 65.4313 0.680298 55.321 0.680298 43.3197C0.680298 31.1 4.73535 20.9351 12.8454 12.825C20.9555 4.7149 31.1204 0.659851 43.3401 0.659851C55.3414 0.659851 65.4517 4.76951 73.671 12.9888L342 281.666L610.329 12.9888C618.548 4.76951 628.659 0.659851 640.66 0.659851Z\" fill=\"#125B60\"><\/path>\n                    <\/svg>\n                <\/button>\n            <\/div>\n           <div class=\"resource-wrapper\">\n            <div class=\"media-wrapper\">\n    <div class=\"media\">\n    <img decoding=\"async\" src=\"https:\/\/smeclimatehub.org\/wp-content\/uploads\/2024\/10\/business-travel-1-scaled-1.jpg\">\n        <\/div>\n\n            <\/div>\n            <div class=\"content\">\n                        <h6>Guia de A\u00e7\u00e3o<\/h6>\n                                <h3>Reduzir as emiss\u00f5es de viagens de neg\u00f3cios<\/h3>\n\n<div class=\"description\">\n<p>As emiss\u00f5es de viagens a neg\u00f3cios variam de empresa para empresa. Este guia explica como reduzir as emiss\u00f5es de gases de efeito estufa provenientes de viagens a neg\u00f3cios, o que se aplica a todos os setores. <\/p>\n<p>Nossos Guias Pr\u00e1ticos priorizam a simplicidade e a rapidez, sendo adequados para todas as PMEs.<\/p>\n<\/div>\n                <div class=\"time\">\n                <img decoding=\"async\" src=\"https:\/\/smeclimatehub.org\/wp-content\/themes\/newsme\/assets\/images\/time.svg\">\n<p>Tempo estimado de conclus\u00e3o: 10 minutos<\/p>\n                <\/div>\n                                                                <div class=\"access\">\n<a href=\"https:\/\/smeclimatehub.org\/guides\/reducing-emissions-from-business-travel\/\" class=\"button\" target=\"\" title=\"Reduzir as emiss\u00f5es de viagens de neg\u00f3cios\">Acessar recurso<\/a>\n                <\/div>\n                                <div class=\"star-rating-container\" data-resource=\"reduzir-as-emissoes-de-viagens-de-negocios\">\n                                    <div class=\"overall\">De forma geral, como voc\u00ea avaliaria este recurso?<\/div>     \n    <div class=\"star-rating-wrapper\">\n        <div class=\"star-rating\" data-rating=\"0\">\n            <span class=\"star\" data-value=\"1\"><\/span>\n            <span class=\"star\" data-value=\"2\"><\/span>\n            <span class=\"star\" data-value=\"3\"><\/span>\n            <span class=\"star\" data-value=\"4\"><\/span>\n            <span class=\"star\" data-value=\"5\"><\/span>\n        <\/div>\n        <div class=\"star-labels\">\n            <span class=\"star-label poor\">Pobre<\/span>\n            <span class=\"star-label excellent\">Excelente<\/span>\n        <\/div>\n    <\/div>\n    <div class=\"thank-you-message\" style=\"display: none;\">Obrigado por avaliar este recurso!<\/div>\n    <div class=\"loading\">\n<span class=\"loader-new\"><\/span>\n<\/div>\n<\/div>\n\n\n            <\/div>\n           <\/div>\n    <\/div>\n<\/div>\n\n                                <div class=\"resource-modal\" tabindex=\"-1\" id=\"resource-reduzir-as-emissoes-provenientes-dos-deslocamentos-diarios\" data-scrollable=\"true\">\n<div class=\"modal-container\">\n    <div class=\"close\">\n        <button class=\"hide-button\" data-target=\"close_resource\" type=\"button\">\n                    <svg width=\"24\" height=\"24\" viewBox=\"0 0 684 684\" fill=\"none\" xmlns=\"http:\/\/www.w3.org\/2000\/svg\">\n                        <path d=\"M640.66 0.659851C652.88 0.659851 663.044 4.7149 671.155 12.825C679.265 20.9351 683.32 31.1 683.32 43.3197C683.32 55.321 679.21 65.4313 670.991 73.6506L402.314 341.98L670.991 610.308C679.21 618.528 683.32 628.638 683.32 640.639C683.32 652.859 679.265 663.024 671.155 671.134C663.044 679.244 652.88 683.299 640.66 683.299C628.659 683.299 618.548 679.19 610.329 670.97L342 402.293L73.671 670.97C65.4517 679.19 55.3414 683.299 43.3401 683.299C31.1204 683.299 20.9555 679.244 12.8454 671.134C4.73535 663.024 0.680298 652.859 0.680298 640.639C0.680298 628.638 4.78996 618.528 13.0093 610.308L281.686 341.98L13.0093 73.6506C4.78996 65.4313 0.680298 55.321 0.680298 43.3197C0.680298 31.1 4.73535 20.9351 12.8454 12.825C20.9555 4.7149 31.1204 0.659851 43.3401 0.659851C55.3414 0.659851 65.4517 4.76951 73.671 12.9888L342 281.666L610.329 12.9888C618.548 4.76951 628.659 0.659851 640.66 0.659851Z\" fill=\"#125B60\"><\/path>\n                    <\/svg>\n                <\/button>\n            <\/div>\n           <div class=\"resource-wrapper\">\n            <div class=\"media-wrapper\">\n    <div class=\"media\">\n    <img decoding=\"async\" src=\"https:\/\/smeclimatehub.org\/wp-content\/uploads\/2024\/10\/commuting-1.jpg\">\n        <\/div>\n\n            <\/div>\n            <div class=\"content\">\n                        <h6>Guia de A\u00e7\u00e3o<\/h6>\n                                <h3>Reduzir as emiss\u00f5es provenientes dos deslocamentos di\u00e1rios<\/h3>\n\n<div class=\"description\">\n<p>Este guia explica como reduzir as emiss\u00f5es de gases de efeito estufa provenientes do deslocamento pendular \u2014 o transporte de funcion\u00e1rios entre suas casas e locais de trabalho.<\/p>\n<p>Nossos Guias Pr\u00e1ticos priorizam a simplicidade e a rapidez, sendo adequados para todas as PMEs.<\/p>\n<\/div>\n                <div class=\"time\">\n                <img decoding=\"async\" src=\"https:\/\/smeclimatehub.org\/wp-content\/themes\/newsme\/assets\/images\/time.svg\">\n<p>Tempo estimado de conclus\u00e3o: 10 minutos<\/p>\n                <\/div>\n                                                                <div class=\"access\">\n<a href=\"https:\/\/smeclimatehub.org\/guides\/reducing-emissions-from-commuting\/\" class=\"button\" target=\"\" title=\"Reduzir as emiss\u00f5es provenientes dos deslocamentos di\u00e1rios\">Acessar recurso<\/a>\n                <\/div>\n                                <div class=\"star-rating-container\" data-resource=\"reduzir-as-emissoes-provenientes-dos-deslocamentos-diarios\">\n                                    <div class=\"overall\">De forma geral, como voc\u00ea avaliaria este recurso?<\/div>     \n    <div class=\"star-rating-wrapper\">\n        <div class=\"star-rating\" data-rating=\"0\">\n            <span class=\"star\" data-value=\"1\"><\/span>\n            <span class=\"star\" data-value=\"2\"><\/span>\n            <span class=\"star\" data-value=\"3\"><\/span>\n            <span class=\"star\" data-value=\"4\"><\/span>\n            <span class=\"star\" data-value=\"5\"><\/span>\n        <\/div>\n        <div class=\"star-labels\">\n            <span class=\"star-label poor\">Pobre<\/span>\n            <span class=\"star-label excellent\">Excelente<\/span>\n        <\/div>\n    <\/div>\n    <div class=\"thank-you-message\" style=\"display: none;\">Obrigado por avaliar este recurso!<\/div>\n    <div class=\"loading\">\n<span class=\"loader-new\"><\/span>\n<\/div>\n<\/div>\n\n\n            <\/div>\n           <\/div>\n    <\/div>\n<\/div>\n\n                                \n            <\/div>\n\n\n    <\/div>\n<\/section>\n<section class=\"action-space-blocks align-content-top light light content-block\">\n    <div class=\"container\">\n            <div class=\"area-blocks\">\n<div class=\"area-block\">\n<div class=\"stage\"><div class=\"number\">02<\/div><div class=\"title\">Maduro<\/div><div class=\"stage-info\"> <img decoding=\"async\" src=\"https:\/\/smeclimatehub.org\/wp-content\/themes\/newsme\/assets\/images\/matureIcon.svg\"> Estabelecer metas<\/div><\/div>                                                                        <div class=\"outer-blocks swiper\">\n                            <div class=\"blocks-wrapper swiper-wrapper\">\n                                                                            <div class=\"block resource swiper-slide external\">\n                                                <div class=\"inner\">\n                                                             <div class=\"image\">\n                                                        <img decoding=\"async\" src=\"https:\/\/smeclimatehub.org\/wp-content\/uploads\/2024\/10\/3d-electric-car-parked-1-scaled-1.jpg\">\n                                                                                                            <\/div>\n                                                <div class=\"text\">\n                                                             <div class=\"label\">Recurso externo<\/div>                                                        <h3 class=\"title\">Centro de Solu\u00e7\u00f5es para Frotas El\u00e9tricas da EDF<\/h3>\n                                                        <p><p>Siga as etapas para fazer a transi\u00e7\u00e3o dos seus ve\u00edculos das classes 3 a 8.<\/p>\n<\/p>\n                                                    <\/div>\n                                              \n                                                    <span class=\"resource-trigger\" data-resource=\"centro-de-solucoes-para-frotas-eletricas-da-edf\" title=\"Centro de Solu\u00e7\u00f5es para Frotas El\u00e9tricas da EDF\"><\/span>\n                                                <\/div>\n\n                                            <\/div>\n\n                \n\n                                                                            <div class=\"block resource swiper-slide course\">\n                                                <div class=\"inner\">\n                                                             <div class=\"image\">\n                                                        <img decoding=\"async\" src=\"https:\/\/smeclimatehub.org\/wp-content\/uploads\/2024\/10\/electric-car-charging-1-scaled-1.jpg\">\n                                                                                                            <\/div>\n                                                <div class=\"text\">\n                                                             <div class=\"label\">Curso<\/div>                                                        <h3 class=\"title\">Transi\u00e7\u00e3o para ve\u00edculos el\u00e9tricos<\/h3>\n                                                        <p><p>Incorpore ve\u00edculos el\u00e9tricos em suas frotas e desenvolva infraestrutura de recarga.<\/p>\n<\/p>\n                                                    <\/div>\n                                              \n                                                    <span class=\"resource-trigger\" data-resource=\"transicao-para-veiculos-eletricos\" title=\"Transi\u00e7\u00e3o para ve\u00edculos el\u00e9tricos\"><\/span>\n                                                <\/div>\n\n                                            <\/div>\n\n                \n\n                                                                            <div class=\"block resource swiper-slide guide\">\n                                                <div class=\"inner\">\n                                                             <div class=\"image\">\n                                                        <img decoding=\"async\" src=\"https:\/\/smeclimatehub.org\/wp-content\/uploads\/2024\/10\/shippingTransportation-1-scaled-1.jpg\">\n                                                                                                            <\/div>\n                                                <div class=\"text\">\n                                                             <div class=\"label\">Guia de A\u00e7\u00e3o<\/div>                                                        <h3 class=\"title\">Reduzir as emiss\u00f5es do transporte de mercadorias e cargas.<\/h3>\n                                                        <p><p>Aborde as emiss\u00f5es provenientes do seu transporte mar\u00edtimo e de mercadorias.<\/p>\n<\/p>\n                                                    <\/div>\n                                              \n                                                    <span class=\"resource-trigger\" data-resource=\"reduzir-as-emissoes-do-transporte-de-mercadorias-e-cargas\" title=\"Reduzir as emiss\u00f5es do transporte de mercadorias e cargas.\"><\/span>\n                                                <\/div>\n\n                                            <\/div>\n\n                \n\n                                                            <\/div>\n                        <\/div>\n                        <div style=\"display:flex;justify-content: center;margin-top: 20px;\">\n                            <div class=\"btn-slider slider-prev-1\">\n                            <img decoding=\"async\" src=\"https:\/\/smeclimatehub.org\/wp-content\/themes\/newsme\/assets\/images\/backIco.svg\">\n\n                            <\/div>\n                            <div class=\"btn-slider slider-next-1\">\n                            <img decoding=\"async\" src=\"https:\/\/smeclimatehub.org\/wp-content\/themes\/newsme\/assets\/images\/nextIco.svg\">\n                            <\/div>\n                        <\/div>\n\n                    <\/div>\n                            <div class=\"resource-modal\" tabindex=\"-1\" id=\"resource-centro-de-solucoes-para-frotas-eletricas-da-edf\" data-scrollable=\"true\">\n<div class=\"modal-container\">\n    <div class=\"close\">\n        <button class=\"hide-button\" data-target=\"close_resource\" type=\"button\">\n                    <svg width=\"24\" height=\"24\" viewBox=\"0 0 684 684\" fill=\"none\" xmlns=\"http:\/\/www.w3.org\/2000\/svg\">\n                        <path d=\"M640.66 0.659851C652.88 0.659851 663.044 4.7149 671.155 12.825C679.265 20.9351 683.32 31.1 683.32 43.3197C683.32 55.321 679.21 65.4313 670.991 73.6506L402.314 341.98L670.991 610.308C679.21 618.528 683.32 628.638 683.32 640.639C683.32 652.859 679.265 663.024 671.155 671.134C663.044 679.244 652.88 683.299 640.66 683.299C628.659 683.299 618.548 679.19 610.329 670.97L342 402.293L73.671 670.97C65.4517 679.19 55.3414 683.299 43.3401 683.299C31.1204 683.299 20.9555 679.244 12.8454 671.134C4.73535 663.024 0.680298 652.859 0.680298 640.639C0.680298 628.638 4.78996 618.528 13.0093 610.308L281.686 341.98L13.0093 73.6506C4.78996 65.4313 0.680298 55.321 0.680298 43.3197C0.680298 31.1 4.73535 20.9351 12.8454 12.825C20.9555 4.7149 31.1204 0.659851 43.3401 0.659851C55.3414 0.659851 65.4517 4.76951 73.671 12.9888L342 281.666L610.329 12.9888C618.548 4.76951 628.659 0.659851 640.66 0.659851Z\" fill=\"#125B60\"><\/path>\n                    <\/svg>\n                <\/button>\n            <\/div>\n           <div class=\"resource-wrapper\">\n            <div class=\"media-wrapper\">\n    <div class=\"media\">\n    <img decoding=\"async\" src=\"https:\/\/smeclimatehub.org\/wp-content\/uploads\/2024\/10\/Fleet-electrification-solution-centre.png\">\n    <\/div>\n\n            <\/div>\n            <div class=\"content\">\n                        <h6>Recurso externo<\/h6>\n                                <h3>Centro de Solu\u00e7\u00f5es para Frotas El\u00e9tricas da EDF<\/h3>\n\n<div class=\"description\">\n<p>Tudo o que voc\u00ea precisa saber sobre a transi\u00e7\u00e3o para a eletrifica\u00e7\u00e3o de sua frota de ve\u00edculos das classes 3 a 8. Eletrificar sua frota \u00e9 uma estrat\u00e9gia de longo prazo para sua empresa. Este site foi desenvolvido para ajudar voc\u00ea a transformar as metas de eletrifica\u00e7\u00e3o da sua empresa em realidade. Ele re\u00fane os recursos mais valiosos (e confi\u00e1veis) sobre eletrifica\u00e7\u00e3o de frotas, um checklist completo e a experi\u00eancia de l\u00edderes na \u00e1rea.   <\/p>\n<\/div>\n                <div class=\"provider\">\n<img decoding=\"async\" src=\"https:\/\/smeclimatehub.org\/wp-content\/uploads\/2024\/10\/NZAA-logo.png\">\n<p>Fornecido pela EDF<\/p>\n    <\/div>\n                                                <div class=\"access\">\n<a href=\"https:\/\/www.electricfleet.org\/\" class=\"button\" target=\"_blank\" title=\"Centro de Solu\u00e7\u00f5es para Frotas El\u00e9tricas da EDF\">Acessar recurso<\/a>\n                <\/div>\n                                <div class=\"star-rating-container\" data-resource=\"centro-de-solucoes-para-frotas-eletricas-da-edf\">\n                    <div class=\"loading\">\n<span class=\"loader-new\"><\/span>\n<\/div>\n<\/div>\n\n\n            <\/div>\n           <\/div>\n    <\/div>\n<\/div>\n\n                                <div class=\"resource-modal\" tabindex=\"-1\" id=\"resource-transicao-para-veiculos-eletricos\" data-scrollable=\"true\">\n<div class=\"modal-container\">\n    <div class=\"close\">\n        <button class=\"hide-button\" data-target=\"close_resource\" type=\"button\">\n                    <svg width=\"24\" height=\"24\" viewBox=\"0 0 684 684\" fill=\"none\" xmlns=\"http:\/\/www.w3.org\/2000\/svg\">\n                        <path d=\"M640.66 0.659851C652.88 0.659851 663.044 4.7149 671.155 12.825C679.265 20.9351 683.32 31.1 683.32 43.3197C683.32 55.321 679.21 65.4313 670.991 73.6506L402.314 341.98L670.991 610.308C679.21 618.528 683.32 628.638 683.32 640.639C683.32 652.859 679.265 663.024 671.155 671.134C663.044 679.244 652.88 683.299 640.66 683.299C628.659 683.299 618.548 679.19 610.329 670.97L342 402.293L73.671 670.97C65.4517 679.19 55.3414 683.299 43.3401 683.299C31.1204 683.299 20.9555 679.244 12.8454 671.134C4.73535 663.024 0.680298 652.859 0.680298 640.639C0.680298 628.638 4.78996 618.528 13.0093 610.308L281.686 341.98L13.0093 73.6506C4.78996 65.4313 0.680298 55.321 0.680298 43.3197C0.680298 31.1 4.73535 20.9351 12.8454 12.825C20.9555 4.7149 31.1204 0.659851 43.3401 0.659851C55.3414 0.659851 65.4517 4.76951 73.671 12.9888L342 281.666L610.329 12.9888C618.548 4.76951 628.659 0.659851 640.66 0.659851Z\" fill=\"#125B60\"><\/path>\n                    <\/svg>\n                <\/button>\n            <\/div>\n           <div class=\"resource-wrapper\">\n            <div class=\"media-wrapper\">\n    <div class=\"media\">\n    <img decoding=\"async\" src=\"https:\/\/smeclimatehub.org\/wp-content\/uploads\/2024\/10\/electric-car-charging-1-scaled-1.jpg\">\n        <\/div>\n\n            <\/div>\n            <div class=\"content\">\n                        <h6>Curso<\/h6>\n                                <h3>Transi\u00e7\u00e3o para ve\u00edculos el\u00e9tricos<\/h3>\n\n<div class=\"description\">\n<p>Este curso pr\u00e1tico foi desenvolvido para PMEs interessadas em fazer a transi\u00e7\u00e3o de seus neg\u00f3cios para ve\u00edculos el\u00e9tricos. Ele oferece orienta\u00e7\u00f5es pr\u00e1ticas sobre como incorporar ve\u00edculos el\u00e9tricos \u00e0s suas frotas de forma eficiente e desenvolver a infraestrutura de recarga necess\u00e1ria para manter seus ve\u00edculos em circula\u00e7\u00e3o. <\/p>\n<p>Embora seja direcionado \u00e0 ind\u00fastria de produ\u00e7\u00e3o cinematogr\u00e1fica e televisiva, cont\u00e9m elementos aplic\u00e1veis a todos os setores e empresas.<\/p>\n<\/div>\n                <div class=\"time\">\n                <img decoding=\"async\" src=\"https:\/\/smeclimatehub.org\/wp-content\/themes\/newsme\/assets\/images\/time.svg\">\n<p>Tempo estimado de conclus\u00e3o: 40 minutos<\/p>\n                <\/div>\n                                                                <div class=\"access\">\n<a href=\"https:\/\/smeclimatehub.org\/wp-json\/lw\/v1\/sso?redirectUrl=https%3A%2F%2Facademy.smeclimatehub.org%2Fcourse%2Fevtransition\" class=\"button\" target=\"_blank\" title=\"Transi\u00e7\u00e3o para ve\u00edculos el\u00e9tricos\">Acessar recurso<\/a>\n                <\/div>\n                                <div class=\"star-rating-container\" data-resource=\"transicao-para-veiculos-eletricos\">\n                    <div class=\"loading\">\n<span class=\"loader-new\"><\/span>\n<\/div>\n<\/div>\n\n\n            <\/div>\n           <\/div>\n    <\/div>\n<\/div>\n\n                                <div class=\"resource-modal\" tabindex=\"-1\" id=\"resource-reduzir-as-emissoes-do-transporte-de-mercadorias-e-cargas\" data-scrollable=\"true\">\n<div class=\"modal-container\">\n    <div class=\"close\">\n        <button class=\"hide-button\" data-target=\"close_resource\" type=\"button\">\n                    <svg width=\"24\" height=\"24\" viewBox=\"0 0 684 684\" fill=\"none\" xmlns=\"http:\/\/www.w3.org\/2000\/svg\">\n                        <path d=\"M640.66 0.659851C652.88 0.659851 663.044 4.7149 671.155 12.825C679.265 20.9351 683.32 31.1 683.32 43.3197C683.32 55.321 679.21 65.4313 670.991 73.6506L402.314 341.98L670.991 610.308C679.21 618.528 683.32 628.638 683.32 640.639C683.32 652.859 679.265 663.024 671.155 671.134C663.044 679.244 652.88 683.299 640.66 683.299C628.659 683.299 618.548 679.19 610.329 670.97L342 402.293L73.671 670.97C65.4517 679.19 55.3414 683.299 43.3401 683.299C31.1204 683.299 20.9555 679.244 12.8454 671.134C4.73535 663.024 0.680298 652.859 0.680298 640.639C0.680298 628.638 4.78996 618.528 13.0093 610.308L281.686 341.98L13.0093 73.6506C4.78996 65.4313 0.680298 55.321 0.680298 43.3197C0.680298 31.1 4.73535 20.9351 12.8454 12.825C20.9555 4.7149 31.1204 0.659851 43.3401 0.659851C55.3414 0.659851 65.4517 4.76951 73.671 12.9888L342 281.666L610.329 12.9888C618.548 4.76951 628.659 0.659851 640.66 0.659851Z\" fill=\"#125B60\"><\/path>\n                    <\/svg>\n                <\/button>\n            <\/div>\n           <div class=\"resource-wrapper\">\n            <div class=\"media-wrapper\">\n    <div class=\"media\">\n    <img decoding=\"async\" src=\"https:\/\/smeclimatehub.org\/wp-content\/uploads\/2024\/10\/shippingTransportation-1-scaled-1.jpg\">\n        <\/div>\n\n            <\/div>\n            <div class=\"content\">\n                        <h6>Guia de A\u00e7\u00e3o<\/h6>\n                                <h3>Reduzir as emiss\u00f5es do transporte de mercadorias e cargas.<\/h3>\n\n<div class=\"description\">\n<p>O setor de transporte mar\u00edtimo \u00e9 respons\u00e1vel por oito por cento das emiss\u00f5es globais de carbono. J\u00e1 existem solu\u00e7\u00f5es que as empresas podem implementar para reduzir drasticamente essas emiss\u00f5es. Este guia aborda como reduzir as emiss\u00f5es do transporte mar\u00edtimo e de mercadorias.  <\/p>\n<p>Nossos Guias Pr\u00e1ticos priorizam a simplicidade e a rapidez, sendo adequados para todas as PMEs.<\/p>\n<\/div>\n                <div class=\"time\">\n                <img decoding=\"async\" src=\"https:\/\/smeclimatehub.org\/wp-content\/themes\/newsme\/assets\/images\/time.svg\">\n<p>Tempo estimado de conclus\u00e3o: 10 minutos<\/p>\n                <\/div>\n                                                                <div class=\"access\">\n<a href=\"https:\/\/smeclimatehub.org\/guides\/reduce-emissions-from-freight-and-goods-transport\/\" class=\"button\" target=\"\" title=\"Reduzir as emiss\u00f5es do transporte de mercadorias e cargas.\">Acessar recurso<\/a>\n                <\/div>\n                                <div class=\"star-rating-container\" data-resource=\"reduzir-as-emissoes-do-transporte-de-mercadorias-e-cargas\">\n                                    <div class=\"overall\">De forma geral, como voc\u00ea avaliaria este recurso?<\/div>     \n    <div class=\"star-rating-wrapper\">\n        <div class=\"star-rating\" data-rating=\"0\">\n            <span class=\"star\" data-value=\"1\"><\/span>\n            <span class=\"star\" data-value=\"2\"><\/span>\n            <span class=\"star\" data-value=\"3\"><\/span>\n            <span class=\"star\" data-value=\"4\"><\/span>\n            <span class=\"star\" data-value=\"5\"><\/span>\n        <\/div>\n        <div class=\"star-labels\">\n            <span class=\"star-label poor\">Pobre<\/span>\n            <span class=\"star-label excellent\">Excelente<\/span>\n        <\/div>\n    <\/div>\n    <div class=\"thank-you-message\" style=\"display: none;\">Obrigado por avaliar este recurso!<\/div>\n    <div class=\"loading\">\n<span class=\"loader-new\"><\/span>\n<\/div>\n<\/div>\n\n\n            <\/div>\n           <\/div>\n    <\/div>\n<\/div>\n\n                                \n            <\/div>\n\n\n    <\/div>\n<\/section>\n    \n\n\n<section id=\"block-6865626b7dc0a\"  class=\"case-studies-section pt-full-new pb-full-new\">\n\t<div class=\"container\">\n\t\t<div class=\"content-block\">\n<div class=\"block-header\">\n\t\t\t\t\t\t\t\t<h2 class=\"title-section\">\n\t\t\t\t\tEstudos de caso\t\t\t\t<\/h2>\n\t\t\t\t\t\t\t\t\t\t\t\t<div class=\"button-wrap\">\n\t\t\t\t<a href=\"\/news\" class=\"button\" target=\"_self\">Ver mais<\/a>\n\t\t\t<\/div>\n\t\t\t<\/div>\n\t\t\t\t\t\t\t<div class=\"outer-wrapper swiper\" dir=\"\">\n\t\t\t\t\t<div class=\"blocks-wrapper swiper-wrapper\">\n\t\t\t\t\t\t\t      <div class=\"block swiper-slide\">\n                                                <div class=\"inner\">\n                                                             <div class=\"image\">\n                                                        <img decoding=\"async\" src=\"https:\/\/smeclimatehub.org\/wp-content\/uploads\/2024\/06\/VMI-London-Team-Aug-22-1-1.jpeg\">\n\n                                                    <\/div>\n                                                <div class=\"text\">\n\t\t\t\t\t\t\t\t\t\t\t\t\t<div class=\"post-info\">\n\t\t\t\t\t\t\t\t\t\t\t\t\t\t<div class=\"date\">\n\t\t\t\t\t\t\t\t\t\t\t\t\t\t\tjunho 26, 2024\t\t\t\t\t\t\t\t\t\t\t\t\t\t<\/div>\n\t\t\t\t\t\t\t\t\t\t\t\t\t\t\t<div class=\"category\">\n\t\t\t\t\t\t\t\t\t\t\t\t\t\t\tArtigo\t\t\t\t\t\t\t\t\t\t\t\t\t\t<\/div>\n\t\t\t\t\t\t\t\t\t\t\t\t\t<\/div>\n                                                                                                                     <h3 class=\"title\">VMI: Os neg\u00f3cios melhoram quando voc\u00ea toma medidas clim\u00e1ticas.<\/h3>\n                                                        <p>Este artigo foi publicado originalmente no site da Climate Champions, plataforma que promove&#8230;<\/p>\n                                                    <\/div>\n                                              \n                                                 <a aria-label=\"VMI: Os neg\u00f3cios melhoram quando voc\u00ea toma medidas clim\u00e1ticas.\" title=\"VMI: Os neg\u00f3cios melhoram quando voc\u00ea toma medidas clim\u00e1ticas.\" href=\"https:\/\/smeclimatehub.org\/pt-br\/vmi-os-negocios-melhoram-quando-voce-toma-medidas-climaticas\/\" class=\"link\"><\/a>\n                                                <\/div>\n\n                                            <\/div>\n\t\t\t\t\t\t\t      <div class=\"block swiper-slide\">\n                                                <div class=\"inner\">\n                                                             <div class=\"image\">\n                                                        <img decoding=\"async\" src=\"https:\/\/smeclimatehub.org\/wp-content\/uploads\/2023\/10\/5.png\">\n\n                                                    <\/div>\n                                                <div class=\"text\">\n\t\t\t\t\t\t\t\t\t\t\t\t\t<div class=\"post-info\">\n\t\t\t\t\t\t\t\t\t\t\t\t\t\t<div class=\"date\">\n\t\t\t\t\t\t\t\t\t\t\t\t\t\t\tnovembro 14, 2023\t\t\t\t\t\t\t\t\t\t\t\t\t\t<\/div>\n\t\t\t\t\t\t\t\t\t\t\t\t\t\t\t<div class=\"category\">\n\t\t\t\t\t\t\t\t\t\t\t\t\t\t\tSME Stories\t\t\t\t\t\t\t\t\t\t\t\t\t\t<\/div>\n\t\t\t\t\t\t\t\t\t\t\t\t\t<\/div>\n                                                                                                                     <h3 class=\"title\">Enpro becomes a climate leader in the Indian manufacturing sector<\/h3>\n                                                        <p>Being a small business has not deterred Enpro from making bold, unconventional choices&#8230;.<\/p>\n                                                    <\/div>\n                                              \n                                                 <a aria-label=\"Enpro becomes a climate leader in the Indian manufacturing sector\" title=\"Enpro becomes a climate leader in the Indian manufacturing sector\" href=\"https:\/\/smeclimatehub.org\/pt-br\/enpro-becomes-a-climate-leader-in-the-indian-manufacturing-sector\/\" class=\"link\"><\/a>\n                                                <\/div>\n\n                                            <\/div>\n\t\t\t\t\t\t\t\t\t\t\t<\/div>\n\n\n\t\t\t\t<\/div>\n\t\t\t\t<div class=\"navigation-buttons\">\n                            <div class=\"nav-button case-prev\">\n                            <img decoding=\"async\" src=\"https:\/\/smeclimatehub.org\/wp-content\/themes\/newsme\/assets\/images\/arrow-left2.svg\">\n\n                            <\/div>\n                            <div class=\"nav-button case-next\">\n                            <img decoding=\"async\" src=\"https:\/\/smeclimatehub.org\/wp-content\/themes\/newsme\/assets\/images\/arrow-right2.svg\">\n                            <\/div>\n                        <\/div>\n\t\t\t\n\t\t<\/div>\n\t<\/div>\n<\/section>\n<section class=\"pb-full\" style=\"background: #FDFDFD;\">\n\n<\/section>\n\n\n<div class=\"stay-updated-block darkBackground \">\n\t<div class=\"container\">\n<div class=\"column\">\n<h2>Mantenha-se atualizado<\/h2>\n<p>Inscreva-se em nossa newsletter para se manter atualizado com as \u00faltimas novidades sobre o clima.<\/p>\n<\/div>\n<div class=\"column\">\n\t<button data-popup-button=\"stay-updated-form\" type=\"button\" class=\"button none\">Inscreva-se<\/button>\n<\/div>\n<\/div>\n\n<\/div>","protected":false},"excerpt":{"rendered":"","protected":false},"author":12279,"featured_media":0,"parent":93008,"menu_order":0,"comment_status":"closed","ping_status":"closed","template":"template-action-area.php","meta":{"_acf_changed":true,"inline_featured_image":false,"footnotes":""},"class_list":["post-93309","page","type-page","status-publish","hentry"],"acf":[],"yoast_head":"<title>Transporte - SME Climate Hub<\/title>\n<meta name=\"robots\" content=\"index, follow, max-snippet:-1, max-image-preview:large, max-video-preview:-1\" \/>\n<link rel=\"canonical\" href=\"https:\/\/smeclimatehub.org\/pt-br\/espaco-de-acao\/transport\/\" \/>\n<meta property=\"og:locale\" content=\"pt_BR\" \/>\n<meta property=\"og:type\" content=\"article\" \/>\n<meta property=\"og:title\" content=\"Transporte - SME Climate Hub\" \/>\n<meta property=\"og:url\" content=\"https:\/\/smeclimatehub.org\/pt-br\/espaco-de-acao\/transport\/\" \/>\n<meta property=\"og:site_name\" content=\"SME Climate Hub\" \/>\n<meta property=\"article:modified_time\" content=\"2025-11-04T20:21:29+00:00\" \/>\n<meta property=\"og:image\" content=\"https:\/\/smeclimatehub.org\/wp-content\/uploads\/2024\/08\/Preview_four.png\" \/>\n\t<meta property=\"og:image:width\" content=\"2000\" \/>\n\t<meta property=\"og:image:height\" content=\"1124\" \/>\n\t<meta property=\"og:image:type\" content=\"image\/png\" \/>\n<meta name=\"twitter:card\" content=\"summary_large_image\" \/>\n<meta name=\"twitter:label1\" content=\"Est. reading time\" \/>\n\t<meta name=\"twitter:data1\" content=\"1 minuto\" \/>\n<script type=\"application\/ld+json\" class=\"yoast-schema-graph\">{\"@context\":\"https:\/\/schema.org\",\"@graph\":[{\"@type\":\"WebPage\",\"@id\":\"https:\/\/smeclimatehub.org\/pt-br\/espaco-de-acao\/transport\/\",\"url\":\"https:\/\/smeclimatehub.org\/pt-br\/espaco-de-acao\/transport\/\",\"name\":\"Transporte - SME Climate Hub\",\"isPartOf\":{\"@id\":\"https:\/\/businessclimatehub.org\/es\/#website\"},\"datePublished\":\"2024-10-07T15:29:21+00:00\",\"dateModified\":\"2025-11-04T20:21:29+00:00\",\"breadcrumb\":{\"@id\":\"https:\/\/smeclimatehub.org\/pt-br\/espaco-de-acao\/transport\/#breadcrumb\"},\"inLanguage\":\"pt-BR\",\"potentialAction\":[{\"@type\":\"ReadAction\",\"target\":[\"https:\/\/smeclimatehub.org\/pt-br\/espaco-de-acao\/transport\/\"]}]},{\"@type\":\"BreadcrumbList\",\"@id\":\"https:\/\/smeclimatehub.org\/pt-br\/espaco-de-acao\/transport\/#breadcrumb\",\"itemListElement\":[{\"@type\":\"ListItem\",\"position\":1,\"name\":\"Home\",\"item\":\"https:\/\/smeclimatehub.org\/pt-br\/\"},{\"@type\":\"ListItem\",\"position\":2,\"name\":\"Espa\u00e7o de a\u00e7\u00e3o\",\"item\":\"https:\/\/smeclimatehub.org\/pt-br\/espaco-de-acao\/\"},{\"@type\":\"ListItem\",\"position\":3,\"name\":\"Transporte\"}]},{\"@type\":\"WebSite\",\"@id\":\"https:\/\/businessclimatehub.org\/es\/#website\",\"url\":\"https:\/\/businessclimatehub.org\/es\/\",\"name\":\"SME Climate hub\",\"description\":\"\",\"publisher\":{\"@id\":\"https:\/\/businessclimatehub.org\/es\/#organization\"},\"potentialAction\":[{\"@type\":\"SearchAction\",\"target\":{\"@type\":\"EntryPoint\",\"urlTemplate\":\"https:\/\/businessclimatehub.org\/es\/?s={search_term_string}\"},\"query-input\":{\"@type\":\"PropertyValueSpecification\",\"valueRequired\":true,\"valueName\":\"search_term_string\"}}],\"inLanguage\":\"pt-BR\"},{\"@type\":\"Organization\",\"@id\":\"https:\/\/businessclimatehub.org\/es\/#organization\",\"name\":\"SME Climate hub\",\"url\":\"https:\/\/businessclimatehub.org\/es\/\",\"logo\":{\"@type\":\"ImageObject\",\"inLanguage\":\"pt-BR\",\"@id\":\"https:\/\/businessclimatehub.org\/es\/#\/schema\/logo\/image\/\",\"url\":\"https:\/\/smeclimatehub.org\/wp-content\/uploads\/2025\/03\/smeLogo-1.png\",\"contentUrl\":\"https:\/\/smeclimatehub.org\/wp-content\/uploads\/2025\/03\/smeLogo-1.png\",\"width\":465,\"height\":245,\"caption\":\"SME Climate hub\"},\"image\":{\"@id\":\"https:\/\/businessclimatehub.org\/es\/#\/schema\/logo\/image\/\"}}]}<\/script>","yoast_head_json":{"title":"Transporte - SME Climate Hub","robots":{"index":"index","follow":"follow","max-snippet":"max-snippet:-1","max-image-preview":"max-image-preview:large","max-video-preview":"max-video-preview:-1"},"canonical":"https:\/\/smeclimatehub.org\/pt-br\/espaco-de-acao\/transport\/","og_locale":"pt_BR","og_type":"article","og_title":"Transporte - SME Climate Hub","og_url":"https:\/\/smeclimatehub.org\/pt-br\/espaco-de-acao\/transport\/","og_site_name":"SME Climate Hub","article_modified_time":"2025-11-04T20:21:29+00:00","og_image":[{"width":2000,"height":1124,"url":"https:\/\/smeclimatehub.org\/wp-content\/uploads\/2024\/08\/Preview_four.png","type":"image\/png"}],"twitter_card":"summary_large_image","twitter_misc":{"Est. reading time":"1 minuto"},"schema":{"@context":"https:\/\/schema.org","@graph":[{"@type":"WebPage","@id":"https:\/\/smeclimatehub.org\/pt-br\/espaco-de-acao\/transport\/","url":"https:\/\/smeclimatehub.org\/pt-br\/espaco-de-acao\/transport\/","name":"Transporte - SME Climate Hub","isPartOf":{"@id":"https:\/\/businessclimatehub.org\/es\/#website"},"datePublished":"2024-10-07T15:29:21+00:00","dateModified":"2025-11-04T20:21:29+00:00","breadcrumb":{"@id":"https:\/\/smeclimatehub.org\/pt-br\/espaco-de-acao\/transport\/#breadcrumb"},"inLanguage":"pt-BR","potentialAction":[{"@type":"ReadAction","target":["https:\/\/smeclimatehub.org\/pt-br\/espaco-de-acao\/transport\/"]}]},{"@type":"BreadcrumbList","@id":"https:\/\/smeclimatehub.org\/pt-br\/espaco-de-acao\/transport\/#breadcrumb","itemListElement":[{"@type":"ListItem","position":1,"name":"Home","item":"https:\/\/smeclimatehub.org\/pt-br\/"},{"@type":"ListItem","position":2,"name":"Espa\u00e7o de a\u00e7\u00e3o","item":"https:\/\/smeclimatehub.org\/pt-br\/espaco-de-acao\/"},{"@type":"ListItem","position":3,"name":"Transporte"}]},{"@type":"WebSite","@id":"https:\/\/businessclimatehub.org\/es\/#website","url":"https:\/\/businessclimatehub.org\/es\/","name":"SME Climate hub","description":"","publisher":{"@id":"https:\/\/businessclimatehub.org\/es\/#organization"},"potentialAction":[{"@type":"SearchAction","target":{"@type":"EntryPoint","urlTemplate":"https:\/\/businessclimatehub.org\/es\/?s={search_term_string}"},"query-input":{"@type":"PropertyValueSpecification","valueRequired":true,"valueName":"search_term_string"}}],"inLanguage":"pt-BR"},{"@type":"Organization","@id":"https:\/\/businessclimatehub.org\/es\/#organization","name":"SME Climate hub","url":"https:\/\/businessclimatehub.org\/es\/","logo":{"@type":"ImageObject","inLanguage":"pt-BR","@id":"https:\/\/businessclimatehub.org\/es\/#\/schema\/logo\/image\/","url":"https:\/\/smeclimatehub.org\/wp-content\/uploads\/2025\/03\/smeLogo-1.png","contentUrl":"https:\/\/smeclimatehub.org\/wp-content\/uploads\/2025\/03\/smeLogo-1.png","width":465,"height":245,"caption":"SME Climate hub"},"image":{"@id":"https:\/\/businessclimatehub.org\/es\/#\/schema\/logo\/image\/"}}]}},"_links":{"self":[{"href":"https:\/\/smeclimatehub.org\/pt-br\/wp-json\/wp\/v2\/pages\/93309","targetHints":{"allow":["GET"]}}],"collection":[{"href":"https:\/\/smeclimatehub.org\/pt-br\/wp-json\/wp\/v2\/pages"}],"about":[{"href":"https:\/\/smeclimatehub.org\/pt-br\/wp-json\/wp\/v2\/types\/page"}],"author":[{"embeddable":true,"href":"https:\/\/smeclimatehub.org\/pt-br\/wp-json\/wp\/v2\/users\/12279"}],"replies":[{"embeddable":true,"href":"https:\/\/smeclimatehub.org\/pt-br\/wp-json\/wp\/v2\/comments?post=93309"}],"version-history":[{"count":0,"href":"https:\/\/smeclimatehub.org\/pt-br\/wp-json\/wp\/v2\/pages\/93309\/revisions"}],"up":[{"embeddable":true,"href":"https:\/\/smeclimatehub.org\/pt-br\/wp-json\/wp\/v2\/pages\/93008"}],"wp:attachment":[{"href":"https:\/\/smeclimatehub.org\/pt-br\/wp-json\/wp\/v2\/media?parent=93309"}],"curies":[{"name":"wp","href":"https:\/\/api.w.org\/{rel}","templated":true}]}}